{"id":18173,"date":"2020-08-26T11:31:56","date_gmt":"2020-08-26T09:31:56","guid":{"rendered":"https:\/\/ivr-ias.aretiswebseiten.ch\/news\/novita\/"},"modified":"2024-07-08T11:50:00","modified_gmt":"2024-07-08T09:50:00","slug":"novita","status":"publish","type":"page","link":"https:\/\/www.144.ch\/it\/news\/novita\/","title":{"rendered":"Novit\u00e0"},"content":{"rendered":"<div id='av_section_1'  class='avia-section av-q5lck3-30b414b2a230d5dc8a65aee36816fa14 main_color avia-section-huge avia-no-border-styling  avia-builder-el-0  avia-builder-el-no-sibling  avia-bg-style-scroll container_wrap fullsize'  ><div class='container av-section-cont-open' ><main  class='template-page content  av-content-full alpha units'><div class='post-entry post-entry-type-page post-entry-18173'><div class='entry-content-wrapper clearfix'>\n\n<style type=\"text\/css\" data-created_by=\"avia_inline_auto\" id=\"style-css-av-av_heading-03efa66a7fedb6343f4d07a1243cc189\">\n#top .av-special-heading.av-av_heading-03efa66a7fedb6343f4d07a1243cc189{\npadding-bottom:10px;\n}\nbody .av-special-heading.av-av_heading-03efa66a7fedb6343f4d07a1243cc189 .av-special-heading-tag .heading-char{\nfont-size:25px;\n}\n.av-special-heading.av-av_heading-03efa66a7fedb6343f4d07a1243cc189 .av-subheading{\nfont-size:15px;\n}\n<\/style>\n<div  class='av-special-heading av-av_heading-03efa66a7fedb6343f4d07a1243cc189 av-special-heading-h1 blockquote modern-quote modern-centered  avia-builder-el-1  el_before_av_hr  avia-builder-el-first  av-thin-font'><h1 class='av-special-heading-tag '  ><strong>News<\/strong> e attualit\u00e0 <\/h1><div class='av-subheading av-subheading_below'><p>Tutte le tematiche attuali<\/p>\n<\/div><div class=\"special-heading-border\"><div class=\"special-heading-inner-border\"><\/div><\/div><\/div>\n\n<style type=\"text\/css\" data-created_by=\"avia_inline_auto\" id=\"style-css-av-kb6hhq2e-5f01e2832e0fe7b037c5d305d08a713a\">\n#top .hr.av-kb6hhq2e-5f01e2832e0fe7b037c5d305d08a713a{\nmargin-top:30px;\nmargin-bottom:30px;\n}\n.hr.av-kb6hhq2e-5f01e2832e0fe7b037c5d305d08a713a .hr-inner{\nwidth:100px;\nborder-color:#0e0e0e;\nmax-width:45%;\n}\n.hr.av-kb6hhq2e-5f01e2832e0fe7b037c5d305d08a713a .av-seperator-icon{\ncolor:#0e0e0e;\n}\n.hr.av-kb6hhq2e-5f01e2832e0fe7b037c5d305d08a713a .av-seperator-icon.avia-svg-icon svg:first-child{\nfill:#0e0e0e;\nstroke:#0e0e0e;\n}\n<\/style>\n<div  class='hr av-kb6hhq2e-5f01e2832e0fe7b037c5d305d08a713a hr-custom  avia-builder-el-2  el_after_av_heading  el_before_av_one_full  hr-center hr-icon-yes'><span class='hr-inner inner-border-av-border-fat'><span class=\"hr-inner-style\"><\/span><\/span><span class='av-seperator-icon avia-iconfont avia-font-entypo-fontello' data-av_icon='\ue817' data-av_iconfont='entypo-fontello' ><\/span><span class='hr-inner inner-border-av-border-fat'><span class=\"hr-inner-style\"><\/span><\/span><\/div>\n\n<style type=\"text\/css\" data-created_by=\"avia_inline_auto\" id=\"style-css-av-kb6wq2hy-d61931e081426d3da9bd0527f7d391ca\">\n#top .flex_column.av-kb6wq2hy-d61931e081426d3da9bd0527f7d391ca{\nmargin-top:30px;\nmargin-bottom:0px;\n}\n.flex_column.av-kb6wq2hy-d61931e081426d3da9bd0527f7d391ca{\nborder-radius:0px 0px 0px 0px;\npadding:0px 0px 0px 0px;\n}\n.responsive #top #wrap_all .flex_column.av-kb6wq2hy-d61931e081426d3da9bd0527f7d391ca{\nmargin-top:30px;\nmargin-bottom:0px;\n}\n<\/style>\n<div  class='flex_column av-kb6wq2hy-d61931e081426d3da9bd0527f7d391ca av_one_full  avia-builder-el-3  el_after_av_hr  avia-builder-el-last  first flex_column_div av-animated-generic left-to-right av-zero-column-padding  '     ><div  class='av-alb-blogposts template-blog  av-blog-meta-author-disabled av-blog-meta-comments-disabled av-blog-meta-category-disabled av-blog-meta-tag-disabled ' ><article class=\"post-entry post-entry-type-standard post-entry-47155 post-loop-1 post-parity-odd single-small with-slider post-47155 post type-post status-publish format-standard has-post-thumbnail hentry category-news\" ><div class=\"blog-meta\"><a href='https:\/\/www.144.ch\/it\/informazione-attuale-sullapp-smedrix\/' class='small-preview'  title=\"News_Klinik&amp;Wissenschaft\"  ><img decoding=\"async\" loading=\"lazy\" width=\"180\" height=\"180\" src=\"https:\/\/www.144.ch\/wp-content\/uploads\/2021\/06\/News_KlinikWissenschaft-180x180.jpg\" class=\"wp-image-24879 avia-img-lazy-loading-24879 attachment-square size-square wp-post-image\" alt=\"\" srcset=\"https:\/\/www.144.ch\/wp-content\/uploads\/2021\/06\/News_KlinikWissenschaft-180x180.jpg 180w, https:\/\/www.144.ch\/wp-content\/uploads\/2021\/06\/News_KlinikWissenschaft-80x80.jpg 80w, https:\/\/www.144.ch\/wp-content\/uploads\/2021\/06\/News_KlinikWissenschaft-36x36.jpg 36w, https:\/\/www.144.ch\/wp-content\/uploads\/2021\/06\/News_KlinikWissenschaft-100x100.jpg 100w, https:\/\/www.144.ch\/wp-content\/uploads\/2021\/06\/News_KlinikWissenschaft-300x300.jpg 300w\" sizes=\"auto, (max-width: 180px) 100vw, 180px\" \/><span class='iconfont avia-svg-icon avia-font-svg_entypo-fontello' data-av_svg_icon='pencil' data-av_iconset='svg_entypo-fontello' ><svg version=\"1.1\" xmlns=\"http:\/\/www.w3.org\/2000\/svg\" width=\"25\" height=\"32\" viewBox=\"0 0 25 32\" preserveAspectRatio=\"xMidYMid meet\" role=\"graphics-symbol\" aria-hidden=\"true\">\n<path d=\"M22.976 5.44q1.024 1.024 1.504 2.048t0.48 1.536v0.512l-8.064 8.064-9.28 9.216-7.616 1.664 1.6-7.68 9.28-9.216 8.064-8.064q1.728-0.384 4.032 1.92zM7.168 25.92l0.768-0.768q-0.064-1.408-1.664-3.008-0.704-0.704-1.44-1.12t-1.12-0.416l-0.448-0.064-0.704 0.768-0.576 2.56q0.896 0.512 1.472 1.088 0.768 0.768 1.152 1.536z\"><\/path>\n<\/svg><\/span><\/a><\/div><div class='entry-content-wrapper clearfix standard-content'><header class=\"entry-content-header\" aria-label=\"Post: Informazione attuale sull\u2019app SMEDRIX\"><div class=\"av-heading-wrapper\"><h2 class='post-title entry-title ' ><a href=\"https:\/\/www.144.ch\/it\/informazione-attuale-sullapp-smedrix\/\" rel=\"bookmark\" title=\"Link Permanente: Informazione attuale sull\u2019app SMEDRIX\">Informazione attuale sull\u2019app SMEDRIX<span class=\"post-format-icon minor-meta\"><\/span><\/a><\/h2><span class=\"blog-categories minor-meta\"><a href=\"https:\/\/www.144.ch\/it\/category\/news\/\" rel=\"tag\">News<\/a><\/span><\/div><\/header><span class=\"av-vertical-delimiter\"><\/span><div class=\"entry-content\" ><p>L\u2019app SMEDRIX Basic non \u00e8 attualmente pi\u00f9 disponibile nell\u2019App Store e al momento non pu\u00f2 n\u00e9 essere scaricata n\u00e9 installata. La situazione \u00e8 dovuta alla conclusione della collaborazione con il nostro precedente partner IT alla fine dell\u2019anno. In tale contesto era previsto il ritiro dell\u2019app dagli store. A causa di un improvviso problema di salute [&hellip;]<\/p>\n<div class=\"read-more-link\"><a href=\"https:\/\/www.144.ch\/it\/informazione-attuale-sullapp-smedrix\/\" class=\"more-link\">Continua a leggere<span class='more-link-arrow avia-svg-icon avia-font-svg_entypo-fontello' data-av_svg_icon='right-open-big' data-av_iconset='svg_entypo-fontello'><svg version=\"1.1\" xmlns=\"http:\/\/www.w3.org\/2000\/svg\" width=\"15\" height=\"32\" viewBox=\"0 0 15 32\" preserveAspectRatio=\"xMidYMid meet\" role=\"graphics-symbol\" aria-hidden=\"true\">\n<path d=\"M0.416 27.84l11.456-11.84-11.456-11.904q-0.832-0.832 0-1.536 0.832-0.832 1.536 0l12.544 12.608q0.768 0.832 0 1.6l-12.544 12.608q-0.704 0.832-1.536 0-0.832-0.704 0-1.536z\"><\/path>\n<\/svg><\/span><\/a><\/div>\n<\/div><span class=\"post-meta-infos\"><time class=\"date-container minor-meta updated\" >27. Febbraio 2026<\/time><\/span><footer class=\"entry-footer\"><\/footer><div class='post_delimiter'><\/div><\/div><div class=\"post_author_timeline\"><\/div><\/article><article class=\"post-entry post-entry-type-standard post-entry-47040 post-loop-2 post-parity-even single-small with-slider post-47040 post type-post status-publish format-standard has-post-thumbnail hentry category-news\" ><div class=\"blog-meta\"><a href='https:\/\/www.144.ch\/it\/candidature-soluzione-di-settore-sst-per-il-soccorso-svizzero\/' class='small-preview'  title=\"RD_News\"  ><img decoding=\"async\" loading=\"lazy\" width=\"180\" height=\"180\" src=\"https:\/\/www.144.ch\/wp-content\/uploads\/2021\/11\/RD_News-1-180x180.jpg\" class=\"wp-image-26223 avia-img-lazy-loading-26223 attachment-square size-square wp-post-image\" alt=\"\" srcset=\"https:\/\/www.144.ch\/wp-content\/uploads\/2021\/11\/RD_News-1-180x180.jpg 180w, https:\/\/www.144.ch\/wp-content\/uploads\/2021\/11\/RD_News-1-80x80.jpg 80w, https:\/\/www.144.ch\/wp-content\/uploads\/2021\/11\/RD_News-1-36x36.jpg 36w, https:\/\/www.144.ch\/wp-content\/uploads\/2021\/11\/RD_News-1-100x100.jpg 100w, https:\/\/www.144.ch\/wp-content\/uploads\/2021\/11\/RD_News-1-300x300.jpg 300w\" sizes=\"auto, (max-width: 180px) 100vw, 180px\" \/><span class='iconfont avia-svg-icon avia-font-svg_entypo-fontello' data-av_svg_icon='pencil' data-av_iconset='svg_entypo-fontello' ><svg version=\"1.1\" xmlns=\"http:\/\/www.w3.org\/2000\/svg\" width=\"25\" height=\"32\" viewBox=\"0 0 25 32\" preserveAspectRatio=\"xMidYMid meet\" role=\"graphics-symbol\" aria-hidden=\"true\">\n<path d=\"M22.976 5.44q1.024 1.024 1.504 2.048t0.48 1.536v0.512l-8.064 8.064-9.28 9.216-7.616 1.664 1.6-7.68 9.28-9.216 8.064-8.064q1.728-0.384 4.032 1.92zM7.168 25.92l0.768-0.768q-0.064-1.408-1.664-3.008-0.704-0.704-1.44-1.12t-1.12-0.416l-0.448-0.064-0.704 0.768-0.576 2.56q0.896 0.512 1.472 1.088 0.768 0.768 1.152 1.536z\"><\/path>\n<\/svg><\/span><\/a><\/div><div class='entry-content-wrapper clearfix standard-content'><header class=\"entry-content-header\" aria-label=\"Post: Candidature &#8211; Soluzione di settore SST per il soccorso svizzero\"><div class=\"av-heading-wrapper\"><h2 class='post-title entry-title ' ><a href=\"https:\/\/www.144.ch\/it\/candidature-soluzione-di-settore-sst-per-il-soccorso-svizzero\/\" rel=\"bookmark\" title=\"Link Permanente: Candidature &#8211; Soluzione di settore SST per il soccorso svizzero\">Candidature &#8211; Soluzione di settore SST per il soccorso svizzero<span class=\"post-format-icon minor-meta\"><\/span><\/a><\/h2><span class=\"blog-categories minor-meta\"><a href=\"https:\/\/www.144.ch\/it\/category\/news\/\" rel=\"tag\">News<\/a><\/span><\/div><\/header><span class=\"av-vertical-delimiter\"><\/span><div class=\"entry-content\" ><p>Invito a presentare candidature \u2013 futuro comitato (soluzione di settore SST) per il soccorso svizzero. Desiderate contribuire a rafforzare la salute e la sicurezza sul lavoro nel settore e partecipare alla governance di una soluzione di settore nazionale? Cerchiamo candidature che garantiscano: parit\u00e0 tra datori di lavoro e dipendenti, rappresentanza delle regioni linguistiche e un [&hellip;]<\/p>\n<div class=\"read-more-link\"><a href=\"https:\/\/www.144.ch\/it\/candidature-soluzione-di-settore-sst-per-il-soccorso-svizzero\/\" class=\"more-link\">Continua a leggere<span class='more-link-arrow avia-svg-icon avia-font-svg_entypo-fontello' data-av_svg_icon='right-open-big' data-av_iconset='svg_entypo-fontello'><svg version=\"1.1\" xmlns=\"http:\/\/www.w3.org\/2000\/svg\" width=\"15\" height=\"32\" viewBox=\"0 0 15 32\" preserveAspectRatio=\"xMidYMid meet\" role=\"graphics-symbol\" aria-hidden=\"true\">\n<path d=\"M0.416 27.84l11.456-11.84-11.456-11.904q-0.832-0.832 0-1.536 0.832-0.832 1.536 0l12.544 12.608q0.768 0.832 0 1.6l-12.544 12.608q-0.704 0.832-1.536 0-0.832-0.704 0-1.536z\"><\/path>\n<\/svg><\/span><\/a><\/div>\n<\/div><span class=\"post-meta-infos\"><time class=\"date-container minor-meta updated\" >5. Febbraio 2026<\/time><\/span><footer class=\"entry-footer\"><\/footer><div class='post_delimiter'><\/div><\/div><div class=\"post_author_timeline\"><\/div><\/article><article class=\"post-entry post-entry-type-standard post-entry-46570 post-loop-3 post-parity-odd single-small with-slider post-46570 post type-post status-publish format-standard has-post-thumbnail hentry category-news\" ><div class=\"blog-meta\"><a href='https:\/\/www.144.ch\/it\/ausschreibung-des-kantonalen-rettungsdienstes-im-wallis\/' class='small-preview'  title=\"RD_News\"  ><img decoding=\"async\" loading=\"lazy\" width=\"180\" height=\"180\" src=\"https:\/\/www.144.ch\/wp-content\/uploads\/2021\/11\/RD_News-1-180x180.jpg\" class=\"wp-image-26223 avia-img-lazy-loading-26223 attachment-square size-square wp-post-image\" alt=\"\" srcset=\"https:\/\/www.144.ch\/wp-content\/uploads\/2021\/11\/RD_News-1-180x180.jpg 180w, https:\/\/www.144.ch\/wp-content\/uploads\/2021\/11\/RD_News-1-80x80.jpg 80w, https:\/\/www.144.ch\/wp-content\/uploads\/2021\/11\/RD_News-1-36x36.jpg 36w, https:\/\/www.144.ch\/wp-content\/uploads\/2021\/11\/RD_News-1-100x100.jpg 100w, https:\/\/www.144.ch\/wp-content\/uploads\/2021\/11\/RD_News-1-300x300.jpg 300w\" sizes=\"auto, (max-width: 180px) 100vw, 180px\" \/><span class='iconfont avia-svg-icon avia-font-svg_entypo-fontello' data-av_svg_icon='pencil' data-av_iconset='svg_entypo-fontello' ><svg version=\"1.1\" xmlns=\"http:\/\/www.w3.org\/2000\/svg\" width=\"25\" height=\"32\" viewBox=\"0 0 25 32\" preserveAspectRatio=\"xMidYMid meet\" role=\"graphics-symbol\" aria-hidden=\"true\">\n<path d=\"M22.976 5.44q1.024 1.024 1.504 2.048t0.48 1.536v0.512l-8.064 8.064-9.28 9.216-7.616 1.664 1.6-7.68 9.28-9.216 8.064-8.064q1.728-0.384 4.032 1.92zM7.168 25.92l0.768-0.768q-0.064-1.408-1.664-3.008-0.704-0.704-1.44-1.12t-1.12-0.416l-0.448-0.064-0.704 0.768-0.576 2.56q0.896 0.512 1.472 1.088 0.768 0.768 1.152 1.536z\"><\/path>\n<\/svg><\/span><\/a><\/div><div class='entry-content-wrapper clearfix standard-content'><header class=\"entry-content-header\" aria-label=\"Post: Messa a concorso del servizio cantonale di soccorso in Vallese\"><div class=\"av-heading-wrapper\"><h2 class='post-title entry-title ' ><a href=\"https:\/\/www.144.ch\/it\/ausschreibung-des-kantonalen-rettungsdienstes-im-wallis\/\" rel=\"bookmark\" title=\"Link Permanente: Messa a concorso del servizio cantonale di soccorso in Vallese\">Messa a concorso del servizio cantonale di soccorso in Vallese<span class=\"post-format-icon minor-meta\"><\/span><\/a><\/h2><span class=\"blog-categories minor-meta\"><a href=\"https:\/\/www.144.ch\/it\/category\/news\/\" rel=\"tag\">News<\/a><\/span><\/div><\/header><span class=\"av-vertical-delimiter\"><\/span><div class=\"entry-content\" ><p>La pianificazione del servizio di soccorso nel Canton Vallese \u00e8 stata approvata dal Consiglio di Stato. In questo contesto, il Cantone ha deciso di mettere a concorso l\u2019intero servizio cantonale di soccorso, conformemente alle basi legali. Il bando \u00e8 rivolto ai servizi in possesso dell&#8217;accreditamento IAS. Il bando sar\u00e0 consultabile sulla piattaforma SIMAP a partire [&hellip;]<\/p>\n<div class=\"read-more-link\"><a href=\"https:\/\/www.144.ch\/it\/ausschreibung-des-kantonalen-rettungsdienstes-im-wallis\/\" class=\"more-link\">Continua a leggere<span class='more-link-arrow avia-svg-icon avia-font-svg_entypo-fontello' data-av_svg_icon='right-open-big' data-av_iconset='svg_entypo-fontello'><svg version=\"1.1\" xmlns=\"http:\/\/www.w3.org\/2000\/svg\" width=\"15\" height=\"32\" viewBox=\"0 0 15 32\" preserveAspectRatio=\"xMidYMid meet\" role=\"graphics-symbol\" aria-hidden=\"true\">\n<path d=\"M0.416 27.84l11.456-11.84-11.456-11.904q-0.832-0.832 0-1.536 0.832-0.832 1.536 0l12.544 12.608q0.768 0.832 0 1.6l-12.544 12.608q-0.704 0.832-1.536 0-0.832-0.704 0-1.536z\"><\/path>\n<\/svg><\/span><\/a><\/div>\n<\/div><span class=\"post-meta-infos\"><time class=\"date-container minor-meta updated\" >14. Novembre 2025<\/time><\/span><footer class=\"entry-footer\"><\/footer><div class='post_delimiter'><\/div><\/div><div class=\"post_author_timeline\"><\/div><\/article><article class=\"post-entry post-entry-type-standard post-entry-46248 post-loop-4 post-parity-even single-small with-slider post-46248 post type-post status-publish format-standard has-post-thumbnail hentry category-news\" ><div class=\"blog-meta\"><a href='https:\/\/www.144.ch\/it\/swissreca-jahresbericht-2024\/' class='small-preview'  title=\"swissreca_news\"  ><img decoding=\"async\" loading=\"lazy\" width=\"180\" height=\"180\" src=\"https:\/\/www.144.ch\/wp-content\/uploads\/2023\/03\/swissreca_news-180x180.jpg\" class=\"wp-image-33949 avia-img-lazy-loading-33949 attachment-square size-square wp-post-image\" alt=\"\" srcset=\"https:\/\/www.144.ch\/wp-content\/uploads\/2023\/03\/swissreca_news-180x180.jpg 180w, https:\/\/www.144.ch\/wp-content\/uploads\/2023\/03\/swissreca_news-80x80.jpg 80w, https:\/\/www.144.ch\/wp-content\/uploads\/2023\/03\/swissreca_news-36x36.jpg 36w, https:\/\/www.144.ch\/wp-content\/uploads\/2023\/03\/swissreca_news-120x120.jpg 120w, https:\/\/www.144.ch\/wp-content\/uploads\/2023\/03\/swissreca_news-450x450.jpg 450w, https:\/\/www.144.ch\/wp-content\/uploads\/2023\/03\/swissreca_news-300x300.jpg 300w, https:\/\/www.144.ch\/wp-content\/uploads\/2023\/03\/swissreca_news-100x100.jpg 100w\" sizes=\"auto, (max-width: 180px) 100vw, 180px\" \/><span class='iconfont avia-svg-icon avia-font-svg_entypo-fontello' data-av_svg_icon='pencil' data-av_iconset='svg_entypo-fontello' ><svg version=\"1.1\" xmlns=\"http:\/\/www.w3.org\/2000\/svg\" width=\"25\" height=\"32\" viewBox=\"0 0 25 32\" preserveAspectRatio=\"xMidYMid meet\" role=\"graphics-symbol\" aria-hidden=\"true\">\n<path d=\"M22.976 5.44q1.024 1.024 1.504 2.048t0.48 1.536v0.512l-8.064 8.064-9.28 9.216-7.616 1.664 1.6-7.68 9.28-9.216 8.064-8.064q1.728-0.384 4.032 1.92zM7.168 25.92l0.768-0.768q-0.064-1.408-1.664-3.008-0.704-0.704-1.44-1.12t-1.12-0.416l-0.448-0.064-0.704 0.768-0.576 2.56q0.896 0.512 1.472 1.088 0.768 0.768 1.152 1.536z\"><\/path>\n<\/svg><\/span><\/a><\/div><div class='entry-content-wrapper clearfix standard-content'><header class=\"entry-content-header\" aria-label=\"Post: Rapporto annuale 2024 di SWISSRECA\"><div class=\"av-heading-wrapper\"><h2 class='post-title entry-title ' ><a href=\"https:\/\/www.144.ch\/it\/swissreca-jahresbericht-2024\/\" rel=\"bookmark\" title=\"Link Permanente: Rapporto annuale 2024 di SWISSRECA\">Rapporto annuale 2024 di SWISSRECA<span class=\"post-format-icon minor-meta\"><\/span><\/a><\/h2><span class=\"blog-categories minor-meta\"><a href=\"https:\/\/www.144.ch\/it\/category\/news\/\" rel=\"tag\">News<\/a><\/span><\/div><\/header><span class=\"av-vertical-delimiter\"><\/span><div class=\"entry-content\" ><p>Siamo lieti di presentare il rapporto annuale 2024 di SWISSRECA. Nell\u2019ambito dell\u2019analisi sono stati valutati e contestualizzati 7\u2019567 arresti cardiaci extraospedalieri (OHCA) con il coinvolgimento dei servizi di soccorso svizzeri. I principali risultati sono riassunti in modo chiaro nell\u2019ultima pagina.<\/p>\n<div class=\"read-more-link\"><a href=\"https:\/\/www.144.ch\/it\/swissreca-jahresbericht-2024\/\" class=\"more-link\">Continua a leggere<span class='more-link-arrow avia-svg-icon avia-font-svg_entypo-fontello' data-av_svg_icon='right-open-big' data-av_iconset='svg_entypo-fontello'><svg version=\"1.1\" xmlns=\"http:\/\/www.w3.org\/2000\/svg\" width=\"15\" height=\"32\" viewBox=\"0 0 15 32\" preserveAspectRatio=\"xMidYMid meet\" role=\"graphics-symbol\" aria-hidden=\"true\">\n<path d=\"M0.416 27.84l11.456-11.84-11.456-11.904q-0.832-0.832 0-1.536 0.832-0.832 1.536 0l12.544 12.608q0.768 0.832 0 1.6l-12.544 12.608q-0.704 0.832-1.536 0-0.832-0.704 0-1.536z\"><\/path>\n<\/svg><\/span><\/a><\/div>\n<\/div><span class=\"post-meta-infos\"><time class=\"date-container minor-meta updated\" >15. Ottobre 2025<\/time><\/span><footer class=\"entry-footer\"><\/footer><div class='post_delimiter'><\/div><\/div><div class=\"post_author_timeline\"><\/div><\/article><article class=\"post-entry post-entry-type-standard post-entry-45705 post-loop-5 post-parity-odd single-small with-slider post-45705 post type-post status-publish format-standard has-post-thumbnail hentry category-news\" ><div class=\"blog-meta\"><a href='https:\/\/www.144.ch\/it\/ivr-plattform-18-09-2025\/' class='small-preview'  title=\"news_ivr\"  ><img decoding=\"async\" loading=\"lazy\" width=\"180\" height=\"180\" src=\"https:\/\/www.144.ch\/wp-content\/uploads\/2022\/05\/news_ivr-180x180.png\" class=\"wp-image-29899 avia-img-lazy-loading-29899 attachment-square size-square wp-post-image\" alt=\"\" srcset=\"https:\/\/www.144.ch\/wp-content\/uploads\/2022\/05\/news_ivr-180x180.png 180w, https:\/\/www.144.ch\/wp-content\/uploads\/2022\/05\/news_ivr-80x80.png 80w, https:\/\/www.144.ch\/wp-content\/uploads\/2022\/05\/news_ivr-36x36.png 36w, https:\/\/www.144.ch\/wp-content\/uploads\/2022\/05\/news_ivr-100x100.png 100w, https:\/\/www.144.ch\/wp-content\/uploads\/2022\/05\/news_ivr-300x300.png 300w\" sizes=\"auto, (max-width: 180px) 100vw, 180px\" \/><span class='iconfont avia-svg-icon avia-font-svg_entypo-fontello' data-av_svg_icon='pencil' data-av_iconset='svg_entypo-fontello' ><svg version=\"1.1\" xmlns=\"http:\/\/www.w3.org\/2000\/svg\" width=\"25\" height=\"32\" viewBox=\"0 0 25 32\" preserveAspectRatio=\"xMidYMid meet\" role=\"graphics-symbol\" aria-hidden=\"true\">\n<path d=\"M22.976 5.44q1.024 1.024 1.504 2.048t0.48 1.536v0.512l-8.064 8.064-9.28 9.216-7.616 1.664 1.6-7.68 9.28-9.216 8.064-8.064q1.728-0.384 4.032 1.92zM7.168 25.92l0.768-0.768q-0.064-1.408-1.664-3.008-0.704-0.704-1.44-1.12t-1.12-0.416l-0.448-0.064-0.704 0.768-0.576 2.56q0.896 0.512 1.472 1.088 0.768 0.768 1.152 1.536z\"><\/path>\n<\/svg><\/span><\/a><\/div><div class='entry-content-wrapper clearfix standard-content'><header class=\"entry-content-header\" aria-label=\"Post: Piattaforma IAS 18.09.2025\"><div class=\"av-heading-wrapper\"><h2 class='post-title entry-title ' ><a href=\"https:\/\/www.144.ch\/it\/ivr-plattform-18-09-2025\/\" rel=\"bookmark\" title=\"Link Permanente: Piattaforma IAS 18.09.2025\">Piattaforma IAS 18.09.2025<span class=\"post-format-icon minor-meta\"><\/span><\/a><\/h2><span class=\"blog-categories minor-meta\"><a href=\"https:\/\/www.144.ch\/it\/category\/news\/\" rel=\"tag\">News<\/a><\/span><\/div><\/header><span class=\"av-vertical-delimiter\"><\/span><div class=\"entry-content\" ><p>Una volta all\u2019anno organizziamo la piattaforma IAS per offrire alle figure dirigenziali delle organizzazioni del sistema sanitario preospedaliero, cos\u00ec come alle rappresentanti e ai rappresentanti dei Cantoni, la possibilit\u00e0 di confrontarsi su temi strategici attuali dell\u2019ambito preospedaliero dell\u2019emergenza. La sala eventi dello Switzerland Innovation Park Biel\/Bienne SA era, con nostra soddisfazione, al completo. Le partecipanti [&hellip;]<\/p>\n<div class=\"read-more-link\"><a href=\"https:\/\/www.144.ch\/it\/ivr-plattform-18-09-2025\/\" class=\"more-link\">Continua a leggere<span class='more-link-arrow avia-svg-icon avia-font-svg_entypo-fontello' data-av_svg_icon='right-open-big' data-av_iconset='svg_entypo-fontello'><svg version=\"1.1\" xmlns=\"http:\/\/www.w3.org\/2000\/svg\" width=\"15\" height=\"32\" viewBox=\"0 0 15 32\" preserveAspectRatio=\"xMidYMid meet\" role=\"graphics-symbol\" aria-hidden=\"true\">\n<path d=\"M0.416 27.84l11.456-11.84-11.456-11.904q-0.832-0.832 0-1.536 0.832-0.832 1.536 0l12.544 12.608q0.768 0.832 0 1.6l-12.544 12.608q-0.704 0.832-1.536 0-0.832-0.704 0-1.536z\"><\/path>\n<\/svg><\/span><\/a><\/div>\n<\/div><span class=\"post-meta-infos\"><time class=\"date-container minor-meta updated\" >19. Settembre 2025<\/time><\/span><footer class=\"entry-footer\"><\/footer><div class='post_delimiter'><\/div><\/div><div class=\"post_author_timeline\"><\/div><\/article><article class=\"post-entry post-entry-type-standard post-entry-44576 post-loop-6 post-parity-even single-small with-slider post-44576 post type-post status-publish format-standard has-post-thumbnail hentry category-news\" ><div class=\"blog-meta\"><a href='https:\/\/www.144.ch\/it\/rueckblick-auf-die-mitgliederversammlung-in-lugano\/' class='small-preview'  title=\"news_ivr\"  ><img decoding=\"async\" loading=\"lazy\" width=\"180\" height=\"180\" src=\"https:\/\/www.144.ch\/wp-content\/uploads\/2022\/05\/news_ivr-180x180.png\" class=\"wp-image-29899 avia-img-lazy-loading-29899 attachment-square size-square wp-post-image\" alt=\"\" srcset=\"https:\/\/www.144.ch\/wp-content\/uploads\/2022\/05\/news_ivr-180x180.png 180w, https:\/\/www.144.ch\/wp-content\/uploads\/2022\/05\/news_ivr-80x80.png 80w, https:\/\/www.144.ch\/wp-content\/uploads\/2022\/05\/news_ivr-36x36.png 36w, https:\/\/www.144.ch\/wp-content\/uploads\/2022\/05\/news_ivr-100x100.png 100w, https:\/\/www.144.ch\/wp-content\/uploads\/2022\/05\/news_ivr-300x300.png 300w\" sizes=\"auto, (max-width: 180px) 100vw, 180px\" \/><span class='iconfont avia-svg-icon avia-font-svg_entypo-fontello' data-av_svg_icon='pencil' data-av_iconset='svg_entypo-fontello' ><svg version=\"1.1\" xmlns=\"http:\/\/www.w3.org\/2000\/svg\" width=\"25\" height=\"32\" viewBox=\"0 0 25 32\" preserveAspectRatio=\"xMidYMid meet\" role=\"graphics-symbol\" aria-hidden=\"true\">\n<path d=\"M22.976 5.44q1.024 1.024 1.504 2.048t0.48 1.536v0.512l-8.064 8.064-9.28 9.216-7.616 1.664 1.6-7.68 9.28-9.216 8.064-8.064q1.728-0.384 4.032 1.92zM7.168 25.92l0.768-0.768q-0.064-1.408-1.664-3.008-0.704-0.704-1.44-1.12t-1.12-0.416l-0.448-0.064-0.704 0.768-0.576 2.56q0.896 0.512 1.472 1.088 0.768 0.768 1.152 1.536z\"><\/path>\n<\/svg><\/span><\/a><\/div><div class='entry-content-wrapper clearfix standard-content'><header class=\"entry-content-header\" aria-label=\"Post: Resoconto dell\u2019assemblea generale a Lugano\"><div class=\"av-heading-wrapper\"><h2 class='post-title entry-title ' ><a href=\"https:\/\/www.144.ch\/it\/rueckblick-auf-die-mitgliederversammlung-in-lugano\/\" rel=\"bookmark\" title=\"Link Permanente: Resoconto dell\u2019assemblea generale a Lugano\">Resoconto dell\u2019assemblea generale a Lugano<span class=\"post-format-icon minor-meta\"><\/span><\/a><\/h2><span class=\"blog-categories minor-meta\"><a href=\"https:\/\/www.144.ch\/it\/category\/news\/\" rel=\"tag\">News<\/a><\/span><\/div><\/header><span class=\"av-vertical-delimiter\"><\/span><div class=\"entry-content\" ><div class=\"read-more-link\"><a href=\"https:\/\/www.144.ch\/it\/rueckblick-auf-die-mitgliederversammlung-in-lugano\/\" class=\"more-link\">Continua a leggere<span class='more-link-arrow avia-svg-icon avia-font-svg_entypo-fontello' data-av_svg_icon='right-open-big' data-av_iconset='svg_entypo-fontello'><svg version=\"1.1\" xmlns=\"http:\/\/www.w3.org\/2000\/svg\" width=\"15\" height=\"32\" viewBox=\"0 0 15 32\" preserveAspectRatio=\"xMidYMid meet\" role=\"graphics-symbol\" aria-hidden=\"true\">\n<path d=\"M0.416 27.84l11.456-11.84-11.456-11.904q-0.832-0.832 0-1.536 0.832-0.832 1.536 0l12.544 12.608q0.768 0.832 0 1.6l-12.544 12.608q-0.704 0.832-1.536 0-0.832-0.704 0-1.536z\"><\/path>\n<\/svg><\/span><\/a><\/div>\n<\/div><span class=\"post-meta-infos\"><time class=\"date-container minor-meta updated\" >21. Maggio 2025<\/time><\/span><footer class=\"entry-footer\"><\/footer><div class='post_delimiter'><\/div><\/div><div class=\"post_author_timeline\"><\/div><\/article><article class=\"post-entry post-entry-type-standard post-entry-42807 post-loop-7 post-parity-odd single-small with-slider post-42807 post type-post status-publish format-standard has-post-thumbnail hentry category-news\" ><div class=\"blog-meta\"><a href='https:\/\/www.144.ch\/it\/swissreca-jahresbericht-2023\/' class='small-preview'  title=\"swissreca_news\"  ><img decoding=\"async\" loading=\"lazy\" width=\"180\" height=\"180\" src=\"https:\/\/www.144.ch\/wp-content\/uploads\/2023\/03\/swissreca_news-180x180.jpg\" class=\"wp-image-33949 avia-img-lazy-loading-33949 attachment-square size-square wp-post-image\" alt=\"\" srcset=\"https:\/\/www.144.ch\/wp-content\/uploads\/2023\/03\/swissreca_news-180x180.jpg 180w, https:\/\/www.144.ch\/wp-content\/uploads\/2023\/03\/swissreca_news-80x80.jpg 80w, https:\/\/www.144.ch\/wp-content\/uploads\/2023\/03\/swissreca_news-36x36.jpg 36w, https:\/\/www.144.ch\/wp-content\/uploads\/2023\/03\/swissreca_news-120x120.jpg 120w, https:\/\/www.144.ch\/wp-content\/uploads\/2023\/03\/swissreca_news-450x450.jpg 450w, https:\/\/www.144.ch\/wp-content\/uploads\/2023\/03\/swissreca_news-300x300.jpg 300w, https:\/\/www.144.ch\/wp-content\/uploads\/2023\/03\/swissreca_news-100x100.jpg 100w\" sizes=\"auto, (max-width: 180px) 100vw, 180px\" \/><span class='iconfont avia-svg-icon avia-font-svg_entypo-fontello' data-av_svg_icon='pencil' data-av_iconset='svg_entypo-fontello' ><svg version=\"1.1\" xmlns=\"http:\/\/www.w3.org\/2000\/svg\" width=\"25\" height=\"32\" viewBox=\"0 0 25 32\" preserveAspectRatio=\"xMidYMid meet\" role=\"graphics-symbol\" aria-hidden=\"true\">\n<path d=\"M22.976 5.44q1.024 1.024 1.504 2.048t0.48 1.536v0.512l-8.064 8.064-9.28 9.216-7.616 1.664 1.6-7.68 9.28-9.216 8.064-8.064q1.728-0.384 4.032 1.92zM7.168 25.92l0.768-0.768q-0.064-1.408-1.664-3.008-0.704-0.704-1.44-1.12t-1.12-0.416l-0.448-0.064-0.704 0.768-0.576 2.56q0.896 0.512 1.472 1.088 0.768 0.768 1.152 1.536z\"><\/path>\n<\/svg><\/span><\/a><\/div><div class='entry-content-wrapper clearfix standard-content'><header class=\"entry-content-header\" aria-label=\"Post: Pubblicazione del rapporto annuale SWISSRECA 2023\"><div class=\"av-heading-wrapper\"><h2 class='post-title entry-title ' ><a href=\"https:\/\/www.144.ch\/it\/swissreca-jahresbericht-2023\/\" rel=\"bookmark\" title=\"Link Permanente: Pubblicazione del rapporto annuale SWISSRECA 2023\">Pubblicazione del rapporto annuale SWISSRECA 2023<span class=\"post-format-icon minor-meta\"><\/span><\/a><\/h2><span class=\"blog-categories minor-meta\"><a href=\"https:\/\/www.144.ch\/it\/category\/news\/\" rel=\"tag\">News<\/a><\/span><\/div><\/header><span class=\"av-vertical-delimiter\"><\/span><div class=\"entry-content\" ><p>\u00c8 con piacere che mettiamo a disposizione il rapporto annuale SWISSRECA 2022. Sono stati analizzati 7&#8217;207 OHCA che hanno coinvolto i servizi di soccorso svizzeri. Nell&#8217;ultima pagina troverete una chiara presentazione dei risultati pi\u00f9 importanti. Rapporto annuale 2023<\/p>\n<div class=\"read-more-link\"><a href=\"https:\/\/www.144.ch\/it\/swissreca-jahresbericht-2023\/\" class=\"more-link\">Continua a leggere<span class='more-link-arrow avia-svg-icon avia-font-svg_entypo-fontello' data-av_svg_icon='right-open-big' data-av_iconset='svg_entypo-fontello'><svg version=\"1.1\" xmlns=\"http:\/\/www.w3.org\/2000\/svg\" width=\"15\" height=\"32\" viewBox=\"0 0 15 32\" preserveAspectRatio=\"xMidYMid meet\" role=\"graphics-symbol\" aria-hidden=\"true\">\n<path d=\"M0.416 27.84l11.456-11.84-11.456-11.904q-0.832-0.832 0-1.536 0.832-0.832 1.536 0l12.544 12.608q0.768 0.832 0 1.6l-12.544 12.608q-0.704 0.832-1.536 0-0.832-0.704 0-1.536z\"><\/path>\n<\/svg><\/span><\/a><\/div>\n<\/div><span class=\"post-meta-infos\"><time class=\"date-container minor-meta updated\" >15. Ottobre 2024<\/time><\/span><footer class=\"entry-footer\"><\/footer><div class='post_delimiter'><\/div><\/div><div class=\"post_author_timeline\"><\/div><\/article><article class=\"post-entry post-entry-type-standard post-entry-42293 post-loop-8 post-parity-even single-small with-slider post-42293 post type-post status-publish format-standard has-post-thumbnail hentry category-news\" ><div class=\"blog-meta\"><a href='https:\/\/www.144.ch\/it\/kennzahlen-rettungswesen-2023\/' class='small-preview'  title=\"wirkungsmesseung_news\"  ><img decoding=\"async\" loading=\"lazy\" width=\"180\" height=\"180\" src=\"https:\/\/www.144.ch\/wp-content\/uploads\/2023\/03\/wirkungsmesseung_news-180x180.jpg\" class=\"wp-image-33952 avia-img-lazy-loading-33952 attachment-square size-square wp-post-image\" alt=\"\" srcset=\"https:\/\/www.144.ch\/wp-content\/uploads\/2023\/03\/wirkungsmesseung_news-180x180.jpg 180w, https:\/\/www.144.ch\/wp-content\/uploads\/2023\/03\/wirkungsmesseung_news-80x80.jpg 80w, https:\/\/www.144.ch\/wp-content\/uploads\/2023\/03\/wirkungsmesseung_news-36x36.jpg 36w, https:\/\/www.144.ch\/wp-content\/uploads\/2023\/03\/wirkungsmesseung_news-120x120.jpg 120w, https:\/\/www.144.ch\/wp-content\/uploads\/2023\/03\/wirkungsmesseung_news-450x450.jpg 450w, https:\/\/www.144.ch\/wp-content\/uploads\/2023\/03\/wirkungsmesseung_news-300x300.jpg 300w, https:\/\/www.144.ch\/wp-content\/uploads\/2023\/03\/wirkungsmesseung_news-100x100.jpg 100w\" sizes=\"auto, (max-width: 180px) 100vw, 180px\" \/><span class='iconfont avia-svg-icon avia-font-svg_entypo-fontello' data-av_svg_icon='pencil' data-av_iconset='svg_entypo-fontello' ><svg version=\"1.1\" xmlns=\"http:\/\/www.w3.org\/2000\/svg\" width=\"25\" height=\"32\" viewBox=\"0 0 25 32\" preserveAspectRatio=\"xMidYMid meet\" role=\"graphics-symbol\" aria-hidden=\"true\">\n<path d=\"M22.976 5.44q1.024 1.024 1.504 2.048t0.48 1.536v0.512l-8.064 8.064-9.28 9.216-7.616 1.664 1.6-7.68 9.28-9.216 8.064-8.064q1.728-0.384 4.032 1.92zM7.168 25.92l0.768-0.768q-0.064-1.408-1.664-3.008-0.704-0.704-1.44-1.12t-1.12-0.416l-0.448-0.064-0.704 0.768-0.576 2.56q0.896 0.512 1.472 1.088 0.768 0.768 1.152 1.536z\"><\/path>\n<\/svg><\/span><\/a><\/div><div class='entry-content-wrapper clearfix standard-content'><header class=\"entry-content-header\" aria-label=\"Post: Cifre chiave dei servizi di soccorso 2023\"><div class=\"av-heading-wrapper\"><h2 class='post-title entry-title ' ><a href=\"https:\/\/www.144.ch\/it\/kennzahlen-rettungswesen-2023\/\" rel=\"bookmark\" title=\"Link Permanente: Cifre chiave dei servizi di soccorso 2023\">Cifre chiave dei servizi di soccorso 2023<span class=\"post-format-icon minor-meta\"><\/span><\/a><\/h2><span class=\"blog-categories minor-meta\"><a href=\"https:\/\/www.144.ch\/it\/category\/news\/\" rel=\"tag\">News<\/a><\/span><\/div><\/header><span class=\"av-vertical-delimiter\"><\/span><div class=\"entry-content\" ><p>L&#8217;IAS raccoglie cifre chiave strutturate dei servizi di soccorso svizzeri dal 2023. In una prima fase sono stati raccolti soprattutto dati strutturali, presentati qui in forma di estratti.<\/p>\n<div class=\"read-more-link\"><a href=\"https:\/\/www.144.ch\/it\/kennzahlen-rettungswesen-2023\/\" class=\"more-link\">Continua a leggere<span class='more-link-arrow avia-svg-icon avia-font-svg_entypo-fontello' data-av_svg_icon='right-open-big' data-av_iconset='svg_entypo-fontello'><svg version=\"1.1\" xmlns=\"http:\/\/www.w3.org\/2000\/svg\" width=\"15\" height=\"32\" viewBox=\"0 0 15 32\" preserveAspectRatio=\"xMidYMid meet\" role=\"graphics-symbol\" aria-hidden=\"true\">\n<path d=\"M0.416 27.84l11.456-11.84-11.456-11.904q-0.832-0.832 0-1.536 0.832-0.832 1.536 0l12.544 12.608q0.768 0.832 0 1.6l-12.544 12.608q-0.704 0.832-1.536 0-0.832-0.704 0-1.536z\"><\/path>\n<\/svg><\/span><\/a><\/div>\n<\/div><span class=\"post-meta-infos\"><time class=\"date-container minor-meta updated\" >22. Agosto 2024<\/time><\/span><footer class=\"entry-footer\"><\/footer><div class='post_delimiter'><\/div><\/div><div class=\"post_author_timeline\"><\/div><\/article><article class=\"post-entry post-entry-type-standard post-entry-41917 post-loop-9 post-parity-odd single-small with-slider post-41917 post type-post status-publish format-standard has-post-thumbnail hentry category-news\" ><div class=\"blog-meta\"><a href='https:\/\/www.144.ch\/it\/informationen-des-steuerungsausschuss-der-organisation-notrufe-schweiz-zum-thema-kommunikation-der-europaeischen-notrufnummer-112\/' class='small-preview'  title=\"144news\"  ><img decoding=\"async\" loading=\"lazy\" width=\"180\" height=\"180\" src=\"https:\/\/www.144.ch\/wp-content\/uploads\/2021\/07\/144news-180x180.jpg\" class=\"wp-image-25220 avia-img-lazy-loading-25220 attachment-square size-square wp-post-image\" alt=\"\" srcset=\"https:\/\/www.144.ch\/wp-content\/uploads\/2021\/07\/144news-180x180.jpg 180w, https:\/\/www.144.ch\/wp-content\/uploads\/2021\/07\/144news-80x80.jpg 80w, https:\/\/www.144.ch\/wp-content\/uploads\/2021\/07\/144news-36x36.jpg 36w, https:\/\/www.144.ch\/wp-content\/uploads\/2021\/07\/144news-100x100.jpg 100w, https:\/\/www.144.ch\/wp-content\/uploads\/2021\/07\/144news-300x300.jpg 300w\" sizes=\"auto, (max-width: 180px) 100vw, 180px\" \/><span class='iconfont avia-svg-icon avia-font-svg_entypo-fontello' data-av_svg_icon='pencil' data-av_iconset='svg_entypo-fontello' ><svg version=\"1.1\" xmlns=\"http:\/\/www.w3.org\/2000\/svg\" width=\"25\" height=\"32\" viewBox=\"0 0 25 32\" preserveAspectRatio=\"xMidYMid meet\" role=\"graphics-symbol\" aria-hidden=\"true\">\n<path d=\"M22.976 5.44q1.024 1.024 1.504 2.048t0.48 1.536v0.512l-8.064 8.064-9.28 9.216-7.616 1.664 1.6-7.68 9.28-9.216 8.064-8.064q1.728-0.384 4.032 1.92zM7.168 25.92l0.768-0.768q-0.064-1.408-1.664-3.008-0.704-0.704-1.44-1.12t-1.12-0.416l-0.448-0.064-0.704 0.768-0.576 2.56q0.896 0.512 1.472 1.088 0.768 0.768 1.152 1.536z\"><\/path>\n<\/svg><\/span><\/a><\/div><div class='entry-content-wrapper clearfix standard-content'><header class=\"entry-content-header\" aria-label=\"Post: Informazioni del Comitato direttivo dell\u2019Organizzazione svizzera delle chiamate di emergenza\"><div class=\"av-heading-wrapper\"><h2 class='post-title entry-title ' ><a href=\"https:\/\/www.144.ch\/it\/informationen-des-steuerungsausschuss-der-organisation-notrufe-schweiz-zum-thema-kommunikation-der-europaeischen-notrufnummer-112\/\" rel=\"bookmark\" title=\"Link Permanente: Informazioni del Comitato direttivo dell\u2019Organizzazione svizzera delle chiamate di emergenza\">Informazioni del Comitato direttivo dell\u2019Organizzazione svizzera delle chiamate di emergenza<span class=\"post-format-icon minor-meta\"><\/span><\/a><\/h2><span class=\"blog-categories minor-meta\"><a href=\"https:\/\/www.144.ch\/it\/category\/news\/\" rel=\"tag\">News<\/a><\/span><\/div><\/header><span class=\"av-vertical-delimiter\"><\/span><div class=\"entry-content\" ><p>Si discute sempre sul perch\u00e9 in Svizzera e nei Paesi europei esistano altri numeri di emergenza oltre al 112 (numero di emergenza europeo). In Svizzera si tratta del 117 per la polizia, del 118 per i vigili del fuoco e del 144 per il servizio di soccorso.<\/p>\n<div class=\"read-more-link\"><a href=\"https:\/\/www.144.ch\/it\/informationen-des-steuerungsausschuss-der-organisation-notrufe-schweiz-zum-thema-kommunikation-der-europaeischen-notrufnummer-112\/\" class=\"more-link\">Continua a leggere<span class='more-link-arrow avia-svg-icon avia-font-svg_entypo-fontello' data-av_svg_icon='right-open-big' data-av_iconset='svg_entypo-fontello'><svg version=\"1.1\" xmlns=\"http:\/\/www.w3.org\/2000\/svg\" width=\"15\" height=\"32\" viewBox=\"0 0 15 32\" preserveAspectRatio=\"xMidYMid meet\" role=\"graphics-symbol\" aria-hidden=\"true\">\n<path d=\"M0.416 27.84l11.456-11.84-11.456-11.904q-0.832-0.832 0-1.536 0.832-0.832 1.536 0l12.544 12.608q0.768 0.832 0 1.6l-12.544 12.608q-0.704 0.832-1.536 0-0.832-0.704 0-1.536z\"><\/path>\n<\/svg><\/span><\/a><\/div>\n<\/div><span class=\"post-meta-infos\"><time class=\"date-container minor-meta updated\" >18. Luglio 2024<\/time><\/span><footer class=\"entry-footer\"><\/footer><div class='post_delimiter'><\/div><\/div><div class=\"post_author_timeline\"><\/div><\/article><article class=\"post-entry post-entry-type-standard post-entry-40997 post-loop-10 post-parity-even single-small with-slider post-40997 post type-post status-publish format-standard has-post-thumbnail hentry category-news\" ><div class=\"blog-meta\"><a href='https:\/\/www.144.ch\/it\/berufsverbleibstudie-dipl-rettungssanitaeterinnen-dipl-rettungssanitaeter-hf\/' class='small-preview'  title=\"wirkungsmesseung_news\"  ><img decoding=\"async\" loading=\"lazy\" width=\"180\" height=\"180\" src=\"https:\/\/www.144.ch\/wp-content\/uploads\/2023\/03\/wirkungsmesseung_news-180x180.jpg\" class=\"wp-image-33952 avia-img-lazy-loading-33952 attachment-square size-square wp-post-image\" alt=\"\" srcset=\"https:\/\/www.144.ch\/wp-content\/uploads\/2023\/03\/wirkungsmesseung_news-180x180.jpg 180w, https:\/\/www.144.ch\/wp-content\/uploads\/2023\/03\/wirkungsmesseung_news-80x80.jpg 80w, https:\/\/www.144.ch\/wp-content\/uploads\/2023\/03\/wirkungsmesseung_news-36x36.jpg 36w, https:\/\/www.144.ch\/wp-content\/uploads\/2023\/03\/wirkungsmesseung_news-120x120.jpg 120w, https:\/\/www.144.ch\/wp-content\/uploads\/2023\/03\/wirkungsmesseung_news-450x450.jpg 450w, https:\/\/www.144.ch\/wp-content\/uploads\/2023\/03\/wirkungsmesseung_news-300x300.jpg 300w, https:\/\/www.144.ch\/wp-content\/uploads\/2023\/03\/wirkungsmesseung_news-100x100.jpg 100w\" sizes=\"auto, (max-width: 180px) 100vw, 180px\" \/><span class='iconfont avia-svg-icon avia-font-svg_entypo-fontello' data-av_svg_icon='pencil' data-av_iconset='svg_entypo-fontello' ><svg version=\"1.1\" xmlns=\"http:\/\/www.w3.org\/2000\/svg\" width=\"25\" height=\"32\" viewBox=\"0 0 25 32\" preserveAspectRatio=\"xMidYMid meet\" role=\"graphics-symbol\" aria-hidden=\"true\">\n<path d=\"M22.976 5.44q1.024 1.024 1.504 2.048t0.48 1.536v0.512l-8.064 8.064-9.28 9.216-7.616 1.664 1.6-7.68 9.28-9.216 8.064-8.064q1.728-0.384 4.032 1.92zM7.168 25.92l0.768-0.768q-0.064-1.408-1.664-3.008-0.704-0.704-1.44-1.12t-1.12-0.416l-0.448-0.064-0.704 0.768-0.576 2.56q0.896 0.512 1.472 1.088 0.768 0.768 1.152 1.536z\"><\/path>\n<\/svg><\/span><\/a><\/div><div class='entry-content-wrapper clearfix standard-content'><header class=\"entry-content-header\" aria-label=\"Post: Prospettive di carriera dei soccorritori dipl. SSS\"><div class=\"av-heading-wrapper\"><h2 class='post-title entry-title ' ><a href=\"https:\/\/www.144.ch\/it\/berufsverbleibstudie-dipl-rettungssanitaeterinnen-dipl-rettungssanitaeter-hf\/\" rel=\"bookmark\" title=\"Link Permanente: Prospettive di carriera dei soccorritori dipl. SSS\">Prospettive di carriera dei soccorritori dipl. SSS<span class=\"post-format-icon minor-meta\"><\/span><\/a><\/h2><span class=\"blog-categories minor-meta\"><a href=\"https:\/\/www.144.ch\/it\/category\/news\/\" rel=\"tag\">News<\/a><\/span><\/div><\/header><span class=\"av-vertical-delimiter\"><\/span><div class=\"entry-content\" ><p>In Svizzera, da anni si registra una crescente carenza di personale qualificato nei servizi di soccorso. Una migliore comprensione dei fattori che influenzano la permanenza e l\u2019abbandono della professione, dovrebbe consentire agli attori del sistema di identificare le aree di intervento. Per la prima volta sono stati raccolti in modo strutturato dati sulla permanenza nella [&hellip;]<\/p>\n<div class=\"read-more-link\"><a href=\"https:\/\/www.144.ch\/it\/berufsverbleibstudie-dipl-rettungssanitaeterinnen-dipl-rettungssanitaeter-hf\/\" class=\"more-link\">Continua a leggere<span class='more-link-arrow avia-svg-icon avia-font-svg_entypo-fontello' data-av_svg_icon='right-open-big' data-av_iconset='svg_entypo-fontello'><svg version=\"1.1\" xmlns=\"http:\/\/www.w3.org\/2000\/svg\" width=\"15\" height=\"32\" viewBox=\"0 0 15 32\" preserveAspectRatio=\"xMidYMid meet\" role=\"graphics-symbol\" aria-hidden=\"true\">\n<path d=\"M0.416 27.84l11.456-11.84-11.456-11.904q-0.832-0.832 0-1.536 0.832-0.832 1.536 0l12.544 12.608q0.768 0.832 0 1.6l-12.544 12.608q-0.704 0.832-1.536 0-0.832-0.704 0-1.536z\"><\/path>\n<\/svg><\/span><\/a><\/div>\n<\/div><span class=\"post-meta-infos\"><time class=\"date-container minor-meta updated\" >22. Maggio 2024<\/time><\/span><footer class=\"entry-footer\"><\/footer><div class='post_delimiter'><\/div><\/div><div class=\"post_author_timeline\"><\/div><\/article><article class=\"post-entry post-entry-type-standard post-entry-40973 post-loop-11 post-parity-odd single-small with-slider post-40973 post type-post status-publish format-standard has-post-thumbnail hentry category-news\" ><div class=\"blog-meta\"><a href='https:\/\/www.144.ch\/it\/das-schweizer-rettungswesen-in-zahlen\/' class='small-preview'  title=\"wirkungsmesseung_news\"  ><img decoding=\"async\" loading=\"lazy\" width=\"180\" height=\"180\" src=\"https:\/\/www.144.ch\/wp-content\/uploads\/2023\/03\/wirkungsmesseung_news-180x180.jpg\" class=\"wp-image-33952 avia-img-lazy-loading-33952 attachment-square size-square wp-post-image\" alt=\"\" srcset=\"https:\/\/www.144.ch\/wp-content\/uploads\/2023\/03\/wirkungsmesseung_news-180x180.jpg 180w, https:\/\/www.144.ch\/wp-content\/uploads\/2023\/03\/wirkungsmesseung_news-80x80.jpg 80w, https:\/\/www.144.ch\/wp-content\/uploads\/2023\/03\/wirkungsmesseung_news-36x36.jpg 36w, https:\/\/www.144.ch\/wp-content\/uploads\/2023\/03\/wirkungsmesseung_news-120x120.jpg 120w, https:\/\/www.144.ch\/wp-content\/uploads\/2023\/03\/wirkungsmesseung_news-450x450.jpg 450w, https:\/\/www.144.ch\/wp-content\/uploads\/2023\/03\/wirkungsmesseung_news-300x300.jpg 300w, https:\/\/www.144.ch\/wp-content\/uploads\/2023\/03\/wirkungsmesseung_news-100x100.jpg 100w\" sizes=\"auto, (max-width: 180px) 100vw, 180px\" \/><span class='iconfont avia-svg-icon avia-font-svg_entypo-fontello' data-av_svg_icon='pencil' data-av_iconset='svg_entypo-fontello' ><svg version=\"1.1\" xmlns=\"http:\/\/www.w3.org\/2000\/svg\" width=\"25\" height=\"32\" viewBox=\"0 0 25 32\" preserveAspectRatio=\"xMidYMid meet\" role=\"graphics-symbol\" aria-hidden=\"true\">\n<path d=\"M22.976 5.44q1.024 1.024 1.504 2.048t0.48 1.536v0.512l-8.064 8.064-9.28 9.216-7.616 1.664 1.6-7.68 9.28-9.216 8.064-8.064q1.728-0.384 4.032 1.92zM7.168 25.92l0.768-0.768q-0.064-1.408-1.664-3.008-0.704-0.704-1.44-1.12t-1.12-0.416l-0.448-0.064-0.704 0.768-0.576 2.56q0.896 0.512 1.472 1.088 0.768 0.768 1.152 1.536z\"><\/path>\n<\/svg><\/span><\/a><\/div><div class='entry-content-wrapper clearfix standard-content'><header class=\"entry-content-header\" aria-label=\"Post: Le cifre del sistema di soccorso svizzero\"><div class=\"av-heading-wrapper\"><h2 class='post-title entry-title ' ><a href=\"https:\/\/www.144.ch\/it\/das-schweizer-rettungswesen-in-zahlen\/\" rel=\"bookmark\" title=\"Link Permanente: Le cifre del sistema di soccorso svizzero\">Le cifre del sistema di soccorso svizzero<span class=\"post-format-icon minor-meta\"><\/span><\/a><\/h2><span class=\"blog-categories minor-meta\"><a href=\"https:\/\/www.144.ch\/it\/category\/news\/\" rel=\"tag\">News<\/a><\/span><\/div><\/header><span class=\"av-vertical-delimiter\"><\/span><div class=\"entry-content\" ><p>L\u2019IAS punta a rilevare e presentare le cifre del sistema di soccorso svizzero, non come un&#8217;istantanea, ma con continuit\u00e0. Questo ci permette, oltre ad acquisire conoscenze, anche di riconoscere e reagire ai cambiamenti importanti. La rivista \u201cStar of Life\u201d ha pubblicato parte del nostro primo rapporto ufficiale sull&#8217;indagine 2023. Esso, oltre alla descrizione dei dati [&hellip;]<\/p>\n<div class=\"read-more-link\"><a href=\"https:\/\/www.144.ch\/it\/das-schweizer-rettungswesen-in-zahlen\/\" class=\"more-link\">Continua a leggere<span class='more-link-arrow avia-svg-icon avia-font-svg_entypo-fontello' data-av_svg_icon='right-open-big' data-av_iconset='svg_entypo-fontello'><svg version=\"1.1\" xmlns=\"http:\/\/www.w3.org\/2000\/svg\" width=\"15\" height=\"32\" viewBox=\"0 0 15 32\" preserveAspectRatio=\"xMidYMid meet\" role=\"graphics-symbol\" aria-hidden=\"true\">\n<path d=\"M0.416 27.84l11.456-11.84-11.456-11.904q-0.832-0.832 0-1.536 0.832-0.832 1.536 0l12.544 12.608q0.768 0.832 0 1.6l-12.544 12.608q-0.704 0.832-1.536 0-0.832-0.704 0-1.536z\"><\/path>\n<\/svg><\/span><\/a><\/div>\n<\/div><span class=\"post-meta-infos\"><time class=\"date-container minor-meta updated\" >22. Maggio 2024<\/time><\/span><footer class=\"entry-footer\"><\/footer><div class='post_delimiter'><\/div><\/div><div class=\"post_author_timeline\"><\/div><\/article><article class=\"post-entry post-entry-type-standard post-entry-40614 post-loop-12 post-parity-even single-small with-slider post-40614 post type-post status-publish format-standard has-post-thumbnail hentry category-news\" ><div class=\"blog-meta\"><a href='https:\/\/www.144.ch\/it\/neues-animationsvideo-erklaert-die-notrufnummer-144-in-vier-sprachen\/' class='small-preview'  title=\"144news\"  ><img decoding=\"async\" loading=\"lazy\" width=\"180\" height=\"180\" src=\"https:\/\/www.144.ch\/wp-content\/uploads\/2021\/07\/144news-180x180.jpg\" class=\"wp-image-25220 avia-img-lazy-loading-25220 attachment-square size-square wp-post-image\" alt=\"\" srcset=\"https:\/\/www.144.ch\/wp-content\/uploads\/2021\/07\/144news-180x180.jpg 180w, https:\/\/www.144.ch\/wp-content\/uploads\/2021\/07\/144news-80x80.jpg 80w, https:\/\/www.144.ch\/wp-content\/uploads\/2021\/07\/144news-36x36.jpg 36w, https:\/\/www.144.ch\/wp-content\/uploads\/2021\/07\/144news-100x100.jpg 100w, https:\/\/www.144.ch\/wp-content\/uploads\/2021\/07\/144news-300x300.jpg 300w\" sizes=\"auto, (max-width: 180px) 100vw, 180px\" \/><span class='iconfont avia-svg-icon avia-font-svg_entypo-fontello' data-av_svg_icon='pencil' data-av_iconset='svg_entypo-fontello' ><svg version=\"1.1\" xmlns=\"http:\/\/www.w3.org\/2000\/svg\" width=\"25\" height=\"32\" viewBox=\"0 0 25 32\" preserveAspectRatio=\"xMidYMid meet\" role=\"graphics-symbol\" aria-hidden=\"true\">\n<path d=\"M22.976 5.44q1.024 1.024 1.504 2.048t0.48 1.536v0.512l-8.064 8.064-9.28 9.216-7.616 1.664 1.6-7.68 9.28-9.216 8.064-8.064q1.728-0.384 4.032 1.92zM7.168 25.92l0.768-0.768q-0.064-1.408-1.664-3.008-0.704-0.704-1.44-1.12t-1.12-0.416l-0.448-0.064-0.704 0.768-0.576 2.56q0.896 0.512 1.472 1.088 0.768 0.768 1.152 1.536z\"><\/path>\n<\/svg><\/span><\/a><\/div><div class='entry-content-wrapper clearfix standard-content'><header class=\"entry-content-header\" aria-label=\"Post: Un video di animazione informativo e dal design accattivante che spiega il numero di emergenza 144\"><div class=\"av-heading-wrapper\"><h2 class='post-title entry-title ' ><a href=\"https:\/\/www.144.ch\/it\/neues-animationsvideo-erklaert-die-notrufnummer-144-in-vier-sprachen\/\" rel=\"bookmark\" title=\"Link Permanente: Un video di animazione informativo e dal design accattivante che spiega il numero di emergenza 144\">Un video di animazione informativo e dal design accattivante che spiega il numero di emergenza 144<span class=\"post-format-icon minor-meta\"><\/span><\/a><\/h2><span class=\"blog-categories minor-meta\"><a href=\"https:\/\/www.144.ch\/it\/category\/news\/\" rel=\"tag\">News<\/a><\/span><\/div><\/header><span class=\"av-vertical-delimiter\"><\/span><div class=\"entry-content\" ><p>Un video animato informativo che spiega il numero d&#8217;emergenza 144. Il video \u00e8 disponibile gratuitamente e pu\u00f2 essere utilizzato in vari modi. \u00c8 ideale per la formazione nel settore sanitario, per la formazione degli addetti al primo soccorso, per le presentazioni nelle scuole o nelle aziende e come fonte di informazione per il pubblico in [&hellip;]<\/p>\n<div class=\"read-more-link\"><a href=\"https:\/\/www.144.ch\/it\/neues-animationsvideo-erklaert-die-notrufnummer-144-in-vier-sprachen\/\" class=\"more-link\">Continua a leggere<span class='more-link-arrow avia-svg-icon avia-font-svg_entypo-fontello' data-av_svg_icon='right-open-big' data-av_iconset='svg_entypo-fontello'><svg version=\"1.1\" xmlns=\"http:\/\/www.w3.org\/2000\/svg\" width=\"15\" height=\"32\" viewBox=\"0 0 15 32\" preserveAspectRatio=\"xMidYMid meet\" role=\"graphics-symbol\" aria-hidden=\"true\">\n<path d=\"M0.416 27.84l11.456-11.84-11.456-11.904q-0.832-0.832 0-1.536 0.832-0.832 1.536 0l12.544 12.608q0.768 0.832 0 1.6l-12.544 12.608q-0.704 0.832-1.536 0-0.832-0.704 0-1.536z\"><\/path>\n<\/svg><\/span><\/a><\/div>\n<\/div><span class=\"post-meta-infos\"><time class=\"date-container minor-meta updated\" >19. Aprile 2024<\/time><\/span><footer class=\"entry-footer\"><\/footer><div class='post_delimiter'><\/div><\/div><div class=\"post_author_timeline\"><\/div><\/article><article class=\"post-entry post-entry-type-standard post-entry-40544 post-loop-13 post-parity-odd single-small with-slider post-40544 post type-post status-publish format-standard has-post-thumbnail hentry category-news\" ><div class=\"blog-meta\"><a href='https:\/\/www.144.ch\/it\/aktionstag-144\/' class='small-preview'  title=\"aktionstag_news\"  ><img decoding=\"async\" loading=\"lazy\" width=\"180\" height=\"180\" src=\"https:\/\/www.144.ch\/wp-content\/uploads\/2024\/04\/aktionstag_news-180x180.png\" class=\"wp-image-40539 avia-img-lazy-loading-40539 attachment-square size-square wp-post-image\" alt=\"\" srcset=\"https:\/\/www.144.ch\/wp-content\/uploads\/2024\/04\/aktionstag_news-180x180.png 180w, https:\/\/www.144.ch\/wp-content\/uploads\/2024\/04\/aktionstag_news-80x80.png 80w, https:\/\/www.144.ch\/wp-content\/uploads\/2024\/04\/aktionstag_news-36x36.png 36w, https:\/\/www.144.ch\/wp-content\/uploads\/2024\/04\/aktionstag_news-120x120.png 120w, https:\/\/www.144.ch\/wp-content\/uploads\/2024\/04\/aktionstag_news-450x450.png 450w, https:\/\/www.144.ch\/wp-content\/uploads\/2024\/04\/aktionstag_news-300x300.png 300w, https:\/\/www.144.ch\/wp-content\/uploads\/2024\/04\/aktionstag_news-100x100.png 100w\" sizes=\"auto, (max-width: 180px) 100vw, 180px\" \/><span class='iconfont avia-svg-icon avia-font-svg_entypo-fontello' data-av_svg_icon='pencil' data-av_iconset='svg_entypo-fontello' ><svg version=\"1.1\" xmlns=\"http:\/\/www.w3.org\/2000\/svg\" width=\"25\" height=\"32\" viewBox=\"0 0 25 32\" preserveAspectRatio=\"xMidYMid meet\" role=\"graphics-symbol\" aria-hidden=\"true\">\n<path d=\"M22.976 5.44q1.024 1.024 1.504 2.048t0.48 1.536v0.512l-8.064 8.064-9.28 9.216-7.616 1.664 1.6-7.68 9.28-9.216 8.064-8.064q1.728-0.384 4.032 1.92zM7.168 25.92l0.768-0.768q-0.064-1.408-1.664-3.008-0.704-0.704-1.44-1.12t-1.12-0.416l-0.448-0.064-0.704 0.768-0.576 2.56q0.896 0.512 1.472 1.088 0.768 0.768 1.152 1.536z\"><\/path>\n<\/svg><\/span><\/a><\/div><div class='entry-content-wrapper clearfix standard-content'><header class=\"entry-content-header\" aria-label=\"Post: Giornata d`azione nazionale del 144\"><div class=\"av-heading-wrapper\"><h2 class='post-title entry-title ' ><a href=\"https:\/\/www.144.ch\/it\/aktionstag-144\/\" rel=\"bookmark\" title=\"Link Permanente: Giornata d`azione nazionale del 144\">Giornata d`azione nazionale del 144<span class=\"post-format-icon minor-meta\"><\/span><\/a><\/h2><span class=\"blog-categories minor-meta\"><a href=\"https:\/\/www.144.ch\/it\/category\/news\/\" rel=\"tag\">News<\/a><\/span><\/div><\/header><span class=\"av-vertical-delimiter\"><\/span><div class=\"entry-content\" ><p>Un grande ringraziamento a tutte le organizzazioni che hanno partecipato alla Giornata d&#8217;azione 144 e che hanno cos\u00ec dato un prezioso contributo alla divulgazione dell&#8217;intera catena di salvataggio. Potete trovare le impressioni qui.<\/p>\n<div class=\"read-more-link\"><a href=\"https:\/\/www.144.ch\/it\/aktionstag-144\/\" class=\"more-link\">Continua a leggere<span class='more-link-arrow avia-svg-icon avia-font-svg_entypo-fontello' data-av_svg_icon='right-open-big' data-av_iconset='svg_entypo-fontello'><svg version=\"1.1\" xmlns=\"http:\/\/www.w3.org\/2000\/svg\" width=\"15\" height=\"32\" viewBox=\"0 0 15 32\" preserveAspectRatio=\"xMidYMid meet\" role=\"graphics-symbol\" aria-hidden=\"true\">\n<path d=\"M0.416 27.84l11.456-11.84-11.456-11.904q-0.832-0.832 0-1.536 0.832-0.832 1.536 0l12.544 12.608q0.768 0.832 0 1.6l-12.544 12.608q-0.704 0.832-1.536 0-0.832-0.704 0-1.536z\"><\/path>\n<\/svg><\/span><\/a><\/div>\n<\/div><span class=\"post-meta-infos\"><time class=\"date-container minor-meta updated\" >16. Aprile 2024<\/time><\/span><footer class=\"entry-footer\"><\/footer><div class='post_delimiter'><\/div><\/div><div class=\"post_author_timeline\"><\/div><\/article><article class=\"post-entry post-entry-type-standard post-entry-39525 post-loop-14 post-parity-even single-small with-slider post-39525 post type-post status-publish format-standard has-post-thumbnail hentry category-news\" ><div class=\"blog-meta\"><a href='https:\/\/www.144.ch\/it\/bildmaterial\/' class='small-preview'  title=\"news_ivr\"  ><img decoding=\"async\" loading=\"lazy\" width=\"180\" height=\"180\" src=\"https:\/\/www.144.ch\/wp-content\/uploads\/2022\/05\/news_ivr-180x180.png\" class=\"wp-image-29899 avia-img-lazy-loading-29899 attachment-square size-square wp-post-image\" alt=\"\" srcset=\"https:\/\/www.144.ch\/wp-content\/uploads\/2022\/05\/news_ivr-180x180.png 180w, https:\/\/www.144.ch\/wp-content\/uploads\/2022\/05\/news_ivr-80x80.png 80w, https:\/\/www.144.ch\/wp-content\/uploads\/2022\/05\/news_ivr-36x36.png 36w, https:\/\/www.144.ch\/wp-content\/uploads\/2022\/05\/news_ivr-100x100.png 100w, https:\/\/www.144.ch\/wp-content\/uploads\/2022\/05\/news_ivr-300x300.png 300w\" sizes=\"auto, (max-width: 180px) 100vw, 180px\" \/><span class='iconfont avia-svg-icon avia-font-svg_entypo-fontello' data-av_svg_icon='pencil' data-av_iconset='svg_entypo-fontello' ><svg version=\"1.1\" xmlns=\"http:\/\/www.w3.org\/2000\/svg\" width=\"25\" height=\"32\" viewBox=\"0 0 25 32\" preserveAspectRatio=\"xMidYMid meet\" role=\"graphics-symbol\" aria-hidden=\"true\">\n<path d=\"M22.976 5.44q1.024 1.024 1.504 2.048t0.48 1.536v0.512l-8.064 8.064-9.28 9.216-7.616 1.664 1.6-7.68 9.28-9.216 8.064-8.064q1.728-0.384 4.032 1.92zM7.168 25.92l0.768-0.768q-0.064-1.408-1.664-3.008-0.704-0.704-1.44-1.12t-1.12-0.416l-0.448-0.064-0.704 0.768-0.576 2.56q0.896 0.512 1.472 1.088 0.768 0.768 1.152 1.536z\"><\/path>\n<\/svg><\/span><\/a><\/div><div class='entry-content-wrapper clearfix standard-content'><header class=\"entry-content-header\" aria-label=\"Post: Materiale grafico\"><div class=\"av-heading-wrapper\"><h2 class='post-title entry-title ' ><a href=\"https:\/\/www.144.ch\/it\/bildmaterial\/\" rel=\"bookmark\" title=\"Link Permanente: Materiale grafico\">Materiale grafico<span class=\"post-format-icon minor-meta\"><\/span><\/a><\/h2><span class=\"blog-categories minor-meta\"><a href=\"https:\/\/www.144.ch\/it\/category\/news\/\" rel=\"tag\">News<\/a><\/span><\/div><\/header><span class=\"av-vertical-delimiter\"><\/span><div class=\"entry-content\" ><p>L&#8217;IAS mette a disposizione un&#8217;ampia gamma di materiale di immagini originali in vari formati. In particolare, la catena di soccorso e il logo 144 sono disponibili per presentazioni, volantini pubblicitari e altre applicazioni. Il nostro obiettivo \u00e8 quello di offrire materiale grafico di alta qualit\u00e0, in modo che i vostri contenuti siano sempre professionali e [&hellip;]<\/p>\n<div class=\"read-more-link\"><a href=\"https:\/\/www.144.ch\/it\/bildmaterial\/\" class=\"more-link\">Continua a leggere<span class='more-link-arrow avia-svg-icon avia-font-svg_entypo-fontello' data-av_svg_icon='right-open-big' data-av_iconset='svg_entypo-fontello'><svg version=\"1.1\" xmlns=\"http:\/\/www.w3.org\/2000\/svg\" width=\"15\" height=\"32\" viewBox=\"0 0 15 32\" preserveAspectRatio=\"xMidYMid meet\" role=\"graphics-symbol\" aria-hidden=\"true\">\n<path d=\"M0.416 27.84l11.456-11.84-11.456-11.904q-0.832-0.832 0-1.536 0.832-0.832 1.536 0l12.544 12.608q0.768 0.832 0 1.6l-12.544 12.608q-0.704 0.832-1.536 0-0.832-0.704 0-1.536z\"><\/path>\n<\/svg><\/span><\/a><\/div>\n<\/div><span class=\"post-meta-infos\"><time class=\"date-container minor-meta updated\" >7. Marzo 2024<\/time><\/span><footer class=\"entry-footer\"><\/footer><div class='post_delimiter'><\/div><\/div><div class=\"post_author_timeline\"><\/div><\/article><article class=\"post-entry post-entry-type-standard post-entry-38101 post-loop-15 post-parity-odd single-small with-slider post-38101 post type-post status-publish format-standard has-post-thumbnail hentry category-news\" ><div class=\"blog-meta\"><a href='https:\/\/www.144.ch\/it\/neue-richtlinien-snz-144\/' class='small-preview'  title=\"144news\"  ><img decoding=\"async\" loading=\"lazy\" width=\"180\" height=\"180\" src=\"https:\/\/www.144.ch\/wp-content\/uploads\/2021\/07\/144news-180x180.jpg\" class=\"wp-image-25220 avia-img-lazy-loading-25220 attachment-square size-square wp-post-image\" alt=\"\" srcset=\"https:\/\/www.144.ch\/wp-content\/uploads\/2021\/07\/144news-180x180.jpg 180w, https:\/\/www.144.ch\/wp-content\/uploads\/2021\/07\/144news-80x80.jpg 80w, https:\/\/www.144.ch\/wp-content\/uploads\/2021\/07\/144news-36x36.jpg 36w, https:\/\/www.144.ch\/wp-content\/uploads\/2021\/07\/144news-100x100.jpg 100w, https:\/\/www.144.ch\/wp-content\/uploads\/2021\/07\/144news-300x300.jpg 300w\" sizes=\"auto, (max-width: 180px) 100vw, 180px\" \/><span class='iconfont avia-svg-icon avia-font-svg_entypo-fontello' data-av_svg_icon='pencil' data-av_iconset='svg_entypo-fontello' ><svg version=\"1.1\" xmlns=\"http:\/\/www.w3.org\/2000\/svg\" width=\"25\" height=\"32\" viewBox=\"0 0 25 32\" preserveAspectRatio=\"xMidYMid meet\" role=\"graphics-symbol\" aria-hidden=\"true\">\n<path d=\"M22.976 5.44q1.024 1.024 1.504 2.048t0.48 1.536v0.512l-8.064 8.064-9.28 9.216-7.616 1.664 1.6-7.68 9.28-9.216 8.064-8.064q1.728-0.384 4.032 1.92zM7.168 25.92l0.768-0.768q-0.064-1.408-1.664-3.008-0.704-0.704-1.44-1.12t-1.12-0.416l-0.448-0.064-0.704 0.768-0.576 2.56q0.896 0.512 1.472 1.088 0.768 0.768 1.152 1.536z\"><\/path>\n<\/svg><\/span><\/a><\/div><div class='entry-content-wrapper clearfix standard-content'><header class=\"entry-content-header\" aria-label=\"Post: Linea guida CASU 144\"><div class=\"av-heading-wrapper\"><h2 class='post-title entry-title ' ><a href=\"https:\/\/www.144.ch\/it\/neue-richtlinien-snz-144\/\" rel=\"bookmark\" title=\"Link Permanente: Linea guida CASU 144\">Linea guida CASU 144<span class=\"post-format-icon minor-meta\"><\/span><\/a><\/h2><span class=\"blog-categories minor-meta\"><a href=\"https:\/\/www.144.ch\/it\/category\/news\/\" rel=\"tag\">News<\/a><\/span><\/div><\/header><span class=\"av-vertical-delimiter\"><\/span><div class=\"entry-content\" ><p>Siamo lieti di informarti che gioved\u00ec 23 novembre 2023 la Conferenza delle Direttrici e Direttori Cantonali della Sanit\u00e0 ha adottato all&#8217;unanimit\u00e0 lle linee guida\u00a0aggiornate per l&#8217;accreditamento delle Centrali per l&#8217;allarme sanitario urgente CASU 144\u00a0I nostri pi\u00f9 sinceri ringraziamenti vanno a tutti coloro che hanno contribuito a questo successo. Le linee guida sono disponibili qui.<\/p>\n<div class=\"read-more-link\"><a href=\"https:\/\/www.144.ch\/it\/neue-richtlinien-snz-144\/\" class=\"more-link\">Continua a leggere<span class='more-link-arrow avia-svg-icon avia-font-svg_entypo-fontello' data-av_svg_icon='right-open-big' data-av_iconset='svg_entypo-fontello'><svg version=\"1.1\" xmlns=\"http:\/\/www.w3.org\/2000\/svg\" width=\"15\" height=\"32\" viewBox=\"0 0 15 32\" preserveAspectRatio=\"xMidYMid meet\" role=\"graphics-symbol\" aria-hidden=\"true\">\n<path d=\"M0.416 27.84l11.456-11.84-11.456-11.904q-0.832-0.832 0-1.536 0.832-0.832 1.536 0l12.544 12.608q0.768 0.832 0 1.6l-12.544 12.608q-0.704 0.832-1.536 0-0.832-0.704 0-1.536z\"><\/path>\n<\/svg><\/span><\/a><\/div>\n<\/div><span class=\"post-meta-infos\"><time class=\"date-container minor-meta updated\" >6. Dicembre 2023<\/time><\/span><footer class=\"entry-footer\"><\/footer><div class='post_delimiter'><\/div><\/div><div class=\"post_author_timeline\"><\/div><\/article><article class=\"post-entry post-entry-type-standard post-entry-37945 post-loop-16 post-parity-even single-small with-slider post-37945 post type-post status-publish format-standard has-post-thumbnail hentry category-news\" ><div class=\"blog-meta\"><a href='https:\/\/www.144.ch\/it\/richtlinien-2\/' class='small-preview'  title=\"RD_News\"  ><img decoding=\"async\" loading=\"lazy\" width=\"180\" height=\"180\" src=\"https:\/\/www.144.ch\/wp-content\/uploads\/2021\/11\/RD_News-1-180x180.jpg\" class=\"wp-image-26223 avia-img-lazy-loading-26223 attachment-square size-square wp-post-image\" alt=\"\" srcset=\"https:\/\/www.144.ch\/wp-content\/uploads\/2021\/11\/RD_News-1-180x180.jpg 180w, https:\/\/www.144.ch\/wp-content\/uploads\/2021\/11\/RD_News-1-80x80.jpg 80w, https:\/\/www.144.ch\/wp-content\/uploads\/2021\/11\/RD_News-1-36x36.jpg 36w, https:\/\/www.144.ch\/wp-content\/uploads\/2021\/11\/RD_News-1-100x100.jpg 100w, https:\/\/www.144.ch\/wp-content\/uploads\/2021\/11\/RD_News-1-300x300.jpg 300w\" sizes=\"auto, (max-width: 180px) 100vw, 180px\" \/><span class='iconfont avia-svg-icon avia-font-svg_entypo-fontello' data-av_svg_icon='pencil' data-av_iconset='svg_entypo-fontello' ><svg version=\"1.1\" xmlns=\"http:\/\/www.w3.org\/2000\/svg\" width=\"25\" height=\"32\" viewBox=\"0 0 25 32\" preserveAspectRatio=\"xMidYMid meet\" role=\"graphics-symbol\" aria-hidden=\"true\">\n<path d=\"M22.976 5.44q1.024 1.024 1.504 2.048t0.48 1.536v0.512l-8.064 8.064-9.28 9.216-7.616 1.664 1.6-7.68 9.28-9.216 8.064-8.064q1.728-0.384 4.032 1.92zM7.168 25.92l0.768-0.768q-0.064-1.408-1.664-3.008-0.704-0.704-1.44-1.12t-1.12-0.416l-0.448-0.064-0.704 0.768-0.576 2.56q0.896 0.512 1.472 1.088 0.768 0.768 1.152 1.536z\"><\/path>\n<\/svg><\/span><\/a><\/div><div class='entry-content-wrapper clearfix standard-content'><header class=\"entry-content-header\" aria-label=\"Post: Linea guida\"><div class=\"av-heading-wrapper\"><h2 class='post-title entry-title ' ><a href=\"https:\/\/www.144.ch\/it\/richtlinien-2\/\" rel=\"bookmark\" title=\"Link Permanente: Linea guida\">Linea guida<span class=\"post-format-icon minor-meta\"><\/span><\/a><\/h2><span class=\"blog-categories minor-meta\"><a href=\"https:\/\/www.144.ch\/it\/category\/news\/\" rel=\"tag\">News<\/a><\/span><\/div><\/header><span class=\"av-vertical-delimiter\"><\/span><div class=\"entry-content\" ><p>In collaborazione con il gruppo tecnico \u201cServizio Ambulanza e Trasporto Pazienti\u201d e il segretariato generale dell&#8217;IAS, siamo lieti di informarvi che le due linee guida &#8220;Per la costruzione e l&#8217;equipaggiamento dei veicoli ambulanza&#8221; e &#8220;Per l&#8217;equipaggiamento di protezione personale delle persone che operano nei servizi di soccorso sanitari (linee guida sull&#8217;abbigliamento)&#8220;, sono state sottoposte a [&hellip;]<\/p>\n<div class=\"read-more-link\"><a href=\"https:\/\/www.144.ch\/it\/richtlinien-2\/\" class=\"more-link\">Continua a leggere<span class='more-link-arrow avia-svg-icon avia-font-svg_entypo-fontello' data-av_svg_icon='right-open-big' data-av_iconset='svg_entypo-fontello'><svg version=\"1.1\" xmlns=\"http:\/\/www.w3.org\/2000\/svg\" width=\"15\" height=\"32\" viewBox=\"0 0 15 32\" preserveAspectRatio=\"xMidYMid meet\" role=\"graphics-symbol\" aria-hidden=\"true\">\n<path d=\"M0.416 27.84l11.456-11.84-11.456-11.904q-0.832-0.832 0-1.536 0.832-0.832 1.536 0l12.544 12.608q0.768 0.832 0 1.6l-12.544 12.608q-0.704 0.832-1.536 0-0.832-0.704 0-1.536z\"><\/path>\n<\/svg><\/span><\/a><\/div>\n<\/div><span class=\"post-meta-infos\"><time class=\"date-container minor-meta updated\" >24. Novembre 2023<\/time><\/span><footer class=\"entry-footer\"><\/footer><div class='post_delimiter'><\/div><\/div><div class=\"post_author_timeline\"><\/div><\/article><article class=\"post-entry post-entry-type-standard post-entry-37855 post-loop-17 post-parity-odd single-small with-slider post-37855 post type-post status-publish format-standard has-post-thumbnail hentry category-news\" ><div class=\"blog-meta\"><a href='https:\/\/www.144.ch\/it\/visionen-entlang-der-rettungskette-inputs-aus-dem-netzwerktreffen-vom-12-mai-2023\/' class='small-preview'  title=\"news_ivr\"  ><img decoding=\"async\" loading=\"lazy\" width=\"180\" height=\"180\" src=\"https:\/\/www.144.ch\/wp-content\/uploads\/2022\/05\/news_ivr-180x180.png\" class=\"wp-image-29899 avia-img-lazy-loading-29899 attachment-square size-square wp-post-image\" alt=\"\" srcset=\"https:\/\/www.144.ch\/wp-content\/uploads\/2022\/05\/news_ivr-180x180.png 180w, https:\/\/www.144.ch\/wp-content\/uploads\/2022\/05\/news_ivr-80x80.png 80w, https:\/\/www.144.ch\/wp-content\/uploads\/2022\/05\/news_ivr-36x36.png 36w, https:\/\/www.144.ch\/wp-content\/uploads\/2022\/05\/news_ivr-100x100.png 100w, https:\/\/www.144.ch\/wp-content\/uploads\/2022\/05\/news_ivr-300x300.png 300w\" sizes=\"auto, (max-width: 180px) 100vw, 180px\" \/><span class='iconfont avia-svg-icon avia-font-svg_entypo-fontello' data-av_svg_icon='pencil' data-av_iconset='svg_entypo-fontello' ><svg version=\"1.1\" xmlns=\"http:\/\/www.w3.org\/2000\/svg\" width=\"25\" height=\"32\" viewBox=\"0 0 25 32\" preserveAspectRatio=\"xMidYMid meet\" role=\"graphics-symbol\" aria-hidden=\"true\">\n<path d=\"M22.976 5.44q1.024 1.024 1.504 2.048t0.48 1.536v0.512l-8.064 8.064-9.28 9.216-7.616 1.664 1.6-7.68 9.28-9.216 8.064-8.064q1.728-0.384 4.032 1.92zM7.168 25.92l0.768-0.768q-0.064-1.408-1.664-3.008-0.704-0.704-1.44-1.12t-1.12-0.416l-0.448-0.064-0.704 0.768-0.576 2.56q0.896 0.512 1.472 1.088 0.768 0.768 1.152 1.536z\"><\/path>\n<\/svg><\/span><\/a><\/div><div class='entry-content-wrapper clearfix standard-content'><header class=\"entry-content-header\" aria-label=\"Post: &#8220;Visioni&#8221; lungo la catena di soccorso &#8211; Input dalla riunione della rete del 12 maggio 2023\"><div class=\"av-heading-wrapper\"><h2 class='post-title entry-title ' ><a href=\"https:\/\/www.144.ch\/it\/visionen-entlang-der-rettungskette-inputs-aus-dem-netzwerktreffen-vom-12-mai-2023\/\" rel=\"bookmark\" title=\"Link Permanente: &#8220;Visioni&#8221; lungo la catena di soccorso &#8211; Input dalla riunione della rete del 12 maggio 2023\">&#8220;Visioni&#8221; lungo la catena di soccorso &#8211; Input dalla riunione della rete del 12 maggio 2023<span class=\"post-format-icon minor-meta\"><\/span><\/a><\/h2><span class=\"blog-categories minor-meta\"><a href=\"https:\/\/www.144.ch\/it\/category\/news\/\" rel=\"tag\">News<\/a><\/span><\/div><\/header><span class=\"av-vertical-delimiter\"><\/span><div class=\"entry-content\" ><p>Il Comitato IAS ha iniziato a lavorare sulla concezione di un sistema di soccorso svizzero. Ci si \u00e8 resi conto piuttosto rapidamente che un quadro dello stato attuale del sistema di soccorso svizzero, nonch\u00e9 le nostre visioni, non erano sufficienti in questo caso. Siamo tutti parte integrante del sistema di soccorso \u2013 e solo dalle [&hellip;]<\/p>\n<div class=\"read-more-link\"><a href=\"https:\/\/www.144.ch\/it\/visionen-entlang-der-rettungskette-inputs-aus-dem-netzwerktreffen-vom-12-mai-2023\/\" class=\"more-link\">Continua a leggere<span class='more-link-arrow avia-svg-icon avia-font-svg_entypo-fontello' data-av_svg_icon='right-open-big' data-av_iconset='svg_entypo-fontello'><svg version=\"1.1\" xmlns=\"http:\/\/www.w3.org\/2000\/svg\" width=\"15\" height=\"32\" viewBox=\"0 0 15 32\" preserveAspectRatio=\"xMidYMid meet\" role=\"graphics-symbol\" aria-hidden=\"true\">\n<path d=\"M0.416 27.84l11.456-11.84-11.456-11.904q-0.832-0.832 0-1.536 0.832-0.832 1.536 0l12.544 12.608q0.768 0.832 0 1.6l-12.544 12.608q-0.704 0.832-1.536 0-0.832-0.704 0-1.536z\"><\/path>\n<\/svg><\/span><\/a><\/div>\n<\/div><span class=\"post-meta-infos\"><time class=\"date-container minor-meta updated\" >14. Novembre 2023<\/time><\/span><footer class=\"entry-footer\"><\/footer><div class='post_delimiter'><\/div><\/div><div class=\"post_author_timeline\"><\/div><\/article><article class=\"post-entry post-entry-type-standard post-entry-37442 post-loop-18 post-parity-even single-small with-slider post-37442 post type-post status-publish format-standard has-post-thumbnail hentry category-news\" ><div class=\"blog-meta\"><a href='https:\/\/www.144.ch\/it\/swissreca-jahresbericht-2022-veroeffentlicht\/' class='small-preview'  title=\"swissreca_news\"  ><img decoding=\"async\" loading=\"lazy\" width=\"180\" height=\"180\" src=\"https:\/\/www.144.ch\/wp-content\/uploads\/2023\/03\/swissreca_news-180x180.jpg\" class=\"wp-image-33949 avia-img-lazy-loading-33949 attachment-square size-square wp-post-image\" alt=\"\" srcset=\"https:\/\/www.144.ch\/wp-content\/uploads\/2023\/03\/swissreca_news-180x180.jpg 180w, https:\/\/www.144.ch\/wp-content\/uploads\/2023\/03\/swissreca_news-80x80.jpg 80w, https:\/\/www.144.ch\/wp-content\/uploads\/2023\/03\/swissreca_news-36x36.jpg 36w, https:\/\/www.144.ch\/wp-content\/uploads\/2023\/03\/swissreca_news-120x120.jpg 120w, https:\/\/www.144.ch\/wp-content\/uploads\/2023\/03\/swissreca_news-450x450.jpg 450w, https:\/\/www.144.ch\/wp-content\/uploads\/2023\/03\/swissreca_news-300x300.jpg 300w, https:\/\/www.144.ch\/wp-content\/uploads\/2023\/03\/swissreca_news-100x100.jpg 100w\" sizes=\"auto, (max-width: 180px) 100vw, 180px\" \/><span class='iconfont avia-svg-icon avia-font-svg_entypo-fontello' data-av_svg_icon='pencil' data-av_iconset='svg_entypo-fontello' ><svg version=\"1.1\" xmlns=\"http:\/\/www.w3.org\/2000\/svg\" width=\"25\" height=\"32\" viewBox=\"0 0 25 32\" preserveAspectRatio=\"xMidYMid meet\" role=\"graphics-symbol\" aria-hidden=\"true\">\n<path d=\"M22.976 5.44q1.024 1.024 1.504 2.048t0.48 1.536v0.512l-8.064 8.064-9.28 9.216-7.616 1.664 1.6-7.68 9.28-9.216 8.064-8.064q1.728-0.384 4.032 1.92zM7.168 25.92l0.768-0.768q-0.064-1.408-1.664-3.008-0.704-0.704-1.44-1.12t-1.12-0.416l-0.448-0.064-0.704 0.768-0.576 2.56q0.896 0.512 1.472 1.088 0.768 0.768 1.152 1.536z\"><\/path>\n<\/svg><\/span><\/a><\/div><div class='entry-content-wrapper clearfix standard-content'><header class=\"entry-content-header\" aria-label=\"Post: Pubblicazione del rapporto annuale SWISSRECA 2022\"><div class=\"av-heading-wrapper\"><h2 class='post-title entry-title ' ><a href=\"https:\/\/www.144.ch\/it\/swissreca-jahresbericht-2022-veroeffentlicht\/\" rel=\"bookmark\" title=\"Link Permanente: Pubblicazione del rapporto annuale SWISSRECA 2022\">Pubblicazione del rapporto annuale SWISSRECA 2022<span class=\"post-format-icon minor-meta\"><\/span><\/a><\/h2><span class=\"blog-categories minor-meta\"><a href=\"https:\/\/www.144.ch\/it\/category\/news\/\" rel=\"tag\">News<\/a><\/span><\/div><\/header><span class=\"av-vertical-delimiter\"><\/span><div class=\"entry-content\" ><p>\u00c8 con piacere che mettiamo a disposizione il rapporto annuale SWISSRECA 2022. Sono stati analizzati 6.854 OHCA che hanno coinvolto i servizi di soccorso svizzeri. Rapporto annuale 2022<\/p>\n<div class=\"read-more-link\"><a href=\"https:\/\/www.144.ch\/it\/swissreca-jahresbericht-2022-veroeffentlicht\/\" class=\"more-link\">Continua a leggere<span class='more-link-arrow avia-svg-icon avia-font-svg_entypo-fontello' data-av_svg_icon='right-open-big' data-av_iconset='svg_entypo-fontello'><svg version=\"1.1\" xmlns=\"http:\/\/www.w3.org\/2000\/svg\" width=\"15\" height=\"32\" viewBox=\"0 0 15 32\" preserveAspectRatio=\"xMidYMid meet\" role=\"graphics-symbol\" aria-hidden=\"true\">\n<path d=\"M0.416 27.84l11.456-11.84-11.456-11.904q-0.832-0.832 0-1.536 0.832-0.832 1.536 0l12.544 12.608q0.768 0.832 0 1.6l-12.544 12.608q-0.704 0.832-1.536 0-0.832-0.704 0-1.536z\"><\/path>\n<\/svg><\/span><\/a><\/div>\n<\/div><span class=\"post-meta-infos\"><time class=\"date-container minor-meta updated\" >16. Ottobre 2023<\/time><\/span><footer class=\"entry-footer\"><\/footer><div class='post_delimiter'><\/div><\/div><div class=\"post_author_timeline\"><\/div><\/article><article class=\"post-entry post-entry-type-standard post-entry-37113 post-loop-19 post-parity-odd single-small with-slider post-37113 post type-post status-publish format-standard has-post-thumbnail hentry category-news\" ><div class=\"blog-meta\"><a href='https:\/\/www.144.ch\/it\/ivr-ias-neu-auf-linkedin\/' class='small-preview'  title=\"news_ivr\"  ><img decoding=\"async\" loading=\"lazy\" width=\"180\" height=\"180\" src=\"https:\/\/www.144.ch\/wp-content\/uploads\/2022\/05\/news_ivr-180x180.png\" class=\"wp-image-29899 avia-img-lazy-loading-29899 attachment-square size-square wp-post-image\" alt=\"\" srcset=\"https:\/\/www.144.ch\/wp-content\/uploads\/2022\/05\/news_ivr-180x180.png 180w, https:\/\/www.144.ch\/wp-content\/uploads\/2022\/05\/news_ivr-80x80.png 80w, https:\/\/www.144.ch\/wp-content\/uploads\/2022\/05\/news_ivr-36x36.png 36w, https:\/\/www.144.ch\/wp-content\/uploads\/2022\/05\/news_ivr-100x100.png 100w, https:\/\/www.144.ch\/wp-content\/uploads\/2022\/05\/news_ivr-300x300.png 300w\" sizes=\"auto, (max-width: 180px) 100vw, 180px\" \/><span class='iconfont avia-svg-icon avia-font-svg_entypo-fontello' data-av_svg_icon='pencil' data-av_iconset='svg_entypo-fontello' ><svg version=\"1.1\" xmlns=\"http:\/\/www.w3.org\/2000\/svg\" width=\"25\" height=\"32\" viewBox=\"0 0 25 32\" preserveAspectRatio=\"xMidYMid meet\" role=\"graphics-symbol\" aria-hidden=\"true\">\n<path d=\"M22.976 5.44q1.024 1.024 1.504 2.048t0.48 1.536v0.512l-8.064 8.064-9.28 9.216-7.616 1.664 1.6-7.68 9.28-9.216 8.064-8.064q1.728-0.384 4.032 1.92zM7.168 25.92l0.768-0.768q-0.064-1.408-1.664-3.008-0.704-0.704-1.44-1.12t-1.12-0.416l-0.448-0.064-0.704 0.768-0.576 2.56q0.896 0.512 1.472 1.088 0.768 0.768 1.152 1.536z\"><\/path>\n<\/svg><\/span><\/a><\/div><div class='entry-content-wrapper clearfix standard-content'><header class=\"entry-content-header\" aria-label=\"Post: IVR-IAS nuovo su LinkedIn\"><div class=\"av-heading-wrapper\"><h2 class='post-title entry-title ' ><a href=\"https:\/\/www.144.ch\/it\/ivr-ias-neu-auf-linkedin\/\" rel=\"bookmark\" title=\"Link Permanente: IVR-IAS nuovo su LinkedIn\">IVR-IAS nuovo su LinkedIn<span class=\"post-format-icon minor-meta\"><\/span><\/a><\/h2><span class=\"blog-categories minor-meta\"><a href=\"https:\/\/www.144.ch\/it\/category\/news\/\" rel=\"tag\">News<\/a><\/span><\/div><\/header><span class=\"av-vertical-delimiter\"><\/span><div class=\"entry-content\" ><p>Quasi due anni fa, siamo stati molto lieti di introdurre la nostra newsletter per tenervi informati su temi importanti relativi alla catena di soccorso. Abbiamo apprezzato molto il vostro sostegno e interesse. Tuttavia, per raggiungere una comunit\u00e0 ancora pi\u00f9 ampia e per diffondere le nostre notizie in modo pi\u00f9 efficace, abbiamo deciso di fare un [&hellip;]<\/p>\n<div class=\"read-more-link\"><a href=\"https:\/\/www.144.ch\/it\/ivr-ias-neu-auf-linkedin\/\" class=\"more-link\">Continua a leggere<span class='more-link-arrow avia-svg-icon avia-font-svg_entypo-fontello' data-av_svg_icon='right-open-big' data-av_iconset='svg_entypo-fontello'><svg version=\"1.1\" xmlns=\"http:\/\/www.w3.org\/2000\/svg\" width=\"15\" height=\"32\" viewBox=\"0 0 15 32\" preserveAspectRatio=\"xMidYMid meet\" role=\"graphics-symbol\" aria-hidden=\"true\">\n<path d=\"M0.416 27.84l11.456-11.84-11.456-11.904q-0.832-0.832 0-1.536 0.832-0.832 1.536 0l12.544 12.608q0.768 0.832 0 1.6l-12.544 12.608q-0.704 0.832-1.536 0-0.832-0.704 0-1.536z\"><\/path>\n<\/svg><\/span><\/a><\/div>\n<\/div><span class=\"post-meta-infos\"><time class=\"date-container minor-meta updated\" >3. Ottobre 2023<\/time><\/span><footer class=\"entry-footer\"><\/footer><div class='post_delimiter'><\/div><\/div><div class=\"post_author_timeline\"><\/div><\/article><article class=\"post-entry post-entry-type-standard post-entry-37087 post-loop-20 post-parity-even single-small with-slider post-37087 post type-post status-publish format-standard has-post-thumbnail hentry category-news\" ><div class=\"blog-meta\"><a href='https:\/\/www.144.ch\/it\/umfrage-scohpica-bessere-kenntnis-der-beduerfnisse-von-gesundheitsfachkraeften-in-der-schweiz\/' class='small-preview'  title=\"wirkungsmesseung_news\"  ><img decoding=\"async\" loading=\"lazy\" width=\"180\" height=\"180\" src=\"https:\/\/www.144.ch\/wp-content\/uploads\/2023\/03\/wirkungsmesseung_news-180x180.jpg\" class=\"wp-image-33952 avia-img-lazy-loading-33952 attachment-square size-square wp-post-image\" alt=\"\" srcset=\"https:\/\/www.144.ch\/wp-content\/uploads\/2023\/03\/wirkungsmesseung_news-180x180.jpg 180w, https:\/\/www.144.ch\/wp-content\/uploads\/2023\/03\/wirkungsmesseung_news-80x80.jpg 80w, https:\/\/www.144.ch\/wp-content\/uploads\/2023\/03\/wirkungsmesseung_news-36x36.jpg 36w, https:\/\/www.144.ch\/wp-content\/uploads\/2023\/03\/wirkungsmesseung_news-120x120.jpg 120w, https:\/\/www.144.ch\/wp-content\/uploads\/2023\/03\/wirkungsmesseung_news-450x450.jpg 450w, https:\/\/www.144.ch\/wp-content\/uploads\/2023\/03\/wirkungsmesseung_news-300x300.jpg 300w, https:\/\/www.144.ch\/wp-content\/uploads\/2023\/03\/wirkungsmesseung_news-100x100.jpg 100w\" sizes=\"auto, (max-width: 180px) 100vw, 180px\" \/><span class='iconfont avia-svg-icon avia-font-svg_entypo-fontello' data-av_svg_icon='pencil' data-av_iconset='svg_entypo-fontello' ><svg version=\"1.1\" xmlns=\"http:\/\/www.w3.org\/2000\/svg\" width=\"25\" height=\"32\" viewBox=\"0 0 25 32\" preserveAspectRatio=\"xMidYMid meet\" role=\"graphics-symbol\" aria-hidden=\"true\">\n<path d=\"M22.976 5.44q1.024 1.024 1.504 2.048t0.48 1.536v0.512l-8.064 8.064-9.28 9.216-7.616 1.664 1.6-7.68 9.28-9.216 8.064-8.064q1.728-0.384 4.032 1.92zM7.168 25.92l0.768-0.768q-0.064-1.408-1.664-3.008-0.704-0.704-1.44-1.12t-1.12-0.416l-0.448-0.064-0.704 0.768-0.576 2.56q0.896 0.512 1.472 1.088 0.768 0.768 1.152 1.536z\"><\/path>\n<\/svg><\/span><\/a><\/div><div class='entry-content-wrapper clearfix standard-content'><header class=\"entry-content-header\" aria-label=\"Post: Sondaggio SCOHPICA: capire meglio le esigenze dei professonisti della salute in Svizzera\"><div class=\"av-heading-wrapper\"><h2 class='post-title entry-title ' ><a href=\"https:\/\/www.144.ch\/it\/umfrage-scohpica-bessere-kenntnis-der-beduerfnisse-von-gesundheitsfachkraeften-in-der-schweiz\/\" rel=\"bookmark\" title=\"Link Permanente: Sondaggio SCOHPICA: capire meglio le esigenze dei professonisti della salute in Svizzera\">Sondaggio SCOHPICA: capire meglio le esigenze dei professonisti della salute in Svizzera<span class=\"post-format-icon minor-meta\"><\/span><\/a><\/h2><span class=\"blog-categories minor-meta\"><a href=\"https:\/\/www.144.ch\/it\/category\/news\/\" rel=\"tag\">News<\/a><\/span><\/div><\/header><span class=\"av-vertical-delimiter\"><\/span><div class=\"entry-content\" ><p>In un momento in cui si registra una carenza di personale qualificato, \u00e8 indispensabile conoscere il pi\u00f9 possibile i fattori che caratterizzano questo fenomeno. Per questo motivo, lo IAS ha deciso di collaborare con SCOHPICA e di promuovere il secondo sondaggio, al fine di ottenere un feedback da tutto il territorio nazionale (il primo sondaggio [&hellip;]<\/p>\n<div class=\"read-more-link\"><a href=\"https:\/\/www.144.ch\/it\/umfrage-scohpica-bessere-kenntnis-der-beduerfnisse-von-gesundheitsfachkraeften-in-der-schweiz\/\" class=\"more-link\">Continua a leggere<span class='more-link-arrow avia-svg-icon avia-font-svg_entypo-fontello' data-av_svg_icon='right-open-big' data-av_iconset='svg_entypo-fontello'><svg version=\"1.1\" xmlns=\"http:\/\/www.w3.org\/2000\/svg\" width=\"15\" height=\"32\" viewBox=\"0 0 15 32\" preserveAspectRatio=\"xMidYMid meet\" role=\"graphics-symbol\" aria-hidden=\"true\">\n<path d=\"M0.416 27.84l11.456-11.84-11.456-11.904q-0.832-0.832 0-1.536 0.832-0.832 1.536 0l12.544 12.608q0.768 0.832 0 1.6l-12.544 12.608q-0.704 0.832-1.536 0-0.832-0.704 0-1.536z\"><\/path>\n<\/svg><\/span><\/a><\/div>\n<\/div><span class=\"post-meta-infos\"><time class=\"date-container minor-meta updated\" >3. Ottobre 2023<\/time><\/span><footer class=\"entry-footer\"><\/footer><div class='post_delimiter'><\/div><\/div><div class=\"post_author_timeline\"><\/div><\/article><article class=\"post-entry post-entry-type-standard post-entry-36998 post-loop-21 post-parity-odd single-small with-slider post-36998 post type-post status-publish format-standard has-post-thumbnail hentry category-news\" ><div class=\"blog-meta\"><a href='https:\/\/www.144.ch\/it\/smedrix-app\/' class='small-preview'  title=\"wirkungsmesseung_news\"  ><img decoding=\"async\" loading=\"lazy\" width=\"180\" height=\"180\" src=\"https:\/\/www.144.ch\/wp-content\/uploads\/2023\/03\/wirkungsmesseung_news-180x180.jpg\" class=\"wp-image-33952 avia-img-lazy-loading-33952 attachment-square size-square wp-post-image\" alt=\"\" srcset=\"https:\/\/www.144.ch\/wp-content\/uploads\/2023\/03\/wirkungsmesseung_news-180x180.jpg 180w, https:\/\/www.144.ch\/wp-content\/uploads\/2023\/03\/wirkungsmesseung_news-80x80.jpg 80w, https:\/\/www.144.ch\/wp-content\/uploads\/2023\/03\/wirkungsmesseung_news-36x36.jpg 36w, https:\/\/www.144.ch\/wp-content\/uploads\/2023\/03\/wirkungsmesseung_news-120x120.jpg 120w, https:\/\/www.144.ch\/wp-content\/uploads\/2023\/03\/wirkungsmesseung_news-450x450.jpg 450w, https:\/\/www.144.ch\/wp-content\/uploads\/2023\/03\/wirkungsmesseung_news-300x300.jpg 300w, https:\/\/www.144.ch\/wp-content\/uploads\/2023\/03\/wirkungsmesseung_news-100x100.jpg 100w\" sizes=\"auto, (max-width: 180px) 100vw, 180px\" \/><span class='iconfont avia-svg-icon avia-font-svg_entypo-fontello' data-av_svg_icon='pencil' data-av_iconset='svg_entypo-fontello' ><svg version=\"1.1\" xmlns=\"http:\/\/www.w3.org\/2000\/svg\" width=\"25\" height=\"32\" viewBox=\"0 0 25 32\" preserveAspectRatio=\"xMidYMid meet\" role=\"graphics-symbol\" aria-hidden=\"true\">\n<path d=\"M22.976 5.44q1.024 1.024 1.504 2.048t0.48 1.536v0.512l-8.064 8.064-9.28 9.216-7.616 1.664 1.6-7.68 9.28-9.216 8.064-8.064q1.728-0.384 4.032 1.92zM7.168 25.92l0.768-0.768q-0.064-1.408-1.664-3.008-0.704-0.704-1.44-1.12t-1.12-0.416l-0.448-0.064-0.704 0.768-0.576 2.56q0.896 0.512 1.472 1.088 0.768 0.768 1.152 1.536z\"><\/path>\n<\/svg><\/span><\/a><\/div><div class='entry-content-wrapper clearfix standard-content'><header class=\"entry-content-header\" aria-label=\"Post: SMEDRIX APP\"><div class=\"av-heading-wrapper\"><h2 class='post-title entry-title ' ><a href=\"https:\/\/www.144.ch\/it\/smedrix-app\/\" rel=\"bookmark\" title=\"Link Permanente: SMEDRIX APP\">SMEDRIX APP<span class=\"post-format-icon minor-meta\"><\/span><\/a><\/h2><span class=\"blog-categories minor-meta\"><a href=\"https:\/\/www.144.ch\/it\/category\/news\/\" rel=\"tag\">News<\/a><\/span><\/div><\/header><span class=\"av-vertical-delimiter\"><\/span><div class=\"entry-content\" ><p>Definition12 GmbH, il nostro partner informatico per il nostro prodotto SMEDRIX, ha creato un sito internet\u00a0https:\/\/www.smedrix.app\u00a0\u00a0(al momento soltanto in lingua tedesca) per promuovere la versione App. Visita il sito e conosci SMEDRIX App e le sue funzionalit\u00e0. Se preferisci la versione stampata su carta, consulta il nostro shop online. https:\/\/www.144.ch\/it\/shop\/<\/p>\n<div class=\"read-more-link\"><a href=\"https:\/\/www.144.ch\/it\/smedrix-app\/\" class=\"more-link\">Continua a leggere<span class='more-link-arrow avia-svg-icon avia-font-svg_entypo-fontello' data-av_svg_icon='right-open-big' data-av_iconset='svg_entypo-fontello'><svg version=\"1.1\" xmlns=\"http:\/\/www.w3.org\/2000\/svg\" width=\"15\" height=\"32\" viewBox=\"0 0 15 32\" preserveAspectRatio=\"xMidYMid meet\" role=\"graphics-symbol\" aria-hidden=\"true\">\n<path d=\"M0.416 27.84l11.456-11.84-11.456-11.904q-0.832-0.832 0-1.536 0.832-0.832 1.536 0l12.544 12.608q0.768 0.832 0 1.6l-12.544 12.608q-0.704 0.832-1.536 0-0.832-0.704 0-1.536z\"><\/path>\n<\/svg><\/span><\/a><\/div>\n<\/div><span class=\"post-meta-infos\"><time class=\"date-container minor-meta updated\" >29. Settembre 2023<\/time><\/span><footer class=\"entry-footer\"><\/footer><div class='post_delimiter'><\/div><\/div><div class=\"post_author_timeline\"><\/div><\/article><article class=\"post-entry post-entry-type-standard post-entry-36183 post-loop-22 post-parity-even single-small with-slider post-36183 post type-post status-publish format-standard has-post-thumbnail hentry category-news\" ><div class=\"blog-meta\"><a href='https:\/\/www.144.ch\/it\/aussergewoehnliche-neuigkeiten-auf-dem-bereich-der-praeklinischen-forschung\/' class='small-preview'  title=\"wirkungsmesseung_news\"  ><img decoding=\"async\" loading=\"lazy\" width=\"180\" height=\"180\" src=\"https:\/\/www.144.ch\/wp-content\/uploads\/2023\/03\/wirkungsmesseung_news-180x180.jpg\" class=\"wp-image-33952 avia-img-lazy-loading-33952 attachment-square size-square wp-post-image\" alt=\"\" srcset=\"https:\/\/www.144.ch\/wp-content\/uploads\/2023\/03\/wirkungsmesseung_news-180x180.jpg 180w, https:\/\/www.144.ch\/wp-content\/uploads\/2023\/03\/wirkungsmesseung_news-80x80.jpg 80w, https:\/\/www.144.ch\/wp-content\/uploads\/2023\/03\/wirkungsmesseung_news-36x36.jpg 36w, https:\/\/www.144.ch\/wp-content\/uploads\/2023\/03\/wirkungsmesseung_news-120x120.jpg 120w, https:\/\/www.144.ch\/wp-content\/uploads\/2023\/03\/wirkungsmesseung_news-450x450.jpg 450w, https:\/\/www.144.ch\/wp-content\/uploads\/2023\/03\/wirkungsmesseung_news-300x300.jpg 300w, https:\/\/www.144.ch\/wp-content\/uploads\/2023\/03\/wirkungsmesseung_news-100x100.jpg 100w\" sizes=\"auto, (max-width: 180px) 100vw, 180px\" \/><span class='iconfont avia-svg-icon avia-font-svg_entypo-fontello' data-av_svg_icon='pencil' data-av_iconset='svg_entypo-fontello' ><svg version=\"1.1\" xmlns=\"http:\/\/www.w3.org\/2000\/svg\" width=\"25\" height=\"32\" viewBox=\"0 0 25 32\" preserveAspectRatio=\"xMidYMid meet\" role=\"graphics-symbol\" aria-hidden=\"true\">\n<path d=\"M22.976 5.44q1.024 1.024 1.504 2.048t0.48 1.536v0.512l-8.064 8.064-9.28 9.216-7.616 1.664 1.6-7.68 9.28-9.216 8.064-8.064q1.728-0.384 4.032 1.92zM7.168 25.92l0.768-0.768q-0.064-1.408-1.664-3.008-0.704-0.704-1.44-1.12t-1.12-0.416l-0.448-0.064-0.704 0.768-0.576 2.56q0.896 0.512 1.472 1.088 0.768 0.768 1.152 1.536z\"><\/path>\n<\/svg><\/span><\/a><\/div><div class='entry-content-wrapper clearfix standard-content'><header class=\"entry-content-header\" aria-label=\"Post: Novit\u00e0 straordinaria nel campo della ricerca preospedaliera\"><div class=\"av-heading-wrapper\"><h2 class='post-title entry-title ' ><a href=\"https:\/\/www.144.ch\/it\/aussergewoehnliche-neuigkeiten-auf-dem-bereich-der-praeklinischen-forschung\/\" rel=\"bookmark\" title=\"Link Permanente: Novit\u00e0 straordinaria nel campo della ricerca preospedaliera\">Novit\u00e0 straordinaria nel campo della ricerca preospedaliera<span class=\"post-format-icon minor-meta\"><\/span><\/a><\/h2><span class=\"blog-categories minor-meta\"><a href=\"https:\/\/www.144.ch\/it\/category\/news\/\" rel=\"tag\">News<\/a><\/span><\/div><\/header><span class=\"av-vertical-delimiter\"><\/span><div class=\"entry-content\" ><p>L&#8217;IAS \u00e8 orgogliosa di presentare il lancio del nuovo portale online dedicato agli studi scientifici in ambito preospedaliero su www.144.ch\/it\/portale-di-studio Condivisione di studi scientifici: La nostra missione \u00e8 quella di promuovere la condivisione di informazioni ed esperienze tra gli operatori sanitari, i ricercatori e gli appassionati del settore preospedaliero. Ogni studio pu\u00f2 fare la differenza, [&hellip;]<\/p>\n<div class=\"read-more-link\"><a href=\"https:\/\/www.144.ch\/it\/aussergewoehnliche-neuigkeiten-auf-dem-bereich-der-praeklinischen-forschung\/\" class=\"more-link\">Continua a leggere<span class='more-link-arrow avia-svg-icon avia-font-svg_entypo-fontello' data-av_svg_icon='right-open-big' data-av_iconset='svg_entypo-fontello'><svg version=\"1.1\" xmlns=\"http:\/\/www.w3.org\/2000\/svg\" width=\"15\" height=\"32\" viewBox=\"0 0 15 32\" preserveAspectRatio=\"xMidYMid meet\" role=\"graphics-symbol\" aria-hidden=\"true\">\n<path d=\"M0.416 27.84l11.456-11.84-11.456-11.904q-0.832-0.832 0-1.536 0.832-0.832 1.536 0l12.544 12.608q0.768 0.832 0 1.6l-12.544 12.608q-0.704 0.832-1.536 0-0.832-0.704 0-1.536z\"><\/path>\n<\/svg><\/span><\/a><\/div>\n<\/div><span class=\"post-meta-infos\"><time class=\"date-container minor-meta updated\" >19. Luglio 2023<\/time><\/span><footer class=\"entry-footer\"><\/footer><div class='post_delimiter'><\/div><\/div><div class=\"post_author_timeline\"><\/div><\/article><article class=\"post-entry post-entry-type-standard post-entry-35481 post-loop-23 post-parity-odd single-small with-slider post-35481 post type-post status-publish format-standard has-post-thumbnail hentry category-news\" ><div class=\"blog-meta\"><a href='https:\/\/www.144.ch\/it\/weiterentwicklung-des-notrufsystems-in-der-schweiz\/' class='small-preview'  title=\"144news\"  ><img decoding=\"async\" loading=\"lazy\" width=\"180\" height=\"180\" src=\"https:\/\/www.144.ch\/wp-content\/uploads\/2021\/07\/144news-180x180.jpg\" class=\"wp-image-25220 avia-img-lazy-loading-25220 attachment-square size-square wp-post-image\" alt=\"\" srcset=\"https:\/\/www.144.ch\/wp-content\/uploads\/2021\/07\/144news-180x180.jpg 180w, https:\/\/www.144.ch\/wp-content\/uploads\/2021\/07\/144news-80x80.jpg 80w, https:\/\/www.144.ch\/wp-content\/uploads\/2021\/07\/144news-36x36.jpg 36w, https:\/\/www.144.ch\/wp-content\/uploads\/2021\/07\/144news-100x100.jpg 100w, https:\/\/www.144.ch\/wp-content\/uploads\/2021\/07\/144news-300x300.jpg 300w\" sizes=\"auto, (max-width: 180px) 100vw, 180px\" \/><span class='iconfont avia-svg-icon avia-font-svg_entypo-fontello' data-av_svg_icon='pencil' data-av_iconset='svg_entypo-fontello' ><svg version=\"1.1\" xmlns=\"http:\/\/www.w3.org\/2000\/svg\" width=\"25\" height=\"32\" viewBox=\"0 0 25 32\" preserveAspectRatio=\"xMidYMid meet\" role=\"graphics-symbol\" aria-hidden=\"true\">\n<path d=\"M22.976 5.44q1.024 1.024 1.504 2.048t0.48 1.536v0.512l-8.064 8.064-9.28 9.216-7.616 1.664 1.6-7.68 9.28-9.216 8.064-8.064q1.728-0.384 4.032 1.92zM7.168 25.92l0.768-0.768q-0.064-1.408-1.664-3.008-0.704-0.704-1.44-1.12t-1.12-0.416l-0.448-0.064-0.704 0.768-0.576 2.56q0.896 0.512 1.472 1.088 0.768 0.768 1.152 1.536z\"><\/path>\n<\/svg><\/span><\/a><\/div><div class='entry-content-wrapper clearfix standard-content'><header class=\"entry-content-header\" aria-label=\"Post: Ampliamento del sistema di chiamata d&#8217;emergenza in Svizzera\"><div class=\"av-heading-wrapper\"><h2 class='post-title entry-title ' ><a href=\"https:\/\/www.144.ch\/it\/weiterentwicklung-des-notrufsystems-in-der-schweiz\/\" rel=\"bookmark\" title=\"Link Permanente: Ampliamento del sistema di chiamata d&#8217;emergenza in Svizzera\">Ampliamento del sistema di chiamata d&#8217;emergenza in Svizzera<span class=\"post-format-icon minor-meta\"><\/span><\/a><\/h2><span class=\"blog-categories minor-meta\"><a href=\"https:\/\/www.144.ch\/it\/category\/news\/\" rel=\"tag\">News<\/a><\/span><\/div><\/header><span class=\"av-vertical-delimiter\"><\/span><div class=\"entry-content\" ><p>Il sistema di chiamata d&#8217;emergenza deve essere pi\u00f9 affidabile in Svizzera. Un nuovo modello di riferimento per la trasmissione delle chiamate di emergenza mostra gli standard e i servizi che i diversi attori devono soddisfare al fine di ridurre il rischio di interruzioni e aumentare la disponibilit\u00e0 per la popolazione in Svizzera. Le organizzazioni di [&hellip;]<\/p>\n<div class=\"read-more-link\"><a href=\"https:\/\/www.144.ch\/it\/weiterentwicklung-des-notrufsystems-in-der-schweiz\/\" class=\"more-link\">Continua a leggere<span class='more-link-arrow avia-svg-icon avia-font-svg_entypo-fontello' data-av_svg_icon='right-open-big' data-av_iconset='svg_entypo-fontello'><svg version=\"1.1\" xmlns=\"http:\/\/www.w3.org\/2000\/svg\" width=\"15\" height=\"32\" viewBox=\"0 0 15 32\" preserveAspectRatio=\"xMidYMid meet\" role=\"graphics-symbol\" aria-hidden=\"true\">\n<path d=\"M0.416 27.84l11.456-11.84-11.456-11.904q-0.832-0.832 0-1.536 0.832-0.832 1.536 0l12.544 12.608q0.768 0.832 0 1.6l-12.544 12.608q-0.704 0.832-1.536 0-0.832-0.704 0-1.536z\"><\/path>\n<\/svg><\/span><\/a><\/div>\n<\/div><span class=\"post-meta-infos\"><time class=\"date-container minor-meta updated\" >20. Giugno 2023<\/time><\/span><footer class=\"entry-footer\"><\/footer><div class='post_delimiter'><\/div><\/div><div class=\"post_author_timeline\"><\/div><\/article><article class=\"post-entry post-entry-type-standard post-entry-35228 post-loop-24 post-parity-even single-small with-slider post-35228 post type-post status-publish format-standard has-post-thumbnail hentry category-news\" ><div class=\"blog-meta\"><a href='https:\/\/www.144.ch\/it\/next-best\/' class='small-preview'  title=\"144news\"  ><img decoding=\"async\" loading=\"lazy\" width=\"180\" height=\"180\" src=\"https:\/\/www.144.ch\/wp-content\/uploads\/2021\/07\/144news-180x180.jpg\" class=\"wp-image-25220 avia-img-lazy-loading-25220 attachment-square size-square wp-post-image\" alt=\"\" srcset=\"https:\/\/www.144.ch\/wp-content\/uploads\/2021\/07\/144news-180x180.jpg 180w, https:\/\/www.144.ch\/wp-content\/uploads\/2021\/07\/144news-80x80.jpg 80w, https:\/\/www.144.ch\/wp-content\/uploads\/2021\/07\/144news-36x36.jpg 36w, https:\/\/www.144.ch\/wp-content\/uploads\/2021\/07\/144news-100x100.jpg 100w, https:\/\/www.144.ch\/wp-content\/uploads\/2021\/07\/144news-300x300.jpg 300w\" sizes=\"auto, (max-width: 180px) 100vw, 180px\" \/><span class='iconfont avia-svg-icon avia-font-svg_entypo-fontello' data-av_svg_icon='pencil' data-av_iconset='svg_entypo-fontello' ><svg version=\"1.1\" xmlns=\"http:\/\/www.w3.org\/2000\/svg\" width=\"25\" height=\"32\" viewBox=\"0 0 25 32\" preserveAspectRatio=\"xMidYMid meet\" role=\"graphics-symbol\" aria-hidden=\"true\">\n<path d=\"M22.976 5.44q1.024 1.024 1.504 2.048t0.48 1.536v0.512l-8.064 8.064-9.28 9.216-7.616 1.664 1.6-7.68 9.28-9.216 8.064-8.064q1.728-0.384 4.032 1.92zM7.168 25.92l0.768-0.768q-0.064-1.408-1.664-3.008-0.704-0.704-1.44-1.12t-1.12-0.416l-0.448-0.064-0.704 0.768-0.576 2.56q0.896 0.512 1.472 1.088 0.768 0.768 1.152 1.536z\"><\/path>\n<\/svg><\/span><\/a><\/div><div class='entry-content-wrapper clearfix standard-content'><header class=\"entry-content-header\" aria-label=\"Post: Next-best\"><div class=\"av-heading-wrapper\"><h2 class='post-title entry-title ' ><a href=\"https:\/\/www.144.ch\/it\/next-best\/\" rel=\"bookmark\" title=\"Link Permanente: Next-best\">Next-best<span class=\"post-format-icon minor-meta\"><\/span><\/a><\/h2><span class=\"blog-categories minor-meta\"><a href=\"https:\/\/www.144.ch\/it\/category\/news\/\" rel=\"tag\">News<\/a><\/span><\/div><\/header><span class=\"av-vertical-delimiter\"><\/span><div class=\"entry-content\" ><p>Per spiegare chiaramente il principio next-best, Schutz &amp; Rettung Z\u00fcrich ha creato il video &#8211; \u00abNur die schnellste und beste Hilfe z\u00e4hlt im Notfall! | N\u00e4chst-Best-Prinzip einfach erkl\u00e4rt\u00bb (Solo l&#8217;aiuto pi\u00f9 veloce e migliore conta in caso di emergenza! | Il principio\u00a0 next-best \u00e8 spiegato in modo semplice). Questo principio gioca un ruolo decisivo anche [&hellip;]<\/p>\n<div class=\"read-more-link\"><a href=\"https:\/\/www.144.ch\/it\/next-best\/\" class=\"more-link\">Continua a leggere<span class='more-link-arrow avia-svg-icon avia-font-svg_entypo-fontello' data-av_svg_icon='right-open-big' data-av_iconset='svg_entypo-fontello'><svg version=\"1.1\" xmlns=\"http:\/\/www.w3.org\/2000\/svg\" width=\"15\" height=\"32\" viewBox=\"0 0 15 32\" preserveAspectRatio=\"xMidYMid meet\" role=\"graphics-symbol\" aria-hidden=\"true\">\n<path d=\"M0.416 27.84l11.456-11.84-11.456-11.904q-0.832-0.832 0-1.536 0.832-0.832 1.536 0l12.544 12.608q0.768 0.832 0 1.6l-12.544 12.608q-0.704 0.832-1.536 0-0.832-0.704 0-1.536z\"><\/path>\n<\/svg><\/span><\/a><\/div>\n<\/div><span class=\"post-meta-infos\"><time class=\"date-container minor-meta updated\" >1. Giugno 2023<\/time><\/span><footer class=\"entry-footer\"><\/footer><div class='post_delimiter'><\/div><\/div><div class=\"post_author_timeline\"><\/div><\/article><article class=\"post-entry post-entry-type-standard post-entry-35078 post-loop-25 post-parity-odd single-small with-slider post-35078 post type-post status-publish format-standard has-post-thumbnail hentry category-news\" ><div class=\"blog-meta\"><a href='https:\/\/www.144.ch\/it\/gruendung-der-neuen-smedrix-arbeitsgruppe\/' class='small-preview'  title=\"News_Klinik&amp;Wissenschaft\"  ><img decoding=\"async\" loading=\"lazy\" width=\"180\" height=\"180\" src=\"https:\/\/www.144.ch\/wp-content\/uploads\/2021\/06\/News_KlinikWissenschaft-180x180.jpg\" class=\"wp-image-24879 avia-img-lazy-loading-24879 attachment-square size-square wp-post-image\" alt=\"\" srcset=\"https:\/\/www.144.ch\/wp-content\/uploads\/2021\/06\/News_KlinikWissenschaft-180x180.jpg 180w, https:\/\/www.144.ch\/wp-content\/uploads\/2021\/06\/News_KlinikWissenschaft-80x80.jpg 80w, https:\/\/www.144.ch\/wp-content\/uploads\/2021\/06\/News_KlinikWissenschaft-36x36.jpg 36w, https:\/\/www.144.ch\/wp-content\/uploads\/2021\/06\/News_KlinikWissenschaft-100x100.jpg 100w, https:\/\/www.144.ch\/wp-content\/uploads\/2021\/06\/News_KlinikWissenschaft-300x300.jpg 300w\" sizes=\"auto, (max-width: 180px) 100vw, 180px\" \/><span class='iconfont avia-svg-icon avia-font-svg_entypo-fontello' data-av_svg_icon='pencil' data-av_iconset='svg_entypo-fontello' ><svg version=\"1.1\" xmlns=\"http:\/\/www.w3.org\/2000\/svg\" width=\"25\" height=\"32\" viewBox=\"0 0 25 32\" preserveAspectRatio=\"xMidYMid meet\" role=\"graphics-symbol\" aria-hidden=\"true\">\n<path d=\"M22.976 5.44q1.024 1.024 1.504 2.048t0.48 1.536v0.512l-8.064 8.064-9.28 9.216-7.616 1.664 1.6-7.68 9.28-9.216 8.064-8.064q1.728-0.384 4.032 1.92zM7.168 25.92l0.768-0.768q-0.064-1.408-1.664-3.008-0.704-0.704-1.44-1.12t-1.12-0.416l-0.448-0.064-0.704 0.768-0.576 2.56q0.896 0.512 1.472 1.088 0.768 0.768 1.152 1.536z\"><\/path>\n<\/svg><\/span><\/a><\/div><div class='entry-content-wrapper clearfix standard-content'><header class=\"entry-content-header\" aria-label=\"Post: Costituzione nuovo gruppo di lavoro SMEDRIX\"><div class=\"av-heading-wrapper\"><h2 class='post-title entry-title ' ><a href=\"https:\/\/www.144.ch\/it\/gruendung-der-neuen-smedrix-arbeitsgruppe\/\" rel=\"bookmark\" title=\"Link Permanente: Costituzione nuovo gruppo di lavoro SMEDRIX\">Costituzione nuovo gruppo di lavoro SMEDRIX<span class=\"post-format-icon minor-meta\"><\/span><\/a><\/h2><span class=\"blog-categories minor-meta\"><a href=\"https:\/\/www.144.ch\/it\/category\/news\/\" rel=\"tag\">News<\/a><\/span><\/div><\/header><span class=\"av-vertical-delimiter\"><\/span><div class=\"entry-content\" ><p>L\u2019IAS sta ricostituendo il gruppo di lavoro SMEDRIX e sta cercando soccorritori e medici d&#8217;urgenza. Unisciti a noi e fai parte di un gruppo stimolante e inclusivo in cui la diversit\u00e0 \u00e8 valorizzata e le competenze sono al centro dell&#8217;attenzione. Registrati ora e preparati a contribuire al successo del progetto con professionisti appassionati e di [&hellip;]<\/p>\n<div class=\"read-more-link\"><a href=\"https:\/\/www.144.ch\/it\/gruendung-der-neuen-smedrix-arbeitsgruppe\/\" class=\"more-link\">Continua a leggere<span class='more-link-arrow avia-svg-icon avia-font-svg_entypo-fontello' data-av_svg_icon='right-open-big' data-av_iconset='svg_entypo-fontello'><svg version=\"1.1\" xmlns=\"http:\/\/www.w3.org\/2000\/svg\" width=\"15\" height=\"32\" viewBox=\"0 0 15 32\" preserveAspectRatio=\"xMidYMid meet\" role=\"graphics-symbol\" aria-hidden=\"true\">\n<path d=\"M0.416 27.84l11.456-11.84-11.456-11.904q-0.832-0.832 0-1.536 0.832-0.832 1.536 0l12.544 12.608q0.768 0.832 0 1.6l-12.544 12.608q-0.704 0.832-1.536 0-0.832-0.704 0-1.536z\"><\/path>\n<\/svg><\/span><\/a><\/div>\n<\/div><span class=\"post-meta-infos\"><time class=\"date-container minor-meta updated\" >23. Maggio 2023<\/time><\/span><footer class=\"entry-footer\"><\/footer><div class='post_delimiter'><\/div><\/div><div class=\"post_author_timeline\"><\/div><\/article><article class=\"post-entry post-entry-type-standard post-entry-34920 post-loop-26 post-parity-even single-small with-slider post-34920 post type-post status-publish format-standard has-post-thumbnail hentry category-news\" ><div class=\"blog-meta\"><a href='https:\/\/www.144.ch\/it\/online-lernplattform-zum-safe-at-work-schulungskit-rettungsdienst\/' class='small-preview'  title=\"RD_News\"  ><img decoding=\"async\" loading=\"lazy\" width=\"180\" height=\"180\" src=\"https:\/\/www.144.ch\/wp-content\/uploads\/2021\/11\/RD_News-1-180x180.jpg\" class=\"wp-image-26223 avia-img-lazy-loading-26223 attachment-square size-square wp-post-image\" alt=\"\" srcset=\"https:\/\/www.144.ch\/wp-content\/uploads\/2021\/11\/RD_News-1-180x180.jpg 180w, https:\/\/www.144.ch\/wp-content\/uploads\/2021\/11\/RD_News-1-80x80.jpg 80w, https:\/\/www.144.ch\/wp-content\/uploads\/2021\/11\/RD_News-1-36x36.jpg 36w, https:\/\/www.144.ch\/wp-content\/uploads\/2021\/11\/RD_News-1-100x100.jpg 100w, https:\/\/www.144.ch\/wp-content\/uploads\/2021\/11\/RD_News-1-300x300.jpg 300w\" sizes=\"auto, (max-width: 180px) 100vw, 180px\" \/><span class='iconfont avia-svg-icon avia-font-svg_entypo-fontello' data-av_svg_icon='pencil' data-av_iconset='svg_entypo-fontello' ><svg version=\"1.1\" xmlns=\"http:\/\/www.w3.org\/2000\/svg\" width=\"25\" height=\"32\" viewBox=\"0 0 25 32\" preserveAspectRatio=\"xMidYMid meet\" role=\"graphics-symbol\" aria-hidden=\"true\">\n<path d=\"M22.976 5.44q1.024 1.024 1.504 2.048t0.48 1.536v0.512l-8.064 8.064-9.28 9.216-7.616 1.664 1.6-7.68 9.28-9.216 8.064-8.064q1.728-0.384 4.032 1.92zM7.168 25.92l0.768-0.768q-0.064-1.408-1.664-3.008-0.704-0.704-1.44-1.12t-1.12-0.416l-0.448-0.064-0.704 0.768-0.576 2.56q0.896 0.512 1.472 1.088 0.768 0.768 1.152 1.536z\"><\/path>\n<\/svg><\/span><\/a><\/div><div class='entry-content-wrapper clearfix standard-content'><header class=\"entry-content-header\" aria-label=\"Post: Piattaforma di apprendimento online per il servizio di soccorso del kit di formazione SAFE AT WORK\"><div class=\"av-heading-wrapper\"><h2 class='post-title entry-title ' ><a href=\"https:\/\/www.144.ch\/it\/online-lernplattform-zum-safe-at-work-schulungskit-rettungsdienst\/\" rel=\"bookmark\" title=\"Link Permanente: Piattaforma di apprendimento online per il servizio di soccorso del kit di formazione SAFE AT WORK\">Piattaforma di apprendimento online per il servizio di soccorso del kit di formazione SAFE AT WORK<span class=\"post-format-icon minor-meta\"><\/span><\/a><\/h2><span class=\"blog-categories minor-meta\"><a href=\"https:\/\/www.144.ch\/it\/category\/news\/\" rel=\"tag\">News<\/a><\/span><\/div><\/header><span class=\"av-vertical-delimiter\"><\/span><div class=\"entry-content\" ><p>Per supportare il pacchetto di apprendimento, SAFE AT WORK ha creato una piattaforma di apprendimento sulla quale i contenuti del nostro kit di formazione possono essere trasmessi in modo durevole e verificati da un controllo automatico dell\u2019apprendimento.. Sono disponibili 20 lezioni per l&#8217;insegnamento dei contenuti e rispondere a domande a scelta multipla; ogni utente pu\u00f2 [&hellip;]<\/p>\n<div class=\"read-more-link\"><a href=\"https:\/\/www.144.ch\/it\/online-lernplattform-zum-safe-at-work-schulungskit-rettungsdienst\/\" class=\"more-link\">Continua a leggere<span class='more-link-arrow avia-svg-icon avia-font-svg_entypo-fontello' data-av_svg_icon='right-open-big' data-av_iconset='svg_entypo-fontello'><svg version=\"1.1\" xmlns=\"http:\/\/www.w3.org\/2000\/svg\" width=\"15\" height=\"32\" viewBox=\"0 0 15 32\" preserveAspectRatio=\"xMidYMid meet\" role=\"graphics-symbol\" aria-hidden=\"true\">\n<path d=\"M0.416 27.84l11.456-11.84-11.456-11.904q-0.832-0.832 0-1.536 0.832-0.832 1.536 0l12.544 12.608q0.768 0.832 0 1.6l-12.544 12.608q-0.704 0.832-1.536 0-0.832-0.704 0-1.536z\"><\/path>\n<\/svg><\/span><\/a><\/div>\n<\/div><span class=\"post-meta-infos\"><time class=\"date-container minor-meta updated\" >9. Maggio 2023<\/time><\/span><footer class=\"entry-footer\"><\/footer><div class='post_delimiter'><\/div><\/div><div class=\"post_author_timeline\"><\/div><\/article><article class=\"post-entry post-entry-type-standard post-entry-34507 post-loop-27 post-parity-odd single-small with-slider post-34507 post type-post status-publish format-standard has-post-thumbnail hentry category-news\" ><div class=\"blog-meta\"><a href='https:\/\/www.144.ch\/it\/nationaler_aktionstag_2023_news_fotos\/' class='small-preview'  title=\"144_News\"  ><img decoding=\"async\" loading=\"lazy\" width=\"180\" height=\"180\" src=\"https:\/\/www.144.ch\/wp-content\/uploads\/2023\/04\/144_News-180x180.jpg\" class=\"wp-image-34502 avia-img-lazy-loading-34502 attachment-square size-square wp-post-image\" alt=\"\" srcset=\"https:\/\/www.144.ch\/wp-content\/uploads\/2023\/04\/144_News-180x180.jpg 180w, https:\/\/www.144.ch\/wp-content\/uploads\/2023\/04\/144_News-80x80.jpg 80w, https:\/\/www.144.ch\/wp-content\/uploads\/2023\/04\/144_News-36x36.jpg 36w, https:\/\/www.144.ch\/wp-content\/uploads\/2023\/04\/144_News-120x120.jpg 120w, https:\/\/www.144.ch\/wp-content\/uploads\/2023\/04\/144_News-450x450.jpg 450w, https:\/\/www.144.ch\/wp-content\/uploads\/2023\/04\/144_News-300x300.jpg 300w, https:\/\/www.144.ch\/wp-content\/uploads\/2023\/04\/144_News-100x100.jpg 100w\" sizes=\"auto, (max-width: 180px) 100vw, 180px\" \/><span class='iconfont avia-svg-icon avia-font-svg_entypo-fontello' data-av_svg_icon='pencil' data-av_iconset='svg_entypo-fontello' ><svg version=\"1.1\" xmlns=\"http:\/\/www.w3.org\/2000\/svg\" width=\"25\" height=\"32\" viewBox=\"0 0 25 32\" preserveAspectRatio=\"xMidYMid meet\" role=\"graphics-symbol\" aria-hidden=\"true\">\n<path d=\"M22.976 5.44q1.024 1.024 1.504 2.048t0.48 1.536v0.512l-8.064 8.064-9.28 9.216-7.616 1.664 1.6-7.68 9.28-9.216 8.064-8.064q1.728-0.384 4.032 1.92zM7.168 25.92l0.768-0.768q-0.064-1.408-1.664-3.008-0.704-0.704-1.44-1.12t-1.12-0.416l-0.448-0.064-0.704 0.768-0.576 2.56q0.896 0.512 1.472 1.088 0.768 0.768 1.152 1.536z\"><\/path>\n<\/svg><\/span><\/a><\/div><div class='entry-content-wrapper clearfix standard-content'><header class=\"entry-content-header\" aria-label=\"Post: Giornata d\u2019azione nazionale del 144\"><div class=\"av-heading-wrapper\"><h2 class='post-title entry-title ' ><a href=\"https:\/\/www.144.ch\/it\/nationaler_aktionstag_2023_news_fotos\/\" rel=\"bookmark\" title=\"Link Permanente: Giornata d\u2019azione nazionale del 144\">Giornata d\u2019azione nazionale del 144<span class=\"post-format-icon minor-meta\"><\/span><\/a><\/h2><span class=\"blog-categories minor-meta\"><a href=\"https:\/\/www.144.ch\/it\/category\/news\/\" rel=\"tag\">News<\/a><\/span><\/div><\/header><span class=\"av-vertical-delimiter\"><\/span><div class=\"entry-content\" ><p>Le prime foto della giornata nazionale d&#8217;azione 144 sono online. Se disponibili, si trovano sotto l&#8217;organizzazione (&#8220;Pics&#8221;) di riferimento. Seguiranno altre foto.<\/p>\n<div class=\"read-more-link\"><a href=\"https:\/\/www.144.ch\/it\/nationaler_aktionstag_2023_news_fotos\/\" class=\"more-link\">Continua a leggere<span class='more-link-arrow avia-svg-icon avia-font-svg_entypo-fontello' data-av_svg_icon='right-open-big' data-av_iconset='svg_entypo-fontello'><svg version=\"1.1\" xmlns=\"http:\/\/www.w3.org\/2000\/svg\" width=\"15\" height=\"32\" viewBox=\"0 0 15 32\" preserveAspectRatio=\"xMidYMid meet\" role=\"graphics-symbol\" aria-hidden=\"true\">\n<path d=\"M0.416 27.84l11.456-11.84-11.456-11.904q-0.832-0.832 0-1.536 0.832-0.832 1.536 0l12.544 12.608q0.768 0.832 0 1.6l-12.544 12.608q-0.704 0.832-1.536 0-0.832-0.704 0-1.536z\"><\/path>\n<\/svg><\/span><\/a><\/div>\n<\/div><span class=\"post-meta-infos\"><time class=\"date-container minor-meta updated\" >14. Aprile 2023<\/time><\/span><footer class=\"entry-footer\"><\/footer><div class='post_delimiter'><\/div><\/div><div class=\"post_author_timeline\"><\/div><\/article><article class=\"post-entry post-entry-type-standard post-entry-34056 post-loop-28 post-parity-even single-small with-slider post-34056 post type-post status-publish format-standard has-post-thumbnail hentry category-news\" ><div class=\"blog-meta\"><a href='https:\/\/www.144.ch\/it\/rasergesetz-erleichterung-fuer-blaulichtorganisationen-medienmitteilung-fks\/' class='small-preview'  title=\"RD_News\"  ><img decoding=\"async\" loading=\"lazy\" width=\"180\" height=\"180\" src=\"https:\/\/www.144.ch\/wp-content\/uploads\/2021\/11\/RD_News-1-180x180.jpg\" class=\"wp-image-26223 avia-img-lazy-loading-26223 attachment-square size-square wp-post-image\" alt=\"\" srcset=\"https:\/\/www.144.ch\/wp-content\/uploads\/2021\/11\/RD_News-1-180x180.jpg 180w, https:\/\/www.144.ch\/wp-content\/uploads\/2021\/11\/RD_News-1-80x80.jpg 80w, https:\/\/www.144.ch\/wp-content\/uploads\/2021\/11\/RD_News-1-36x36.jpg 36w, https:\/\/www.144.ch\/wp-content\/uploads\/2021\/11\/RD_News-1-100x100.jpg 100w, https:\/\/www.144.ch\/wp-content\/uploads\/2021\/11\/RD_News-1-300x300.jpg 300w\" sizes=\"auto, (max-width: 180px) 100vw, 180px\" \/><span class='iconfont avia-svg-icon avia-font-svg_entypo-fontello' data-av_svg_icon='pencil' data-av_iconset='svg_entypo-fontello' ><svg version=\"1.1\" xmlns=\"http:\/\/www.w3.org\/2000\/svg\" width=\"25\" height=\"32\" viewBox=\"0 0 25 32\" preserveAspectRatio=\"xMidYMid meet\" role=\"graphics-symbol\" aria-hidden=\"true\">\n<path d=\"M22.976 5.44q1.024 1.024 1.504 2.048t0.48 1.536v0.512l-8.064 8.064-9.28 9.216-7.616 1.664 1.6-7.68 9.28-9.216 8.064-8.064q1.728-0.384 4.032 1.92zM7.168 25.92l0.768-0.768q-0.064-1.408-1.664-3.008-0.704-0.704-1.44-1.12t-1.12-0.416l-0.448-0.064-0.704 0.768-0.576 2.56q0.896 0.512 1.472 1.088 0.768 0.768 1.152 1.536z\"><\/path>\n<\/svg><\/span><\/a><\/div><div class='entry-content-wrapper clearfix standard-content'><header class=\"entry-content-header\" aria-label=\"Post: Pirata della strada: Sollievo per le organizzazioni a luci blu &#8211; Comunicato stampa CSP\"><div class=\"av-heading-wrapper\"><h2 class='post-title entry-title ' ><a href=\"https:\/\/www.144.ch\/it\/rasergesetz-erleichterung-fuer-blaulichtorganisationen-medienmitteilung-fks\/\" rel=\"bookmark\" title=\"Link Permanente: Pirata della strada: Sollievo per le organizzazioni a luci blu &#8211; Comunicato stampa CSP\">Pirata della strada: Sollievo per le organizzazioni a luci blu &#8211; Comunicato stampa CSP<span class=\"post-format-icon minor-meta\"><\/span><\/a><\/h2><span class=\"blog-categories minor-meta\"><a href=\"https:\/\/www.144.ch\/it\/category\/news\/\" rel=\"tag\">News<\/a><\/span><\/div><\/header><span class=\"av-vertical-delimiter\"><\/span><div class=\"entry-content\" ><p>Nella votazione finale del 17 marzo in merito alle diverse modifiche alla Legge federale sulla circolazione stradale, il Parlamento ha approvato due agevolazioni a favore dei conducenti di veicoli equipaggiati con segnali prioritari. Legga il comunicato stampa della Coordinazione svizzera dei pompieri (CSP)<\/p>\n<div class=\"read-more-link\"><a href=\"https:\/\/www.144.ch\/it\/rasergesetz-erleichterung-fuer-blaulichtorganisationen-medienmitteilung-fks\/\" class=\"more-link\">Continua a leggere<span class='more-link-arrow avia-svg-icon avia-font-svg_entypo-fontello' data-av_svg_icon='right-open-big' data-av_iconset='svg_entypo-fontello'><svg version=\"1.1\" xmlns=\"http:\/\/www.w3.org\/2000\/svg\" width=\"15\" height=\"32\" viewBox=\"0 0 15 32\" preserveAspectRatio=\"xMidYMid meet\" role=\"graphics-symbol\" aria-hidden=\"true\">\n<path d=\"M0.416 27.84l11.456-11.84-11.456-11.904q-0.832-0.832 0-1.536 0.832-0.832 1.536 0l12.544 12.608q0.768 0.832 0 1.6l-12.544 12.608q-0.704 0.832-1.536 0-0.832-0.704 0-1.536z\"><\/path>\n<\/svg><\/span><\/a><\/div>\n<\/div><span class=\"post-meta-infos\"><time class=\"date-container minor-meta updated\" >23. Marzo 2023<\/time><\/span><footer class=\"entry-footer\"><\/footer><div class='post_delimiter'><\/div><\/div><div class=\"post_author_timeline\"><\/div><\/article><article class=\"post-entry post-entry-type-standard post-entry-34010 post-loop-29 post-parity-odd single-small with-slider post-34010 post type-post status-publish format-standard has-post-thumbnail hentry category-news\" ><div class=\"blog-meta\"><a href='https:\/\/www.144.ch\/it\/beschluss-ueber-die-zuordnung-der-behandlung-von-schwerverletzten-zur-hochspezialisierten-medizin-hsm\/' class='small-preview'  title=\"RD_News\"  ><img decoding=\"async\" loading=\"lazy\" width=\"180\" height=\"180\" src=\"https:\/\/www.144.ch\/wp-content\/uploads\/2021\/11\/RD_News-1-180x180.jpg\" class=\"wp-image-26223 avia-img-lazy-loading-26223 attachment-square size-square wp-post-image\" alt=\"\" srcset=\"https:\/\/www.144.ch\/wp-content\/uploads\/2021\/11\/RD_News-1-180x180.jpg 180w, https:\/\/www.144.ch\/wp-content\/uploads\/2021\/11\/RD_News-1-80x80.jpg 80w, https:\/\/www.144.ch\/wp-content\/uploads\/2021\/11\/RD_News-1-36x36.jpg 36w, https:\/\/www.144.ch\/wp-content\/uploads\/2021\/11\/RD_News-1-100x100.jpg 100w, https:\/\/www.144.ch\/wp-content\/uploads\/2021\/11\/RD_News-1-300x300.jpg 300w\" sizes=\"auto, (max-width: 180px) 100vw, 180px\" \/><span class='iconfont avia-svg-icon avia-font-svg_entypo-fontello' data-av_svg_icon='pencil' data-av_iconset='svg_entypo-fontello' ><svg version=\"1.1\" xmlns=\"http:\/\/www.w3.org\/2000\/svg\" width=\"25\" height=\"32\" viewBox=\"0 0 25 32\" preserveAspectRatio=\"xMidYMid meet\" role=\"graphics-symbol\" aria-hidden=\"true\">\n<path d=\"M22.976 5.44q1.024 1.024 1.504 2.048t0.48 1.536v0.512l-8.064 8.064-9.28 9.216-7.616 1.664 1.6-7.68 9.28-9.216 8.064-8.064q1.728-0.384 4.032 1.92zM7.168 25.92l0.768-0.768q-0.064-1.408-1.664-3.008-0.704-0.704-1.44-1.12t-1.12-0.416l-0.448-0.064-0.704 0.768-0.576 2.56q0.896 0.512 1.472 1.088 0.768 0.768 1.152 1.536z\"><\/path>\n<\/svg><\/span><\/a><\/div><div class='entry-content-wrapper clearfix standard-content'><header class=\"entry-content-header\" aria-label=\"Post: Decisione inerente all\u2019inserimento del trattamento di pazienti con traumi gravi nella medicina altamente specializzata (MAS)\"><div class=\"av-heading-wrapper\"><h2 class='post-title entry-title ' ><a href=\"https:\/\/www.144.ch\/it\/beschluss-ueber-die-zuordnung-der-behandlung-von-schwerverletzten-zur-hochspezialisierten-medizin-hsm\/\" rel=\"bookmark\" title=\"Link Permanente: Decisione inerente all\u2019inserimento del trattamento di pazienti con traumi gravi nella medicina altamente specializzata (MAS)\">Decisione inerente all\u2019inserimento del trattamento di pazienti con traumi gravi nella medicina altamente specializzata (MAS)<span class=\"post-format-icon minor-meta\"><\/span><\/a><\/h2><span class=\"blog-categories minor-meta\"><a href=\"https:\/\/www.144.ch\/it\/category\/news\/\" rel=\"tag\">News<\/a><\/span><\/div><\/header><span class=\"av-vertical-delimiter\"><\/span><div class=\"entry-content\" ><p>Dopo aver preso visione della proposta dell\u2019Organo scientifico MAS, l\u2019Organo decisionale previsto dalla Convenzione intercantonale sulla medicina altamente specializzata (Organo decisionale MAS), in occasione della seduta del 9 marzo 2023, conformemente all\u2019articolo 39 capoverso 2bis della legge federale sull\u2019assicurazione malattie (LAMal) del 18 marzo 1994 e all\u2019articolo 3 capoversi 3, 4 e 5 della Convenzione [&hellip;]<\/p>\n<div class=\"read-more-link\"><a href=\"https:\/\/www.144.ch\/it\/beschluss-ueber-die-zuordnung-der-behandlung-von-schwerverletzten-zur-hochspezialisierten-medizin-hsm\/\" class=\"more-link\">Continua a leggere<span class='more-link-arrow avia-svg-icon avia-font-svg_entypo-fontello' data-av_svg_icon='right-open-big' data-av_iconset='svg_entypo-fontello'><svg version=\"1.1\" xmlns=\"http:\/\/www.w3.org\/2000\/svg\" width=\"15\" height=\"32\" viewBox=\"0 0 15 32\" preserveAspectRatio=\"xMidYMid meet\" role=\"graphics-symbol\" aria-hidden=\"true\">\n<path d=\"M0.416 27.84l11.456-11.84-11.456-11.904q-0.832-0.832 0-1.536 0.832-0.832 1.536 0l12.544 12.608q0.768 0.832 0 1.6l-12.544 12.608q-0.704 0.832-1.536 0-0.832-0.704 0-1.536z\"><\/path>\n<\/svg><\/span><\/a><\/div>\n<\/div><span class=\"post-meta-infos\"><time class=\"date-container minor-meta updated\" >23. Marzo 2023<\/time><\/span><footer class=\"entry-footer\"><\/footer><div class='post_delimiter'><\/div><\/div><div class=\"post_author_timeline\"><\/div><\/article><article class=\"post-entry post-entry-type-standard post-entry-33751 post-loop-30 post-parity-even single-small with-slider post-33751 post type-post status-publish format-standard has-post-thumbnail hentry category-news\" ><div class=\"blog-meta\"><a href='https:\/\/www.144.ch\/it\/debut-de-la-collecte-de-donnees-systeme-de-sauvetage-ch\/' class='small-preview'  title=\"News_Klinik&amp;Wissenschaft\"  ><img decoding=\"async\" loading=\"lazy\" width=\"180\" height=\"180\" src=\"https:\/\/www.144.ch\/wp-content\/uploads\/2021\/06\/News_KlinikWissenschaft-180x180.jpg\" class=\"wp-image-24879 avia-img-lazy-loading-24879 attachment-square size-square wp-post-image\" alt=\"\" srcset=\"https:\/\/www.144.ch\/wp-content\/uploads\/2021\/06\/News_KlinikWissenschaft-180x180.jpg 180w, https:\/\/www.144.ch\/wp-content\/uploads\/2021\/06\/News_KlinikWissenschaft-80x80.jpg 80w, https:\/\/www.144.ch\/wp-content\/uploads\/2021\/06\/News_KlinikWissenschaft-36x36.jpg 36w, https:\/\/www.144.ch\/wp-content\/uploads\/2021\/06\/News_KlinikWissenschaft-100x100.jpg 100w, https:\/\/www.144.ch\/wp-content\/uploads\/2021\/06\/News_KlinikWissenschaft-300x300.jpg 300w\" sizes=\"auto, (max-width: 180px) 100vw, 180px\" \/><span class='iconfont avia-svg-icon avia-font-svg_entypo-fontello' data-av_svg_icon='pencil' data-av_iconset='svg_entypo-fontello' ><svg version=\"1.1\" xmlns=\"http:\/\/www.w3.org\/2000\/svg\" width=\"25\" height=\"32\" viewBox=\"0 0 25 32\" preserveAspectRatio=\"xMidYMid meet\" role=\"graphics-symbol\" aria-hidden=\"true\">\n<path d=\"M22.976 5.44q1.024 1.024 1.504 2.048t0.48 1.536v0.512l-8.064 8.064-9.28 9.216-7.616 1.664 1.6-7.68 9.28-9.216 8.064-8.064q1.728-0.384 4.032 1.92zM7.168 25.92l0.768-0.768q-0.064-1.408-1.664-3.008-0.704-0.704-1.44-1.12t-1.12-0.416l-0.448-0.064-0.704 0.768-0.576 2.56q0.896 0.512 1.472 1.088 0.768 0.768 1.152 1.536z\"><\/path>\n<\/svg><\/span><\/a><\/div><div class='entry-content-wrapper clearfix standard-content'><header class=\"entry-content-header\" aria-label=\"Post: Inizio della raccolta dati &#8220;Sistema di soccorso CH&#8221;\"><div class=\"av-heading-wrapper\"><h2 class='post-title entry-title ' ><a href=\"https:\/\/www.144.ch\/it\/debut-de-la-collecte-de-donnees-systeme-de-sauvetage-ch\/\" rel=\"bookmark\" title=\"Link Permanente: Inizio della raccolta dati &#8220;Sistema di soccorso CH&#8221;\">Inizio della raccolta dati &#8220;Sistema di soccorso CH&#8221;<span class=\"post-format-icon minor-meta\"><\/span><\/a><\/h2><span class=\"blog-categories minor-meta\"><a href=\"https:\/\/www.144.ch\/it\/category\/news\/\" rel=\"tag\">News<\/a><\/span><\/div><\/header><span class=\"av-vertical-delimiter\"><\/span><div class=\"entry-content\" ><p>I gruppi tecnici hanno definito una selezione di indicatori del sistema di soccorso che l&#8217;IAS vorrebbe raccogliere sistematicamente. L&#8217;indagine, attualmente in corso, comprende circa 20 dati strutturali chiave a cui possono rispondere i servizi di soccorso, le centrali per l&#8217;allarme sanitario urgente e le scuole sanitarie superiori. Dopo SWISSRECA, questa \u00e8 la prima indagine sistematica [&hellip;]<\/p>\n<div class=\"read-more-link\"><a href=\"https:\/\/www.144.ch\/it\/debut-de-la-collecte-de-donnees-systeme-de-sauvetage-ch\/\" class=\"more-link\">Continua a leggere<span class='more-link-arrow avia-svg-icon avia-font-svg_entypo-fontello' data-av_svg_icon='right-open-big' data-av_iconset='svg_entypo-fontello'><svg version=\"1.1\" xmlns=\"http:\/\/www.w3.org\/2000\/svg\" width=\"15\" height=\"32\" viewBox=\"0 0 15 32\" preserveAspectRatio=\"xMidYMid meet\" role=\"graphics-symbol\" aria-hidden=\"true\">\n<path d=\"M0.416 27.84l11.456-11.84-11.456-11.904q-0.832-0.832 0-1.536 0.832-0.832 1.536 0l12.544 12.608q0.768 0.832 0 1.6l-12.544 12.608q-0.704 0.832-1.536 0-0.832-0.704 0-1.536z\"><\/path>\n<\/svg><\/span><\/a><\/div>\n<\/div><span class=\"post-meta-infos\"><time class=\"date-container minor-meta updated\" >17. Marzo 2023<\/time><\/span><footer class=\"entry-footer\"><\/footer><div class='post_delimiter'><\/div><\/div><div class=\"post_author_timeline\"><\/div><\/article><article class=\"post-entry post-entry-type-standard post-entry-33581 post-loop-31 post-parity-odd single-small with-slider post-33581 post type-post status-publish format-standard has-post-thumbnail hentry category-news\" ><div class=\"blog-meta\"><a href='https:\/\/www.144.ch\/it\/art-26-27opas-article-publie-par-la-federation-romande-des-consommateurs\/' class='small-preview'  title=\"RD_News\"  ><img decoding=\"async\" loading=\"lazy\" width=\"180\" height=\"180\" src=\"https:\/\/www.144.ch\/wp-content\/uploads\/2021\/11\/RD_News-1-180x180.jpg\" class=\"wp-image-26223 avia-img-lazy-loading-26223 attachment-square size-square wp-post-image\" alt=\"\" srcset=\"https:\/\/www.144.ch\/wp-content\/uploads\/2021\/11\/RD_News-1-180x180.jpg 180w, https:\/\/www.144.ch\/wp-content\/uploads\/2021\/11\/RD_News-1-80x80.jpg 80w, https:\/\/www.144.ch\/wp-content\/uploads\/2021\/11\/RD_News-1-36x36.jpg 36w, https:\/\/www.144.ch\/wp-content\/uploads\/2021\/11\/RD_News-1-100x100.jpg 100w, https:\/\/www.144.ch\/wp-content\/uploads\/2021\/11\/RD_News-1-300x300.jpg 300w\" sizes=\"auto, (max-width: 180px) 100vw, 180px\" \/><span class='iconfont avia-svg-icon avia-font-svg_entypo-fontello' data-av_svg_icon='pencil' data-av_iconset='svg_entypo-fontello' ><svg version=\"1.1\" xmlns=\"http:\/\/www.w3.org\/2000\/svg\" width=\"25\" height=\"32\" viewBox=\"0 0 25 32\" preserveAspectRatio=\"xMidYMid meet\" role=\"graphics-symbol\" aria-hidden=\"true\">\n<path d=\"M22.976 5.44q1.024 1.024 1.504 2.048t0.48 1.536v0.512l-8.064 8.064-9.28 9.216-7.616 1.664 1.6-7.68 9.28-9.216 8.064-8.064q1.728-0.384 4.032 1.92zM7.168 25.92l0.768-0.768q-0.064-1.408-1.664-3.008-0.704-0.704-1.44-1.12t-1.12-0.416l-0.448-0.064-0.704 0.768-0.576 2.56q0.896 0.512 1.472 1.088 0.768 0.768 1.152 1.536z\"><\/path>\n<\/svg><\/span><\/a><\/div><div class='entry-content-wrapper clearfix standard-content'><header class=\"entry-content-header\" aria-label=\"Post: Art. 26 &#038; 27 OPre: La Federazione romanda dei consumatori pubblica un articolo.\"><div class=\"av-heading-wrapper\"><h2 class='post-title entry-title ' ><a href=\"https:\/\/www.144.ch\/it\/art-26-27opas-article-publie-par-la-federation-romande-des-consommateurs\/\" rel=\"bookmark\" title=\"Link Permanente: Art. 26 &#038; 27 OPre: La Federazione romanda dei consumatori pubblica un articolo.\">Art. 26 &#038; 27 OPre: La Federazione romanda dei consumatori pubblica un articolo.<span class=\"post-format-icon minor-meta\"><\/span><\/a><\/h2><span class=\"blog-categories minor-meta\"><a href=\"https:\/\/www.144.ch\/it\/category\/news\/\" rel=\"tag\">News<\/a><\/span><\/div><\/header><span class=\"av-vertical-delimiter\"><\/span><div class=\"entry-content\" ><p>Il sistema di rimborso dopo un intervento potrebbe essere migliorato. Esso pone infatti grossi problemi di solvibilit\u00e0 che mettono a rischio non solo i pazienti, ma anche i servizi (eli-) ambulanza. Gli articoli 26 e 27 dell&#8217;OPre fanno ancora discutere e questo a giusta ragione. L&#8217;attuale ripartizione dei costi di soccorso e di trasporto e [&hellip;]<\/p>\n<div class=\"read-more-link\"><a href=\"https:\/\/www.144.ch\/it\/art-26-27opas-article-publie-par-la-federation-romande-des-consommateurs\/\" class=\"more-link\">Continua a leggere<span class='more-link-arrow avia-svg-icon avia-font-svg_entypo-fontello' data-av_svg_icon='right-open-big' data-av_iconset='svg_entypo-fontello'><svg version=\"1.1\" xmlns=\"http:\/\/www.w3.org\/2000\/svg\" width=\"15\" height=\"32\" viewBox=\"0 0 15 32\" preserveAspectRatio=\"xMidYMid meet\" role=\"graphics-symbol\" aria-hidden=\"true\">\n<path d=\"M0.416 27.84l11.456-11.84-11.456-11.904q-0.832-0.832 0-1.536 0.832-0.832 1.536 0l12.544 12.608q0.768 0.832 0 1.6l-12.544 12.608q-0.704 0.832-1.536 0-0.832-0.704 0-1.536z\"><\/path>\n<\/svg><\/span><\/a><\/div>\n<\/div><span class=\"post-meta-infos\"><time class=\"date-container minor-meta updated\" >13. Marzo 2023<\/time><\/span><footer class=\"entry-footer\"><\/footer><div class='post_delimiter'><\/div><\/div><div class=\"post_author_timeline\"><\/div><\/article><article class=\"post-entry post-entry-type-standard post-entry-33508 post-loop-32 post-parity-even single-small with-slider post-33508 post type-post status-publish format-standard has-post-thumbnail hentry category-news\" ><div class=\"blog-meta\"><a href='https:\/\/www.144.ch\/it\/swissreca-hat-den-meilenstein-von-30-000-registrierten-faellen-erreicht\/' class='small-preview'  title=\"swissreca_news\"  ><img decoding=\"async\" loading=\"lazy\" width=\"180\" height=\"180\" src=\"https:\/\/www.144.ch\/wp-content\/uploads\/2023\/03\/swissreca_news-180x180.jpg\" class=\"wp-image-33949 avia-img-lazy-loading-33949 attachment-square size-square wp-post-image\" alt=\"\" srcset=\"https:\/\/www.144.ch\/wp-content\/uploads\/2023\/03\/swissreca_news-180x180.jpg 180w, https:\/\/www.144.ch\/wp-content\/uploads\/2023\/03\/swissreca_news-80x80.jpg 80w, https:\/\/www.144.ch\/wp-content\/uploads\/2023\/03\/swissreca_news-36x36.jpg 36w, https:\/\/www.144.ch\/wp-content\/uploads\/2023\/03\/swissreca_news-120x120.jpg 120w, https:\/\/www.144.ch\/wp-content\/uploads\/2023\/03\/swissreca_news-450x450.jpg 450w, https:\/\/www.144.ch\/wp-content\/uploads\/2023\/03\/swissreca_news-300x300.jpg 300w, https:\/\/www.144.ch\/wp-content\/uploads\/2023\/03\/swissreca_news-100x100.jpg 100w\" sizes=\"auto, (max-width: 180px) 100vw, 180px\" \/><span class='iconfont avia-svg-icon avia-font-svg_entypo-fontello' data-av_svg_icon='pencil' data-av_iconset='svg_entypo-fontello' ><svg version=\"1.1\" xmlns=\"http:\/\/www.w3.org\/2000\/svg\" width=\"25\" height=\"32\" viewBox=\"0 0 25 32\" preserveAspectRatio=\"xMidYMid meet\" role=\"graphics-symbol\" aria-hidden=\"true\">\n<path d=\"M22.976 5.44q1.024 1.024 1.504 2.048t0.48 1.536v0.512l-8.064 8.064-9.28 9.216-7.616 1.664 1.6-7.68 9.28-9.216 8.064-8.064q1.728-0.384 4.032 1.92zM7.168 25.92l0.768-0.768q-0.064-1.408-1.664-3.008-0.704-0.704-1.44-1.12t-1.12-0.416l-0.448-0.064-0.704 0.768-0.576 2.56q0.896 0.512 1.472 1.088 0.768 0.768 1.152 1.536z\"><\/path>\n<\/svg><\/span><\/a><\/div><div class='entry-content-wrapper clearfix standard-content'><header class=\"entry-content-header\" aria-label=\"Post: Raggiunto il traguardo di 30&#8217;000 casi registrati in SWISSRECA\"><div class=\"av-heading-wrapper\"><h2 class='post-title entry-title ' ><a href=\"https:\/\/www.144.ch\/it\/swissreca-hat-den-meilenstein-von-30-000-registrierten-faellen-erreicht\/\" rel=\"bookmark\" title=\"Link Permanente: Raggiunto il traguardo di 30&#8217;000 casi registrati in SWISSRECA\">Raggiunto il traguardo di 30&#8217;000 casi registrati in SWISSRECA<span class=\"post-format-icon minor-meta\"><\/span><\/a><\/h2><span class=\"blog-categories minor-meta\"><a href=\"https:\/\/www.144.ch\/it\/category\/news\/\" rel=\"tag\">News<\/a><\/span><\/div><\/header><span class=\"av-vertical-delimiter\"><\/span><div class=\"entry-content\" ><p>Iniziato ufficialmente in luglio 2017 con l&#8217;adesione di soli 7 servizi ambulanza (primo assoluto \u00e8 stato Scuol), ad oggi quasi il 100% dei servizi ambulanza e CASU 144 immettono i propri dati nel registro SWISSRECA, un progetto fortemente voluto nel 2014 ed entrato in cantiere nel 2016. Con un numero cos\u00ec elevato di casi inclusi, [&hellip;]<\/p>\n<div class=\"read-more-link\"><a href=\"https:\/\/www.144.ch\/it\/swissreca-hat-den-meilenstein-von-30-000-registrierten-faellen-erreicht\/\" class=\"more-link\">Continua a leggere<span class='more-link-arrow avia-svg-icon avia-font-svg_entypo-fontello' data-av_svg_icon='right-open-big' data-av_iconset='svg_entypo-fontello'><svg version=\"1.1\" xmlns=\"http:\/\/www.w3.org\/2000\/svg\" width=\"15\" height=\"32\" viewBox=\"0 0 15 32\" preserveAspectRatio=\"xMidYMid meet\" role=\"graphics-symbol\" aria-hidden=\"true\">\n<path d=\"M0.416 27.84l11.456-11.84-11.456-11.904q-0.832-0.832 0-1.536 0.832-0.832 1.536 0l12.544 12.608q0.768 0.832 0 1.6l-12.544 12.608q-0.704 0.832-1.536 0-0.832-0.704 0-1.536z\"><\/path>\n<\/svg><\/span><\/a><\/div>\n<\/div><span class=\"post-meta-infos\"><time class=\"date-container minor-meta updated\" >7. Marzo 2023<\/time><\/span><footer class=\"entry-footer\"><\/footer><div class='post_delimiter'><\/div><\/div><div class=\"post_author_timeline\"><\/div><\/article><article class=\"post-entry post-entry-type-standard post-entry-30379 post-loop-33 post-parity-odd single-small with-slider post-30379 post type-post status-publish format-standard has-post-thumbnail hentry category-news\" ><div class=\"blog-meta\"><a href='https:\/\/www.144.ch\/it\/update-smedrix-3-2\/' class='small-preview'  title=\"News_First_AID\"  ><img decoding=\"async\" loading=\"lazy\" width=\"180\" height=\"180\" src=\"https:\/\/www.144.ch\/wp-content\/uploads\/2021\/09\/News_First_AID-180x180.jpg\" class=\"wp-image-25724 avia-img-lazy-loading-25724 attachment-square size-square wp-post-image\" alt=\"\" srcset=\"https:\/\/www.144.ch\/wp-content\/uploads\/2021\/09\/News_First_AID-180x180.jpg 180w, https:\/\/www.144.ch\/wp-content\/uploads\/2021\/09\/News_First_AID-80x80.jpg 80w, https:\/\/www.144.ch\/wp-content\/uploads\/2021\/09\/News_First_AID-36x36.jpg 36w, https:\/\/www.144.ch\/wp-content\/uploads\/2021\/09\/News_First_AID-100x100.jpg 100w, https:\/\/www.144.ch\/wp-content\/uploads\/2021\/09\/News_First_AID-300x300.jpg 300w\" sizes=\"auto, (max-width: 180px) 100vw, 180px\" \/><span class='iconfont avia-svg-icon avia-font-svg_entypo-fontello' data-av_svg_icon='pencil' data-av_iconset='svg_entypo-fontello' ><svg version=\"1.1\" xmlns=\"http:\/\/www.w3.org\/2000\/svg\" width=\"25\" height=\"32\" viewBox=\"0 0 25 32\" preserveAspectRatio=\"xMidYMid meet\" role=\"graphics-symbol\" aria-hidden=\"true\">\n<path d=\"M22.976 5.44q1.024 1.024 1.504 2.048t0.48 1.536v0.512l-8.064 8.064-9.28 9.216-7.616 1.664 1.6-7.68 9.28-9.216 8.064-8.064q1.728-0.384 4.032 1.92zM7.168 25.92l0.768-0.768q-0.064-1.408-1.664-3.008-0.704-0.704-1.44-1.12t-1.12-0.416l-0.448-0.064-0.704 0.768-0.576 2.56q0.896 0.512 1.472 1.088 0.768 0.768 1.152 1.536z\"><\/path>\n<\/svg><\/span><\/a><\/div><div class='entry-content-wrapper clearfix standard-content'><header class=\"entry-content-header\" aria-label=\"Post: Update SMEDRIX 3.2\"><div class=\"av-heading-wrapper\"><h2 class='post-title entry-title ' ><a href=\"https:\/\/www.144.ch\/it\/update-smedrix-3-2\/\" rel=\"bookmark\" title=\"Link Permanente: Update SMEDRIX 3.2\">Update SMEDRIX 3.2<span class=\"post-format-icon minor-meta\"><\/span><\/a><\/h2><span class=\"blog-categories minor-meta\"><a href=\"https:\/\/www.144.ch\/it\/category\/news\/\" rel=\"tag\">News<\/a><\/span><\/div><\/header><span class=\"av-vertical-delimiter\"><\/span><div class=\"entry-content\" ><p>SMEDRIX 3.2 Basic (D\/F\/I) \u00e8 disponibile in forma stampata e come app (IOS e Android). Novit\u00e0: sono disponibili Poster per scopi didattici. SMEDRIX 3.2 advanced (D\/F) \u00e8 disponibile in versione App (IOS e Android), consulta il tuo app store. Nel nostro shop \u00e8 disponibile la versione stampata. &nbsp;<\/p>\n<div class=\"read-more-link\"><a href=\"https:\/\/www.144.ch\/it\/update-smedrix-3-2\/\" class=\"more-link\">Continua a leggere<span class='more-link-arrow avia-svg-icon avia-font-svg_entypo-fontello' data-av_svg_icon='right-open-big' data-av_iconset='svg_entypo-fontello'><svg version=\"1.1\" xmlns=\"http:\/\/www.w3.org\/2000\/svg\" width=\"15\" height=\"32\" viewBox=\"0 0 15 32\" preserveAspectRatio=\"xMidYMid meet\" role=\"graphics-symbol\" aria-hidden=\"true\">\n<path d=\"M0.416 27.84l11.456-11.84-11.456-11.904q-0.832-0.832 0-1.536 0.832-0.832 1.536 0l12.544 12.608q0.768 0.832 0 1.6l-12.544 12.608q-0.704 0.832-1.536 0-0.832-0.704 0-1.536z\"><\/path>\n<\/svg><\/span><\/a><\/div>\n<\/div><span class=\"post-meta-infos\"><time class=\"date-container minor-meta updated\" >15. Febbraio 2023<\/time><\/span><footer class=\"entry-footer\"><\/footer><div class='post_delimiter'><\/div><\/div><div class=\"post_author_timeline\"><\/div><\/article><article class=\"post-entry post-entry-type-standard post-entry-32978 post-loop-34 post-parity-even single-small with-slider post-32978 post type-post status-publish format-standard has-post-thumbnail hentry category-news\" ><div class=\"blog-meta\"><a href='https:\/\/www.144.ch\/it\/presa-di-posizione-di-swiss-paramedic-sulla-carenza-di-personale-qualificato-nel-settore-del-soccorso-preospedaliero\/' class='small-preview'  title=\"RD_News\"  ><img decoding=\"async\" loading=\"lazy\" width=\"180\" height=\"180\" src=\"https:\/\/www.144.ch\/wp-content\/uploads\/2021\/11\/RD_News-1-180x180.jpg\" class=\"wp-image-26223 avia-img-lazy-loading-26223 attachment-square size-square wp-post-image\" alt=\"\" srcset=\"https:\/\/www.144.ch\/wp-content\/uploads\/2021\/11\/RD_News-1-180x180.jpg 180w, https:\/\/www.144.ch\/wp-content\/uploads\/2021\/11\/RD_News-1-80x80.jpg 80w, https:\/\/www.144.ch\/wp-content\/uploads\/2021\/11\/RD_News-1-36x36.jpg 36w, https:\/\/www.144.ch\/wp-content\/uploads\/2021\/11\/RD_News-1-100x100.jpg 100w, https:\/\/www.144.ch\/wp-content\/uploads\/2021\/11\/RD_News-1-300x300.jpg 300w\" sizes=\"auto, (max-width: 180px) 100vw, 180px\" \/><span class='iconfont avia-svg-icon avia-font-svg_entypo-fontello' data-av_svg_icon='pencil' data-av_iconset='svg_entypo-fontello' ><svg version=\"1.1\" xmlns=\"http:\/\/www.w3.org\/2000\/svg\" width=\"25\" height=\"32\" viewBox=\"0 0 25 32\" preserveAspectRatio=\"xMidYMid meet\" role=\"graphics-symbol\" aria-hidden=\"true\">\n<path d=\"M22.976 5.44q1.024 1.024 1.504 2.048t0.48 1.536v0.512l-8.064 8.064-9.28 9.216-7.616 1.664 1.6-7.68 9.28-9.216 8.064-8.064q1.728-0.384 4.032 1.92zM7.168 25.92l0.768-0.768q-0.064-1.408-1.664-3.008-0.704-0.704-1.44-1.12t-1.12-0.416l-0.448-0.064-0.704 0.768-0.576 2.56q0.896 0.512 1.472 1.088 0.768 0.768 1.152 1.536z\"><\/path>\n<\/svg><\/span><\/a><\/div><div class='entry-content-wrapper clearfix standard-content'><header class=\"entry-content-header\" aria-label=\"Post: Presa di posizione di Swiss Paramedic sulla carenza di personale qualificato nel settore del soccorso preospedaliero\"><div class=\"av-heading-wrapper\"><h2 class='post-title entry-title ' ><a href=\"https:\/\/www.144.ch\/it\/presa-di-posizione-di-swiss-paramedic-sulla-carenza-di-personale-qualificato-nel-settore-del-soccorso-preospedaliero\/\" rel=\"bookmark\" title=\"Link Permanente: Presa di posizione di Swiss Paramedic sulla carenza di personale qualificato nel settore del soccorso preospedaliero\">Presa di posizione di Swiss Paramedic sulla carenza di personale qualificato nel settore del soccorso preospedaliero<span class=\"post-format-icon minor-meta\"><\/span><\/a><\/h2><span class=\"blog-categories minor-meta\"><a href=\"https:\/\/www.144.ch\/it\/category\/news\/\" rel=\"tag\">News<\/a><\/span><\/div><\/header><span class=\"av-vertical-delimiter\"><\/span><div class=\"entry-content\" ><p>Desideriamo condividere qui la presa di posizione di Swiss Paramedic (testo in francese) sulla carenza di professionisti del soccorso. Essa cita alcune misure a medio e lungo termine che possono avere un impatto positivo sulla tendenza. Naturalmente, l&#8217;elenco delle misure non \u00e8 esaustivo ed \u00e8 responsabilit\u00e0 di tutti noi analizzare il fenomeno e contribuire a [&hellip;]<\/p>\n<div class=\"read-more-link\"><a href=\"https:\/\/www.144.ch\/it\/presa-di-posizione-di-swiss-paramedic-sulla-carenza-di-personale-qualificato-nel-settore-del-soccorso-preospedaliero\/\" class=\"more-link\">Continua a leggere<span class='more-link-arrow avia-svg-icon avia-font-svg_entypo-fontello' data-av_svg_icon='right-open-big' data-av_iconset='svg_entypo-fontello'><svg version=\"1.1\" xmlns=\"http:\/\/www.w3.org\/2000\/svg\" width=\"15\" height=\"32\" viewBox=\"0 0 15 32\" preserveAspectRatio=\"xMidYMid meet\" role=\"graphics-symbol\" aria-hidden=\"true\">\n<path d=\"M0.416 27.84l11.456-11.84-11.456-11.904q-0.832-0.832 0-1.536 0.832-0.832 1.536 0l12.544 12.608q0.768 0.832 0 1.6l-12.544 12.608q-0.704 0.832-1.536 0-0.832-0.704 0-1.536z\"><\/path>\n<\/svg><\/span><\/a><\/div>\n<\/div><span class=\"post-meta-infos\"><time class=\"date-container minor-meta updated\" >19. Gennaio 2023<\/time><\/span><footer class=\"entry-footer\"><\/footer><div class='post_delimiter'><\/div><\/div><div class=\"post_author_timeline\"><\/div><\/article><article class=\"post-entry post-entry-type-standard post-entry-32457 post-loop-35 post-parity-odd single-small with-slider post-32457 post type-post status-publish format-standard has-post-thumbnail hentry category-news\" ><div class=\"blog-meta\"><a href='https:\/\/www.144.ch\/it\/arbeitssicherheit-im-rettungsdienst\/' class='small-preview'  title=\"Logo-Safe-at-work-web\"  ><img decoding=\"async\" loading=\"lazy\" width=\"180\" height=\"180\" src=\"https:\/\/www.144.ch\/wp-content\/uploads\/2022\/11\/Logo-Safe-at-work-web-180x180.jpg\" class=\"wp-image-32452 avia-img-lazy-loading-32452 attachment-square size-square wp-post-image\" alt=\"\" srcset=\"https:\/\/www.144.ch\/wp-content\/uploads\/2022\/11\/Logo-Safe-at-work-web-180x180.jpg 180w, https:\/\/www.144.ch\/wp-content\/uploads\/2022\/11\/Logo-Safe-at-work-web-80x80.jpg 80w, https:\/\/www.144.ch\/wp-content\/uploads\/2022\/11\/Logo-Safe-at-work-web-36x36.jpg 36w, https:\/\/www.144.ch\/wp-content\/uploads\/2022\/11\/Logo-Safe-at-work-web-120x120.jpg 120w, https:\/\/www.144.ch\/wp-content\/uploads\/2022\/11\/Logo-Safe-at-work-web-450x450.jpg 450w, https:\/\/www.144.ch\/wp-content\/uploads\/2022\/11\/Logo-Safe-at-work-web-300x300.jpg 300w, https:\/\/www.144.ch\/wp-content\/uploads\/2022\/11\/Logo-Safe-at-work-web-100x100.jpg 100w\" sizes=\"auto, (max-width: 180px) 100vw, 180px\" \/><span class='iconfont avia-svg-icon avia-font-svg_entypo-fontello' data-av_svg_icon='pencil' data-av_iconset='svg_entypo-fontello' ><svg version=\"1.1\" xmlns=\"http:\/\/www.w3.org\/2000\/svg\" width=\"25\" height=\"32\" viewBox=\"0 0 25 32\" preserveAspectRatio=\"xMidYMid meet\" role=\"graphics-symbol\" aria-hidden=\"true\">\n<path d=\"M22.976 5.44q1.024 1.024 1.504 2.048t0.48 1.536v0.512l-8.064 8.064-9.28 9.216-7.616 1.664 1.6-7.68 9.28-9.216 8.064-8.064q1.728-0.384 4.032 1.92zM7.168 25.92l0.768-0.768q-0.064-1.408-1.664-3.008-0.704-0.704-1.44-1.12t-1.12-0.416l-0.448-0.064-0.704 0.768-0.576 2.56q0.896 0.512 1.472 1.088 0.768 0.768 1.152 1.536z\"><\/path>\n<\/svg><\/span><\/a><\/div><div class='entry-content-wrapper clearfix standard-content'><header class=\"entry-content-header\" aria-label=\"Post: Sicurezza sul lavoro nei servizi di soccorso\"><div class=\"av-heading-wrapper\"><h2 class='post-title entry-title ' ><a href=\"https:\/\/www.144.ch\/it\/arbeitssicherheit-im-rettungsdienst\/\" rel=\"bookmark\" title=\"Link Permanente: Sicurezza sul lavoro nei servizi di soccorso\">Sicurezza sul lavoro nei servizi di soccorso<span class=\"post-format-icon minor-meta\"><\/span><\/a><\/h2><span class=\"blog-categories minor-meta\"><a href=\"https:\/\/www.144.ch\/it\/category\/news\/\" rel=\"tag\">News<\/a><\/span><\/div><\/header><span class=\"av-vertical-delimiter\"><\/span><div class=\"entry-content\" ><p>SAFE AT WORK in collaborazione con IAS ha sviluppato un kit di formazione composto da materiali per la formazione pronti all\u2019uso. Qui sono trattati i 10 temi pi\u00f9 rilevanti in materia di protezione del personale nei servizi di emergenza medica. Il kit di formazione \u00e8 rivolto alla persona responsabile della sicurezza sul lavoro di ciascuna [&hellip;]<\/p>\n<div class=\"read-more-link\"><a href=\"https:\/\/www.144.ch\/it\/arbeitssicherheit-im-rettungsdienst\/\" class=\"more-link\">Continua a leggere<span class='more-link-arrow avia-svg-icon avia-font-svg_entypo-fontello' data-av_svg_icon='right-open-big' data-av_iconset='svg_entypo-fontello'><svg version=\"1.1\" xmlns=\"http:\/\/www.w3.org\/2000\/svg\" width=\"15\" height=\"32\" viewBox=\"0 0 15 32\" preserveAspectRatio=\"xMidYMid meet\" role=\"graphics-symbol\" aria-hidden=\"true\">\n<path d=\"M0.416 27.84l11.456-11.84-11.456-11.904q-0.832-0.832 0-1.536 0.832-0.832 1.536 0l12.544 12.608q0.768 0.832 0 1.6l-12.544 12.608q-0.704 0.832-1.536 0-0.832-0.704 0-1.536z\"><\/path>\n<\/svg><\/span><\/a><\/div>\n<\/div><span class=\"post-meta-infos\"><time class=\"date-container minor-meta updated\" >15. Novembre 2022<\/time><\/span><footer class=\"entry-footer\"><\/footer><div class='post_delimiter'><\/div><\/div><div class=\"post_author_timeline\"><\/div><\/article><article class=\"post-entry post-entry-type-standard post-entry-32333 post-loop-36 post-parity-even single-small with-slider post-32333 post type-post status-publish format-standard has-post-thumbnail hentry category-news\" ><div class=\"blog-meta\"><a href='https:\/\/www.144.ch\/it\/ueberarbeitung-terminologie-ivr-ias\/' class='small-preview'  title=\"news_ivr\"  ><img decoding=\"async\" loading=\"lazy\" width=\"180\" height=\"180\" src=\"https:\/\/www.144.ch\/wp-content\/uploads\/2022\/05\/news_ivr-180x180.png\" class=\"wp-image-29899 avia-img-lazy-loading-29899 attachment-square size-square wp-post-image\" alt=\"\" srcset=\"https:\/\/www.144.ch\/wp-content\/uploads\/2022\/05\/news_ivr-180x180.png 180w, https:\/\/www.144.ch\/wp-content\/uploads\/2022\/05\/news_ivr-80x80.png 80w, https:\/\/www.144.ch\/wp-content\/uploads\/2022\/05\/news_ivr-36x36.png 36w, https:\/\/www.144.ch\/wp-content\/uploads\/2022\/05\/news_ivr-100x100.png 100w, https:\/\/www.144.ch\/wp-content\/uploads\/2022\/05\/news_ivr-300x300.png 300w\" sizes=\"auto, (max-width: 180px) 100vw, 180px\" \/><span class='iconfont avia-svg-icon avia-font-svg_entypo-fontello' data-av_svg_icon='pencil' data-av_iconset='svg_entypo-fontello' ><svg version=\"1.1\" xmlns=\"http:\/\/www.w3.org\/2000\/svg\" width=\"25\" height=\"32\" viewBox=\"0 0 25 32\" preserveAspectRatio=\"xMidYMid meet\" role=\"graphics-symbol\" aria-hidden=\"true\">\n<path d=\"M22.976 5.44q1.024 1.024 1.504 2.048t0.48 1.536v0.512l-8.064 8.064-9.28 9.216-7.616 1.664 1.6-7.68 9.28-9.216 8.064-8.064q1.728-0.384 4.032 1.92zM7.168 25.92l0.768-0.768q-0.064-1.408-1.664-3.008-0.704-0.704-1.44-1.12t-1.12-0.416l-0.448-0.064-0.704 0.768-0.576 2.56q0.896 0.512 1.472 1.088 0.768 0.768 1.152 1.536z\"><\/path>\n<\/svg><\/span><\/a><\/div><div class='entry-content-wrapper clearfix standard-content'><header class=\"entry-content-header\" aria-label=\"Post: Revisione della terminologia IAS\"><div class=\"av-heading-wrapper\"><h2 class='post-title entry-title ' ><a href=\"https:\/\/www.144.ch\/it\/ueberarbeitung-terminologie-ivr-ias\/\" rel=\"bookmark\" title=\"Link Permanente: Revisione della terminologia IAS\">Revisione della terminologia IAS<span class=\"post-format-icon minor-meta\"><\/span><\/a><\/h2><span class=\"blog-categories minor-meta\"><a href=\"https:\/\/www.144.ch\/it\/category\/news\/\" rel=\"tag\">News<\/a><\/span><\/div><\/header><span class=\"av-vertical-delimiter\"><\/span><div class=\"entry-content\" ><p>La versione aggiornata della terminologia IAS \u00e8 online.<\/p>\n<div class=\"read-more-link\"><a href=\"https:\/\/www.144.ch\/it\/ueberarbeitung-terminologie-ivr-ias\/\" class=\"more-link\">Continua a leggere<span class='more-link-arrow avia-svg-icon avia-font-svg_entypo-fontello' data-av_svg_icon='right-open-big' data-av_iconset='svg_entypo-fontello'><svg version=\"1.1\" xmlns=\"http:\/\/www.w3.org\/2000\/svg\" width=\"15\" height=\"32\" viewBox=\"0 0 15 32\" preserveAspectRatio=\"xMidYMid meet\" role=\"graphics-symbol\" aria-hidden=\"true\">\n<path d=\"M0.416 27.84l11.456-11.84-11.456-11.904q-0.832-0.832 0-1.536 0.832-0.832 1.536 0l12.544 12.608q0.768 0.832 0 1.6l-12.544 12.608q-0.704 0.832-1.536 0-0.832-0.704 0-1.536z\"><\/path>\n<\/svg><\/span><\/a><\/div>\n<\/div><span class=\"post-meta-infos\"><time class=\"date-container minor-meta updated\" >28. Ottobre 2022<\/time><\/span><footer class=\"entry-footer\"><\/footer><div class='post_delimiter'><\/div><\/div><div class=\"post_author_timeline\"><\/div><\/article><article class=\"post-entry post-entry-type-standard post-entry-31491 post-loop-37 post-parity-odd single-small with-slider post-31491 post type-post status-publish format-standard has-post-thumbnail hentry category-news\" ><div class=\"blog-meta\"><a href='https:\/\/www.144.ch\/it\/informationen-aus-der-vorstandsitzung-vom-8-august-2022\/' class='small-preview'  title=\"news_ivr\"  ><img decoding=\"async\" loading=\"lazy\" width=\"180\" height=\"180\" src=\"https:\/\/www.144.ch\/wp-content\/uploads\/2022\/05\/news_ivr-180x180.png\" class=\"wp-image-29899 avia-img-lazy-loading-29899 attachment-square size-square wp-post-image\" alt=\"\" srcset=\"https:\/\/www.144.ch\/wp-content\/uploads\/2022\/05\/news_ivr-180x180.png 180w, https:\/\/www.144.ch\/wp-content\/uploads\/2022\/05\/news_ivr-80x80.png 80w, https:\/\/www.144.ch\/wp-content\/uploads\/2022\/05\/news_ivr-36x36.png 36w, https:\/\/www.144.ch\/wp-content\/uploads\/2022\/05\/news_ivr-100x100.png 100w, https:\/\/www.144.ch\/wp-content\/uploads\/2022\/05\/news_ivr-300x300.png 300w\" sizes=\"auto, (max-width: 180px) 100vw, 180px\" \/><span class='iconfont avia-svg-icon avia-font-svg_entypo-fontello' data-av_svg_icon='pencil' data-av_iconset='svg_entypo-fontello' ><svg version=\"1.1\" xmlns=\"http:\/\/www.w3.org\/2000\/svg\" width=\"25\" height=\"32\" viewBox=\"0 0 25 32\" preserveAspectRatio=\"xMidYMid meet\" role=\"graphics-symbol\" aria-hidden=\"true\">\n<path d=\"M22.976 5.44q1.024 1.024 1.504 2.048t0.48 1.536v0.512l-8.064 8.064-9.28 9.216-7.616 1.664 1.6-7.68 9.28-9.216 8.064-8.064q1.728-0.384 4.032 1.92zM7.168 25.92l0.768-0.768q-0.064-1.408-1.664-3.008-0.704-0.704-1.44-1.12t-1.12-0.416l-0.448-0.064-0.704 0.768-0.576 2.56q0.896 0.512 1.472 1.088 0.768 0.768 1.152 1.536z\"><\/path>\n<\/svg><\/span><\/a><\/div><div class='entry-content-wrapper clearfix standard-content'><header class=\"entry-content-header\" aria-label=\"Post: Informazioni dalla riunione del comitato del 8 agosto 2022\"><div class=\"av-heading-wrapper\"><h2 class='post-title entry-title ' ><a href=\"https:\/\/www.144.ch\/it\/informationen-aus-der-vorstandsitzung-vom-8-august-2022\/\" rel=\"bookmark\" title=\"Link Permanente: Informazioni dalla riunione del comitato del 8 agosto 2022\">Informazioni dalla riunione del comitato del 8 agosto 2022<span class=\"post-format-icon minor-meta\"><\/span><\/a><\/h2><span class=\"blog-categories minor-meta\"><a href=\"https:\/\/www.144.ch\/it\/category\/news\/\" rel=\"tag\">News<\/a><\/span><\/div><\/header><span class=\"av-vertical-delimiter\"><\/span><div class=\"entry-content\" ><p>Il ruolo della Commissione di revisione (GPK) deve essere ridefinito all&#8217;interno della nuova organizzazione. La presidenza definir\u00e0 con la GPK una data per discutere insieme la futura suddivisione dei compiti. Il bilancio semestrale mostra un allineamento con il budget, la situazione dei creditori e dei debitori \u00e8 nella norma. Carenza di personale qualificato nei servizi [&hellip;]<\/p>\n<div class=\"read-more-link\"><a href=\"https:\/\/www.144.ch\/it\/informationen-aus-der-vorstandsitzung-vom-8-august-2022\/\" class=\"more-link\">Continua a leggere<span class='more-link-arrow avia-svg-icon avia-font-svg_entypo-fontello' data-av_svg_icon='right-open-big' data-av_iconset='svg_entypo-fontello'><svg version=\"1.1\" xmlns=\"http:\/\/www.w3.org\/2000\/svg\" width=\"15\" height=\"32\" viewBox=\"0 0 15 32\" preserveAspectRatio=\"xMidYMid meet\" role=\"graphics-symbol\" aria-hidden=\"true\">\n<path d=\"M0.416 27.84l11.456-11.84-11.456-11.904q-0.832-0.832 0-1.536 0.832-0.832 1.536 0l12.544 12.608q0.768 0.832 0 1.6l-12.544 12.608q-0.704 0.832-1.536 0-0.832-0.704 0-1.536z\"><\/path>\n<\/svg><\/span><\/a><\/div>\n<\/div><span class=\"post-meta-infos\"><time class=\"date-container minor-meta updated\" >9. Agosto 2022<\/time><\/span><footer class=\"entry-footer\"><\/footer><div class='post_delimiter'><\/div><\/div><div class=\"post_author_timeline\"><\/div><\/article><article class=\"post-entry post-entry-type-standard post-entry-31131 post-loop-38 post-parity-even single-small with-slider post-31131 post type-post status-publish format-standard has-post-thumbnail hentry category-news\" ><div class=\"blog-meta\"><a href='https:\/\/www.144.ch\/it\/ausschreibung-ambulanzbasis-fiesch\/' class='small-preview'  title=\"RD_News\"  ><img decoding=\"async\" loading=\"lazy\" width=\"180\" height=\"180\" src=\"https:\/\/www.144.ch\/wp-content\/uploads\/2021\/11\/RD_News-1-180x180.jpg\" class=\"wp-image-26223 avia-img-lazy-loading-26223 attachment-square size-square wp-post-image\" alt=\"\" srcset=\"https:\/\/www.144.ch\/wp-content\/uploads\/2021\/11\/RD_News-1-180x180.jpg 180w, https:\/\/www.144.ch\/wp-content\/uploads\/2021\/11\/RD_News-1-80x80.jpg 80w, https:\/\/www.144.ch\/wp-content\/uploads\/2021\/11\/RD_News-1-36x36.jpg 36w, https:\/\/www.144.ch\/wp-content\/uploads\/2021\/11\/RD_News-1-100x100.jpg 100w, https:\/\/www.144.ch\/wp-content\/uploads\/2021\/11\/RD_News-1-300x300.jpg 300w\" sizes=\"auto, (max-width: 180px) 100vw, 180px\" \/><span class='iconfont avia-svg-icon avia-font-svg_entypo-fontello' data-av_svg_icon='pencil' data-av_iconset='svg_entypo-fontello' ><svg version=\"1.1\" xmlns=\"http:\/\/www.w3.org\/2000\/svg\" width=\"25\" height=\"32\" viewBox=\"0 0 25 32\" preserveAspectRatio=\"xMidYMid meet\" role=\"graphics-symbol\" aria-hidden=\"true\">\n<path d=\"M22.976 5.44q1.024 1.024 1.504 2.048t0.48 1.536v0.512l-8.064 8.064-9.28 9.216-7.616 1.664 1.6-7.68 9.28-9.216 8.064-8.064q1.728-0.384 4.032 1.92zM7.168 25.92l0.768-0.768q-0.064-1.408-1.664-3.008-0.704-0.704-1.44-1.12t-1.12-0.416l-0.448-0.064-0.704 0.768-0.576 2.56q0.896 0.512 1.472 1.088 0.768 0.768 1.152 1.536z\"><\/path>\n<\/svg><\/span><\/a><\/div><div class='entry-content-wrapper clearfix standard-content'><header class=\"entry-content-header\" aria-label=\"Post: BANDO DI GARA BASE AMBULANZA A FIESCH\"><div class=\"av-heading-wrapper\"><h2 class='post-title entry-title ' ><a href=\"https:\/\/www.144.ch\/it\/ausschreibung-ambulanzbasis-fiesch\/\" rel=\"bookmark\" title=\"Link Permanente: BANDO DI GARA BASE AMBULANZA A FIESCH\">BANDO DI GARA BASE AMBULANZA A FIESCH<span class=\"post-format-icon minor-meta\"><\/span><\/a><\/h2><span class=\"blog-categories minor-meta\"><a href=\"https:\/\/www.144.ch\/it\/category\/news\/\" rel=\"tag\">News<\/a><\/span><\/div><\/header><span class=\"av-vertical-delimiter\"><\/span><div class=\"entry-content\" ><p>L&#8217;Organisation Cantonale Valaisanne des Secours pubblica un bando di gara per la gestione di una base di ambulanze (giorno\/notte) a Fiesch, in seguito alla decisione del Consiglio di Stato del 22 giugno 2022 (vedere comunicato stampa allegato). Lei \u00e8 un fornitore di servizi che potrebbe potenzialmente fornire i servizi richiesti ai sensi dell&#8217;art. 5, comma [&hellip;]<\/p>\n<div class=\"read-more-link\"><a href=\"https:\/\/www.144.ch\/it\/ausschreibung-ambulanzbasis-fiesch\/\" class=\"more-link\">Continua a leggere<span class='more-link-arrow avia-svg-icon avia-font-svg_entypo-fontello' data-av_svg_icon='right-open-big' data-av_iconset='svg_entypo-fontello'><svg version=\"1.1\" xmlns=\"http:\/\/www.w3.org\/2000\/svg\" width=\"15\" height=\"32\" viewBox=\"0 0 15 32\" preserveAspectRatio=\"xMidYMid meet\" role=\"graphics-symbol\" aria-hidden=\"true\">\n<path d=\"M0.416 27.84l11.456-11.84-11.456-11.904q-0.832-0.832 0-1.536 0.832-0.832 1.536 0l12.544 12.608q0.768 0.832 0 1.6l-12.544 12.608q-0.704 0.832-1.536 0-0.832-0.704 0-1.536z\"><\/path>\n<\/svg><\/span><\/a><\/div>\n<\/div><span class=\"post-meta-infos\"><time class=\"date-container minor-meta updated\" >1. Luglio 2022<\/time><\/span><footer class=\"entry-footer\"><\/footer><div class='post_delimiter'><\/div><\/div><div class=\"post_author_timeline\"><\/div><\/article><article class=\"post-entry post-entry-type-standard post-entry-31070 post-loop-39 post-parity-odd single-small with-slider post-31070 post type-post status-publish format-standard has-post-thumbnail hentry category-news\" ><div class=\"blog-meta\"><a href='https:\/\/www.144.ch\/it\/richtlinien-handbuch-patiententransportdienst\/' class='small-preview'  title=\"News-Transport\"  ><img decoding=\"async\" loading=\"lazy\" width=\"180\" height=\"180\" src=\"https:\/\/www.144.ch\/wp-content\/uploads\/2022\/04\/News-Transport-180x180.jpg\" class=\"wp-image-29107 avia-img-lazy-loading-29107 attachment-square size-square wp-post-image\" alt=\"\" srcset=\"https:\/\/www.144.ch\/wp-content\/uploads\/2022\/04\/News-Transport-180x180.jpg 180w, https:\/\/www.144.ch\/wp-content\/uploads\/2022\/04\/News-Transport-80x80.jpg 80w, https:\/\/www.144.ch\/wp-content\/uploads\/2022\/04\/News-Transport-36x36.jpg 36w, https:\/\/www.144.ch\/wp-content\/uploads\/2022\/04\/News-Transport-100x100.jpg 100w, https:\/\/www.144.ch\/wp-content\/uploads\/2022\/04\/News-Transport-300x300.jpg 300w\" sizes=\"auto, (max-width: 180px) 100vw, 180px\" \/><span class='iconfont avia-svg-icon avia-font-svg_entypo-fontello' data-av_svg_icon='pencil' data-av_iconset='svg_entypo-fontello' ><svg version=\"1.1\" xmlns=\"http:\/\/www.w3.org\/2000\/svg\" width=\"25\" height=\"32\" viewBox=\"0 0 25 32\" preserveAspectRatio=\"xMidYMid meet\" role=\"graphics-symbol\" aria-hidden=\"true\">\n<path d=\"M22.976 5.44q1.024 1.024 1.504 2.048t0.48 1.536v0.512l-8.064 8.064-9.28 9.216-7.616 1.664 1.6-7.68 9.28-9.216 8.064-8.064q1.728-0.384 4.032 1.92zM7.168 25.92l0.768-0.768q-0.064-1.408-1.664-3.008-0.704-0.704-1.44-1.12t-1.12-0.416l-0.448-0.064-0.704 0.768-0.576 2.56q0.896 0.512 1.472 1.088 0.768 0.768 1.152 1.536z\"><\/path>\n<\/svg><\/span><\/a><\/div><div class='entry-content-wrapper clearfix standard-content'><header class=\"entry-content-header\" aria-label=\"Post: Direttive e manuale servizio di trasporto di pazienti\"><div class=\"av-heading-wrapper\"><h2 class='post-title entry-title ' ><a href=\"https:\/\/www.144.ch\/it\/richtlinien-handbuch-patiententransportdienst\/\" rel=\"bookmark\" title=\"Link Permanente: Direttive e manuale servizio di trasporto di pazienti\">Direttive e manuale servizio di trasporto di pazienti<span class=\"post-format-icon minor-meta\"><\/span><\/a><\/h2><span class=\"blog-categories minor-meta\"><a href=\"https:\/\/www.144.ch\/it\/category\/news\/\" rel=\"tag\">News<\/a><\/span><\/div><\/header><span class=\"av-vertical-delimiter\"><\/span><div class=\"entry-content\" ><p>Le direttive e il manuale per il accreditamento di\u00a0 aziende che si occupano degli interventi secondari (S3) e dei trasporti di pazienti (S4) sono ora disponibili per il download in tutte le lingue (DE, FR, IT). &nbsp;<\/p>\n<div class=\"read-more-link\"><a href=\"https:\/\/www.144.ch\/it\/richtlinien-handbuch-patiententransportdienst\/\" class=\"more-link\">Continua a leggere<span class='more-link-arrow avia-svg-icon avia-font-svg_entypo-fontello' data-av_svg_icon='right-open-big' data-av_iconset='svg_entypo-fontello'><svg version=\"1.1\" xmlns=\"http:\/\/www.w3.org\/2000\/svg\" width=\"15\" height=\"32\" viewBox=\"0 0 15 32\" preserveAspectRatio=\"xMidYMid meet\" role=\"graphics-symbol\" aria-hidden=\"true\">\n<path d=\"M0.416 27.84l11.456-11.84-11.456-11.904q-0.832-0.832 0-1.536 0.832-0.832 1.536 0l12.544 12.608q0.768 0.832 0 1.6l-12.544 12.608q-0.704 0.832-1.536 0-0.832-0.704 0-1.536z\"><\/path>\n<\/svg><\/span><\/a><\/div>\n<\/div><span class=\"post-meta-infos\"><time class=\"date-container minor-meta updated\" >1. Luglio 2022<\/time><\/span><footer class=\"entry-footer\"><\/footer><div class='post_delimiter'><\/div><\/div><div class=\"post_author_timeline\"><\/div><\/article><article class=\"post-entry post-entry-type-standard post-entry-30956 post-loop-40 post-parity-even single-small with-slider post-30956 post type-post status-publish format-standard has-post-thumbnail hentry category-news\" ><div class=\"blog-meta\"><a href='https:\/\/www.144.ch\/it\/handbuch-richtlinien-rettungsdienst\/' class='small-preview'  title=\"RD_News\"  ><img decoding=\"async\" loading=\"lazy\" width=\"180\" height=\"180\" src=\"https:\/\/www.144.ch\/wp-content\/uploads\/2021\/11\/RD_News-1-180x180.jpg\" class=\"wp-image-26223 avia-img-lazy-loading-26223 attachment-square size-square wp-post-image\" alt=\"\" srcset=\"https:\/\/www.144.ch\/wp-content\/uploads\/2021\/11\/RD_News-1-180x180.jpg 180w, https:\/\/www.144.ch\/wp-content\/uploads\/2021\/11\/RD_News-1-80x80.jpg 80w, https:\/\/www.144.ch\/wp-content\/uploads\/2021\/11\/RD_News-1-36x36.jpg 36w, https:\/\/www.144.ch\/wp-content\/uploads\/2021\/11\/RD_News-1-100x100.jpg 100w, https:\/\/www.144.ch\/wp-content\/uploads\/2021\/11\/RD_News-1-300x300.jpg 300w\" sizes=\"auto, (max-width: 180px) 100vw, 180px\" \/><span class='iconfont avia-svg-icon avia-font-svg_entypo-fontello' data-av_svg_icon='pencil' data-av_iconset='svg_entypo-fontello' ><svg version=\"1.1\" xmlns=\"http:\/\/www.w3.org\/2000\/svg\" width=\"25\" height=\"32\" viewBox=\"0 0 25 32\" preserveAspectRatio=\"xMidYMid meet\" role=\"graphics-symbol\" aria-hidden=\"true\">\n<path d=\"M22.976 5.44q1.024 1.024 1.504 2.048t0.48 1.536v0.512l-8.064 8.064-9.28 9.216-7.616 1.664 1.6-7.68 9.28-9.216 8.064-8.064q1.728-0.384 4.032 1.92zM7.168 25.92l0.768-0.768q-0.064-1.408-1.664-3.008-0.704-0.704-1.44-1.12t-1.12-0.416l-0.448-0.064-0.704 0.768-0.576 2.56q0.896 0.512 1.472 1.088 0.768 0.768 1.152 1.536z\"><\/path>\n<\/svg><\/span><\/a><\/div><div class='entry-content-wrapper clearfix standard-content'><header class=\"entry-content-header\" aria-label=\"Post: Manuale linee guida Servizio di soccorso\"><div class=\"av-heading-wrapper\"><h2 class='post-title entry-title ' ><a href=\"https:\/\/www.144.ch\/it\/handbuch-richtlinien-rettungsdienst\/\" rel=\"bookmark\" title=\"Link Permanente: Manuale linee guida Servizio di soccorso\">Manuale linee guida Servizio di soccorso<span class=\"post-format-icon minor-meta\"><\/span><\/a><\/h2><span class=\"blog-categories minor-meta\"><a href=\"https:\/\/www.144.ch\/it\/category\/news\/\" rel=\"tag\">News<\/a><\/span><\/div><\/header><span class=\"av-vertical-delimiter\"><\/span><div class=\"entry-content\" ><p>Il manuale sulle direttive riviste per l\u2019accreditamento dei servizi di soccorso \u00e8 stato pubblicato e pu\u00f2 essere consultato qui. A partire dal 1. gennaio 2023, \u00e8 possibile l\u2019accreditamento secondo le nuove direttive. Gli accreditamenti secondo le direttive del 2010 possono ancora essere effettuati fino al 31 dicembre 2023.<\/p>\n<div class=\"read-more-link\"><a href=\"https:\/\/www.144.ch\/it\/handbuch-richtlinien-rettungsdienst\/\" class=\"more-link\">Continua a leggere<span class='more-link-arrow avia-svg-icon avia-font-svg_entypo-fontello' data-av_svg_icon='right-open-big' data-av_iconset='svg_entypo-fontello'><svg version=\"1.1\" xmlns=\"http:\/\/www.w3.org\/2000\/svg\" width=\"15\" height=\"32\" viewBox=\"0 0 15 32\" preserveAspectRatio=\"xMidYMid meet\" role=\"graphics-symbol\" aria-hidden=\"true\">\n<path d=\"M0.416 27.84l11.456-11.84-11.456-11.904q-0.832-0.832 0-1.536 0.832-0.832 1.536 0l12.544 12.608q0.768 0.832 0 1.6l-12.544 12.608q-0.704 0.832-1.536 0-0.832-0.704 0-1.536z\"><\/path>\n<\/svg><\/span><\/a><\/div>\n<\/div><span class=\"post-meta-infos\"><time class=\"date-container minor-meta updated\" >23. Giugno 2022<\/time><\/span><footer class=\"entry-footer\"><\/footer><div class='post_delimiter'><\/div><\/div><div class=\"post_author_timeline\"><\/div><\/article><article class=\"post-entry post-entry-type-standard post-entry-30881 post-loop-41 post-parity-odd single-small with-slider post-30881 post type-post status-publish format-standard has-post-thumbnail hentry category-news\" ><div class=\"blog-meta\"><a href='https:\/\/www.144.ch\/it\/informazioni-dalla-riunione-del-comitato-del-13-giugno-2022\/' class='small-preview'  title=\"news_ivr\"  ><img decoding=\"async\" loading=\"lazy\" width=\"180\" height=\"180\" src=\"https:\/\/www.144.ch\/wp-content\/uploads\/2022\/05\/news_ivr-180x180.png\" class=\"wp-image-29899 avia-img-lazy-loading-29899 attachment-square size-square wp-post-image\" alt=\"\" srcset=\"https:\/\/www.144.ch\/wp-content\/uploads\/2022\/05\/news_ivr-180x180.png 180w, https:\/\/www.144.ch\/wp-content\/uploads\/2022\/05\/news_ivr-80x80.png 80w, https:\/\/www.144.ch\/wp-content\/uploads\/2022\/05\/news_ivr-36x36.png 36w, https:\/\/www.144.ch\/wp-content\/uploads\/2022\/05\/news_ivr-100x100.png 100w, https:\/\/www.144.ch\/wp-content\/uploads\/2022\/05\/news_ivr-300x300.png 300w\" sizes=\"auto, (max-width: 180px) 100vw, 180px\" \/><span class='iconfont avia-svg-icon avia-font-svg_entypo-fontello' data-av_svg_icon='pencil' data-av_iconset='svg_entypo-fontello' ><svg version=\"1.1\" xmlns=\"http:\/\/www.w3.org\/2000\/svg\" width=\"25\" height=\"32\" viewBox=\"0 0 25 32\" preserveAspectRatio=\"xMidYMid meet\" role=\"graphics-symbol\" aria-hidden=\"true\">\n<path d=\"M22.976 5.44q1.024 1.024 1.504 2.048t0.48 1.536v0.512l-8.064 8.064-9.28 9.216-7.616 1.664 1.6-7.68 9.28-9.216 8.064-8.064q1.728-0.384 4.032 1.92zM7.168 25.92l0.768-0.768q-0.064-1.408-1.664-3.008-0.704-0.704-1.44-1.12t-1.12-0.416l-0.448-0.064-0.704 0.768-0.576 2.56q0.896 0.512 1.472 1.088 0.768 0.768 1.152 1.536z\"><\/path>\n<\/svg><\/span><\/a><\/div><div class='entry-content-wrapper clearfix standard-content'><header class=\"entry-content-header\" aria-label=\"Post: Informazioni dalla riunione del comitato del 13 giugno 2022\"><div class=\"av-heading-wrapper\"><h2 class='post-title entry-title ' ><a href=\"https:\/\/www.144.ch\/it\/informazioni-dalla-riunione-del-comitato-del-13-giugno-2022\/\" rel=\"bookmark\" title=\"Link Permanente: Informazioni dalla riunione del comitato del 13 giugno 2022\">Informazioni dalla riunione del comitato del 13 giugno 2022<span class=\"post-format-icon minor-meta\"><\/span><\/a><\/h2><span class=\"blog-categories minor-meta\"><a href=\"https:\/\/www.144.ch\/it\/category\/news\/\" rel=\"tag\">News<\/a><\/span><\/div><\/header><span class=\"av-vertical-delimiter\"><\/span><div class=\"entry-content\" ><p>Jann Rehli ha condotto la riunione in qualit\u00e0 di nuovo presidente e Susanne Schw\u00f6rer ha partecipato per la prima volta come membro del comitato appena eletto. Sono state discusse e assegnate le responsabilit\u00e0 dei membri del comitato. Ogni membro ha un&#8217;area di responsabilit\u00e0, il che ci permette di seguire i temi in modo mirato nel [&hellip;]<\/p>\n<div class=\"read-more-link\"><a href=\"https:\/\/www.144.ch\/it\/informazioni-dalla-riunione-del-comitato-del-13-giugno-2022\/\" class=\"more-link\">Continua a leggere<span class='more-link-arrow avia-svg-icon avia-font-svg_entypo-fontello' data-av_svg_icon='right-open-big' data-av_iconset='svg_entypo-fontello'><svg version=\"1.1\" xmlns=\"http:\/\/www.w3.org\/2000\/svg\" width=\"15\" height=\"32\" viewBox=\"0 0 15 32\" preserveAspectRatio=\"xMidYMid meet\" role=\"graphics-symbol\" aria-hidden=\"true\">\n<path d=\"M0.416 27.84l11.456-11.84-11.456-11.904q-0.832-0.832 0-1.536 0.832-0.832 1.536 0l12.544 12.608q0.768 0.832 0 1.6l-12.544 12.608q-0.704 0.832-1.536 0-0.832-0.704 0-1.536z\"><\/path>\n<\/svg><\/span><\/a><\/div>\n<\/div><span class=\"post-meta-infos\"><time class=\"date-container minor-meta updated\" >23. Giugno 2022<\/time><\/span><footer class=\"entry-footer\"><\/footer><div class='post_delimiter'><\/div><\/div><div class=\"post_author_timeline\"><\/div><\/article><article class=\"post-entry post-entry-type-standard post-entry-30831 post-loop-42 post-parity-even single-small with-slider post-30831 post type-post status-publish format-standard has-post-thumbnail hentry category-news\" ><div class=\"blog-meta\"><a href='https:\/\/www.144.ch\/it\/beschluss-des-bundesrates-zu-den-aenderungen-der-skv-vzv-und-fv\/' class='small-preview'  title=\"RD_News\"  ><img decoding=\"async\" loading=\"lazy\" width=\"180\" height=\"180\" src=\"https:\/\/www.144.ch\/wp-content\/uploads\/2021\/11\/RD_News-1-180x180.jpg\" class=\"wp-image-26223 avia-img-lazy-loading-26223 attachment-square size-square wp-post-image\" alt=\"\" srcset=\"https:\/\/www.144.ch\/wp-content\/uploads\/2021\/11\/RD_News-1-180x180.jpg 180w, https:\/\/www.144.ch\/wp-content\/uploads\/2021\/11\/RD_News-1-80x80.jpg 80w, https:\/\/www.144.ch\/wp-content\/uploads\/2021\/11\/RD_News-1-36x36.jpg 36w, https:\/\/www.144.ch\/wp-content\/uploads\/2021\/11\/RD_News-1-100x100.jpg 100w, https:\/\/www.144.ch\/wp-content\/uploads\/2021\/11\/RD_News-1-300x300.jpg 300w\" sizes=\"auto, (max-width: 180px) 100vw, 180px\" \/><span class='iconfont avia-svg-icon avia-font-svg_entypo-fontello' data-av_svg_icon='pencil' data-av_iconset='svg_entypo-fontello' ><svg version=\"1.1\" xmlns=\"http:\/\/www.w3.org\/2000\/svg\" width=\"25\" height=\"32\" viewBox=\"0 0 25 32\" preserveAspectRatio=\"xMidYMid meet\" role=\"graphics-symbol\" aria-hidden=\"true\">\n<path d=\"M22.976 5.44q1.024 1.024 1.504 2.048t0.48 1.536v0.512l-8.064 8.064-9.28 9.216-7.616 1.664 1.6-7.68 9.28-9.216 8.064-8.064q1.728-0.384 4.032 1.92zM7.168 25.92l0.768-0.768q-0.064-1.408-1.664-3.008-0.704-0.704-1.44-1.12t-1.12-0.416l-0.448-0.064-0.704 0.768-0.576 2.56q0.896 0.512 1.472 1.088 0.768 0.768 1.152 1.536z\"><\/path>\n<\/svg><\/span><\/a><\/div><div class='entry-content-wrapper clearfix standard-content'><header class=\"entry-content-header\" aria-label=\"Post: Modifica dell&#8217;OCCS, dell\u2019OAC e dell\u2019OMaeC\"><div class=\"av-heading-wrapper\"><h2 class='post-title entry-title ' ><a href=\"https:\/\/www.144.ch\/it\/beschluss-des-bundesrates-zu-den-aenderungen-der-skv-vzv-und-fv\/\" rel=\"bookmark\" title=\"Link Permanente: Modifica dell&#8217;OCCS, dell\u2019OAC e dell\u2019OMaeC\">Modifica dell&#8217;OCCS, dell\u2019OAC e dell\u2019OMaeC<span class=\"post-format-icon minor-meta\"><\/span><\/a><\/h2><span class=\"blog-categories minor-meta\"><a href=\"https:\/\/www.144.ch\/it\/category\/news\/\" rel=\"tag\">News<\/a><\/span><\/div><\/header><span class=\"av-vertical-delimiter\"><\/span><div class=\"entry-content\" ><p>Siamo lieti di comunicarvi che il 22 giugno 2022 il Consiglio federale ha approvato la modifica dell\u2019ordinanza sul controllo della circolazione stradale (OCCS), dell\u2019ordinanza sull\u2019ammissione alla circolazione (OAC) e dell\u2019ordinanza sui maestri conducenti (OMaeC). Le modifiche entrano in vigore il 1\u00ba aprile 2023 Dal punto di vista dell&#8217;IAS ad essere rilevante per i servizi ambulanza [&hellip;]<\/p>\n<div class=\"read-more-link\"><a href=\"https:\/\/www.144.ch\/it\/beschluss-des-bundesrates-zu-den-aenderungen-der-skv-vzv-und-fv\/\" class=\"more-link\">Continua a leggere<span class='more-link-arrow avia-svg-icon avia-font-svg_entypo-fontello' data-av_svg_icon='right-open-big' data-av_iconset='svg_entypo-fontello'><svg version=\"1.1\" xmlns=\"http:\/\/www.w3.org\/2000\/svg\" width=\"15\" height=\"32\" viewBox=\"0 0 15 32\" preserveAspectRatio=\"xMidYMid meet\" role=\"graphics-symbol\" aria-hidden=\"true\">\n<path d=\"M0.416 27.84l11.456-11.84-11.456-11.904q-0.832-0.832 0-1.536 0.832-0.832 1.536 0l12.544 12.608q0.768 0.832 0 1.6l-12.544 12.608q-0.704 0.832-1.536 0-0.832-0.704 0-1.536z\"><\/path>\n<\/svg><\/span><\/a><\/div>\n<\/div><span class=\"post-meta-infos\"><time class=\"date-container minor-meta updated\" >22. Giugno 2022<\/time><\/span><footer class=\"entry-footer\"><\/footer><div class='post_delimiter'><\/div><\/div><div class=\"post_author_timeline\"><\/div><\/article><article class=\"post-entry post-entry-type-standard post-entry-30107 post-loop-43 post-parity-odd single-small with-slider post-30107 post type-post status-publish format-standard has-post-thumbnail hentry category-news\" ><div class=\"blog-meta\"><a href='https:\/\/www.144.ch\/it\/impressionen-schweizer-kongress-fuer-notfallmedizin-2022\/' class='small-preview'  title=\"news_impressionen\"  ><img decoding=\"async\" loading=\"lazy\" width=\"180\" height=\"180\" src=\"https:\/\/www.144.ch\/wp-content\/uploads\/2022\/05\/news_impressionen-180x180.png\" class=\"wp-image-30103 avia-img-lazy-loading-30103 attachment-square size-square wp-post-image\" alt=\"\" srcset=\"https:\/\/www.144.ch\/wp-content\/uploads\/2022\/05\/news_impressionen-180x180.png 180w, https:\/\/www.144.ch\/wp-content\/uploads\/2022\/05\/news_impressionen-80x80.png 80w, https:\/\/www.144.ch\/wp-content\/uploads\/2022\/05\/news_impressionen-36x36.png 36w, https:\/\/www.144.ch\/wp-content\/uploads\/2022\/05\/news_impressionen-100x100.png 100w, https:\/\/www.144.ch\/wp-content\/uploads\/2022\/05\/news_impressionen-300x300.png 300w\" sizes=\"auto, (max-width: 180px) 100vw, 180px\" \/><span class='iconfont avia-svg-icon avia-font-svg_entypo-fontello' data-av_svg_icon='pencil' data-av_iconset='svg_entypo-fontello' ><svg version=\"1.1\" xmlns=\"http:\/\/www.w3.org\/2000\/svg\" width=\"25\" height=\"32\" viewBox=\"0 0 25 32\" preserveAspectRatio=\"xMidYMid meet\" role=\"graphics-symbol\" aria-hidden=\"true\">\n<path d=\"M22.976 5.44q1.024 1.024 1.504 2.048t0.48 1.536v0.512l-8.064 8.064-9.28 9.216-7.616 1.664 1.6-7.68 9.28-9.216 8.064-8.064q1.728-0.384 4.032 1.92zM7.168 25.92l0.768-0.768q-0.064-1.408-1.664-3.008-0.704-0.704-1.44-1.12t-1.12-0.416l-0.448-0.064-0.704 0.768-0.576 2.56q0.896 0.512 1.472 1.088 0.768 0.768 1.152 1.536z\"><\/path>\n<\/svg><\/span><\/a><\/div><div class='entry-content-wrapper clearfix standard-content'><header class=\"entry-content-header\" aria-label=\"Post: Impressioni CONGRESSO SVIZZERO DI MEDICINA D&#8217;URGENZA 2022\"><div class=\"av-heading-wrapper\"><h2 class='post-title entry-title ' ><a href=\"https:\/\/www.144.ch\/it\/impressionen-schweizer-kongress-fuer-notfallmedizin-2022\/\" rel=\"bookmark\" title=\"Link Permanente: Impressioni CONGRESSO SVIZZERO DI MEDICINA D&#8217;URGENZA 2022\">Impressioni CONGRESSO SVIZZERO DI MEDICINA D&#8217;URGENZA 2022<span class=\"post-format-icon minor-meta\"><\/span><\/a><\/h2><span class=\"blog-categories minor-meta\"><a href=\"https:\/\/www.144.ch\/it\/category\/news\/\" rel=\"tag\">News<\/a><\/span><\/div><\/header><span class=\"av-vertical-delimiter\"><\/span><div class=\"entry-content\" ><p>Le impressioni del CONGRESSO SVIZZERO DI MEDICINA D&#8217;URGENZA 2022 sono online.<\/p>\n<div class=\"read-more-link\"><a href=\"https:\/\/www.144.ch\/it\/impressionen-schweizer-kongress-fuer-notfallmedizin-2022\/\" class=\"more-link\">Continua a leggere<span class='more-link-arrow avia-svg-icon avia-font-svg_entypo-fontello' data-av_svg_icon='right-open-big' data-av_iconset='svg_entypo-fontello'><svg version=\"1.1\" xmlns=\"http:\/\/www.w3.org\/2000\/svg\" width=\"15\" height=\"32\" viewBox=\"0 0 15 32\" preserveAspectRatio=\"xMidYMid meet\" role=\"graphics-symbol\" aria-hidden=\"true\">\n<path d=\"M0.416 27.84l11.456-11.84-11.456-11.904q-0.832-0.832 0-1.536 0.832-0.832 1.536 0l12.544 12.608q0.768 0.832 0 1.6l-12.544 12.608q-0.704 0.832-1.536 0-0.832-0.704 0-1.536z\"><\/path>\n<\/svg><\/span><\/a><\/div>\n<\/div><span class=\"post-meta-infos\"><time class=\"date-container minor-meta updated\" >18. Maggio 2022<\/time><\/span><footer class=\"entry-footer\"><\/footer><div class='post_delimiter'><\/div><\/div><div class=\"post_author_timeline\"><\/div><\/article><article class=\"post-entry post-entry-type-standard post-entry-29859 post-loop-44 post-parity-even single-small with-slider post-29859 post type-post status-publish format-standard has-post-thumbnail hentry category-news\" ><div class=\"blog-meta\"><a href='https:\/\/www.144.ch\/it\/cambio-al-vertice-jann-rehli-nuovo-presidente-dellias\/' class='small-preview'  title=\"news_ivr\"  ><img decoding=\"async\" loading=\"lazy\" width=\"180\" height=\"180\" src=\"https:\/\/www.144.ch\/wp-content\/uploads\/2022\/05\/news_ivr-180x180.png\" class=\"wp-image-29899 avia-img-lazy-loading-29899 attachment-square size-square wp-post-image\" alt=\"\" srcset=\"https:\/\/www.144.ch\/wp-content\/uploads\/2022\/05\/news_ivr-180x180.png 180w, https:\/\/www.144.ch\/wp-content\/uploads\/2022\/05\/news_ivr-80x80.png 80w, https:\/\/www.144.ch\/wp-content\/uploads\/2022\/05\/news_ivr-36x36.png 36w, https:\/\/www.144.ch\/wp-content\/uploads\/2022\/05\/news_ivr-100x100.png 100w, https:\/\/www.144.ch\/wp-content\/uploads\/2022\/05\/news_ivr-300x300.png 300w\" sizes=\"auto, (max-width: 180px) 100vw, 180px\" \/><span class='iconfont avia-svg-icon avia-font-svg_entypo-fontello' data-av_svg_icon='pencil' data-av_iconset='svg_entypo-fontello' ><svg version=\"1.1\" xmlns=\"http:\/\/www.w3.org\/2000\/svg\" width=\"25\" height=\"32\" viewBox=\"0 0 25 32\" preserveAspectRatio=\"xMidYMid meet\" role=\"graphics-symbol\" aria-hidden=\"true\">\n<path d=\"M22.976 5.44q1.024 1.024 1.504 2.048t0.48 1.536v0.512l-8.064 8.064-9.28 9.216-7.616 1.664 1.6-7.68 9.28-9.216 8.064-8.064q1.728-0.384 4.032 1.92zM7.168 25.92l0.768-0.768q-0.064-1.408-1.664-3.008-0.704-0.704-1.44-1.12t-1.12-0.416l-0.448-0.064-0.704 0.768-0.576 2.56q0.896 0.512 1.472 1.088 0.768 0.768 1.152 1.536z\"><\/path>\n<\/svg><\/span><\/a><\/div><div class='entry-content-wrapper clearfix standard-content'><header class=\"entry-content-header\" aria-label=\"Post: Cambio al vertice: Jann Rehli nuovo Presidente dell\u2019IAS\"><div class=\"av-heading-wrapper\"><h2 class='post-title entry-title ' ><a href=\"https:\/\/www.144.ch\/it\/cambio-al-vertice-jann-rehli-nuovo-presidente-dellias\/\" rel=\"bookmark\" title=\"Link Permanente: Cambio al vertice: Jann Rehli nuovo Presidente dell\u2019IAS\">Cambio al vertice: Jann Rehli nuovo Presidente dell\u2019IAS<span class=\"post-format-icon minor-meta\"><\/span><\/a><\/h2><span class=\"blog-categories minor-meta\"><a href=\"https:\/\/www.144.ch\/it\/category\/news\/\" rel=\"tag\">News<\/a><\/span><\/div><\/header><span class=\"av-vertical-delimiter\"><\/span><div class=\"entry-content\" ><p>Il precedente Vicepresidente Jann Rehli \u00e8 stato eletto all\u2019unanimit\u00e0 come nuovo Presidente durante l\u2019ultima Assemblea dei soci dell\u2019IAS. Egli succede a Roman W\u00fcst, che ha guidato l\u2019associazione nei momenti pi\u00f9 difficili della sua storia. L\u2019Assemblea ha seguito la raccomandazione dell\u2019intero Comitato. L\u2019obiettivo \u00e8 quello di garantire la continuit\u00e0 e il consolidamento dell\u2019Interassociazione di salvataggio e [&hellip;]<\/p>\n<div class=\"read-more-link\"><a href=\"https:\/\/www.144.ch\/it\/cambio-al-vertice-jann-rehli-nuovo-presidente-dellias\/\" class=\"more-link\">Continua a leggere<span class='more-link-arrow avia-svg-icon avia-font-svg_entypo-fontello' data-av_svg_icon='right-open-big' data-av_iconset='svg_entypo-fontello'><svg version=\"1.1\" xmlns=\"http:\/\/www.w3.org\/2000\/svg\" width=\"15\" height=\"32\" viewBox=\"0 0 15 32\" preserveAspectRatio=\"xMidYMid meet\" role=\"graphics-symbol\" aria-hidden=\"true\">\n<path d=\"M0.416 27.84l11.456-11.84-11.456-11.904q-0.832-0.832 0-1.536 0.832-0.832 1.536 0l12.544 12.608q0.768 0.832 0 1.6l-12.544 12.608q-0.704 0.832-1.536 0-0.832-0.704 0-1.536z\"><\/path>\n<\/svg><\/span><\/a><\/div>\n<\/div><span class=\"post-meta-infos\"><time class=\"date-container minor-meta updated\" >17. Maggio 2022<\/time><\/span><footer class=\"entry-footer\"><\/footer><div class='post_delimiter'><\/div><\/div><div class=\"post_author_timeline\"><\/div><\/article><article class=\"post-entry post-entry-type-standard post-entry-29763 post-loop-45 post-parity-odd single-small with-slider post-29763 post type-post status-publish format-standard has-post-thumbnail hentry category-news\" ><div class=\"blog-meta\"><a href='https:\/\/www.144.ch\/it\/aiuto-per-lucraina\/' class='small-preview'  title=\"Hand_News\"  ><img decoding=\"async\" loading=\"lazy\" width=\"180\" height=\"180\" src=\"https:\/\/www.144.ch\/wp-content\/uploads\/2022\/05\/Hand_News-180x180.jpg\" class=\"wp-image-29804 avia-img-lazy-loading-29804 attachment-square size-square wp-post-image\" alt=\"\" srcset=\"https:\/\/www.144.ch\/wp-content\/uploads\/2022\/05\/Hand_News-180x180.jpg 180w, https:\/\/www.144.ch\/wp-content\/uploads\/2022\/05\/Hand_News-80x80.jpg 80w, https:\/\/www.144.ch\/wp-content\/uploads\/2022\/05\/Hand_News-36x36.jpg 36w, https:\/\/www.144.ch\/wp-content\/uploads\/2022\/05\/Hand_News-100x100.jpg 100w, https:\/\/www.144.ch\/wp-content\/uploads\/2022\/05\/Hand_News-300x300.jpg 300w\" sizes=\"auto, (max-width: 180px) 100vw, 180px\" \/><span class='iconfont avia-svg-icon avia-font-svg_entypo-fontello' data-av_svg_icon='pencil' data-av_iconset='svg_entypo-fontello' ><svg version=\"1.1\" xmlns=\"http:\/\/www.w3.org\/2000\/svg\" width=\"25\" height=\"32\" viewBox=\"0 0 25 32\" preserveAspectRatio=\"xMidYMid meet\" role=\"graphics-symbol\" aria-hidden=\"true\">\n<path d=\"M22.976 5.44q1.024 1.024 1.504 2.048t0.48 1.536v0.512l-8.064 8.064-9.28 9.216-7.616 1.664 1.6-7.68 9.28-9.216 8.064-8.064q1.728-0.384 4.032 1.92zM7.168 25.92l0.768-0.768q-0.064-1.408-1.664-3.008-0.704-0.704-1.44-1.12t-1.12-0.416l-0.448-0.064-0.704 0.768-0.576 2.56q0.896 0.512 1.472 1.088 0.768 0.768 1.152 1.536z\"><\/path>\n<\/svg><\/span><\/a><\/div><div class='entry-content-wrapper clearfix standard-content'><header class=\"entry-content-header\" aria-label=\"Post: Aiuto per l&#8217;Ucraina\"><div class=\"av-heading-wrapper\"><h2 class='post-title entry-title ' ><a href=\"https:\/\/www.144.ch\/it\/aiuto-per-lucraina\/\" rel=\"bookmark\" title=\"Link Permanente: Aiuto per l&#8217;Ucraina\">Aiuto per l&#8217;Ucraina<span class=\"post-format-icon minor-meta\"><\/span><\/a><\/h2><span class=\"blog-categories minor-meta\"><a href=\"https:\/\/www.144.ch\/it\/category\/news\/\" rel=\"tag\">News<\/a><\/span><\/div><\/header><span class=\"av-vertical-delimiter\"><\/span><div class=\"entry-content\" ><p>L&#8217;Ambasciata ucraina in Svizzera ha bisogno di ambulanze dismesse e di varie forniture mediche. Se ha del materiale che desidera inviare nella zona di guerra, la preghiamo di contattare direttamente l&#8217;Ambasciata, preferibilmente via e-mail. Aggiornamento 18.05.2022: L&#8217;Ambasciata informa che le linee telefoniche sono sovraccariche e chiede di utilizzare solo le e-mail come canale di contatto. [&hellip;]<\/p>\n<div class=\"read-more-link\"><a href=\"https:\/\/www.144.ch\/it\/aiuto-per-lucraina\/\" class=\"more-link\">Continua a leggere<span class='more-link-arrow avia-svg-icon avia-font-svg_entypo-fontello' data-av_svg_icon='right-open-big' data-av_iconset='svg_entypo-fontello'><svg version=\"1.1\" xmlns=\"http:\/\/www.w3.org\/2000\/svg\" width=\"15\" height=\"32\" viewBox=\"0 0 15 32\" preserveAspectRatio=\"xMidYMid meet\" role=\"graphics-symbol\" aria-hidden=\"true\">\n<path d=\"M0.416 27.84l11.456-11.84-11.456-11.904q-0.832-0.832 0-1.536 0.832-0.832 1.536 0l12.544 12.608q0.768 0.832 0 1.6l-12.544 12.608q-0.704 0.832-1.536 0-0.832-0.704 0-1.536z\"><\/path>\n<\/svg><\/span><\/a><\/div>\n<\/div><span class=\"post-meta-infos\"><time class=\"date-container minor-meta updated\" >13. Maggio 2022<\/time><\/span><footer class=\"entry-footer\"><\/footer><div class='post_delimiter'><\/div><\/div><div class=\"post_author_timeline\"><\/div><\/article><article class=\"post-entry post-entry-type-standard post-entry-29115 post-loop-46 post-parity-even single-small with-slider post-29115 post type-post status-publish format-standard has-post-thumbnail hentry category-news\" ><div class=\"blog-meta\"><a href='https:\/\/www.144.ch\/it\/patiententransportdienst\/' class='small-preview'  title=\"News-Transport\"  ><img decoding=\"async\" loading=\"lazy\" width=\"180\" height=\"180\" src=\"https:\/\/www.144.ch\/wp-content\/uploads\/2022\/04\/News-Transport-180x180.jpg\" class=\"wp-image-29107 avia-img-lazy-loading-29107 attachment-square size-square wp-post-image\" alt=\"\" srcset=\"https:\/\/www.144.ch\/wp-content\/uploads\/2022\/04\/News-Transport-180x180.jpg 180w, https:\/\/www.144.ch\/wp-content\/uploads\/2022\/04\/News-Transport-80x80.jpg 80w, https:\/\/www.144.ch\/wp-content\/uploads\/2022\/04\/News-Transport-36x36.jpg 36w, https:\/\/www.144.ch\/wp-content\/uploads\/2022\/04\/News-Transport-100x100.jpg 100w, https:\/\/www.144.ch\/wp-content\/uploads\/2022\/04\/News-Transport-300x300.jpg 300w\" sizes=\"auto, (max-width: 180px) 100vw, 180px\" \/><span class='iconfont avia-svg-icon avia-font-svg_entypo-fontello' data-av_svg_icon='pencil' data-av_iconset='svg_entypo-fontello' ><svg version=\"1.1\" xmlns=\"http:\/\/www.w3.org\/2000\/svg\" width=\"25\" height=\"32\" viewBox=\"0 0 25 32\" preserveAspectRatio=\"xMidYMid meet\" role=\"graphics-symbol\" aria-hidden=\"true\">\n<path d=\"M22.976 5.44q1.024 1.024 1.504 2.048t0.48 1.536v0.512l-8.064 8.064-9.28 9.216-7.616 1.664 1.6-7.68 9.28-9.216 8.064-8.064q1.728-0.384 4.032 1.92zM7.168 25.92l0.768-0.768q-0.064-1.408-1.664-3.008-0.704-0.704-1.44-1.12t-1.12-0.416l-0.448-0.064-0.704 0.768-0.576 2.56q0.896 0.512 1.472 1.088 0.768 0.768 1.152 1.536z\"><\/path>\n<\/svg><\/span><\/a><\/div><div class='entry-content-wrapper clearfix standard-content'><header class=\"entry-content-header\" aria-label=\"Post: Servizio di trasferimento &#038; trasporto pazienti\"><div class=\"av-heading-wrapper\"><h2 class='post-title entry-title ' ><a href=\"https:\/\/www.144.ch\/it\/patiententransportdienst\/\" rel=\"bookmark\" title=\"Link Permanente: Servizio di trasferimento &#038; trasporto pazienti\">Servizio di trasferimento &#038; trasporto pazienti<span class=\"post-format-icon minor-meta\"><\/span><\/a><\/h2><span class=\"blog-categories minor-meta\"><a href=\"https:\/\/www.144.ch\/it\/category\/news\/\" rel=\"tag\">News<\/a><\/span><\/div><\/header><span class=\"av-vertical-delimiter\"><\/span><div class=\"entry-content\" ><p>Le domande per l\u2019accreditamento dei servizi per i trasferimenti secondari S3 e i servizi di trasporto dei pazienti sono ora possibili. L&#8217;IAS concede uno sconto a tutti coloro che si annunciano nel 2\u00b0 e 3\u00b0 trimestre del 2022 per l\u2019accreditamento nel 2023. Costo del dell\u2019accreditamento S3\/ S4: CHF 5000.00 invece di CHF 5500.00 Costo del [&hellip;]<\/p>\n<div class=\"read-more-link\"><a href=\"https:\/\/www.144.ch\/it\/patiententransportdienst\/\" class=\"more-link\">Continua a leggere<span class='more-link-arrow avia-svg-icon avia-font-svg_entypo-fontello' data-av_svg_icon='right-open-big' data-av_iconset='svg_entypo-fontello'><svg version=\"1.1\" xmlns=\"http:\/\/www.w3.org\/2000\/svg\" width=\"15\" height=\"32\" viewBox=\"0 0 15 32\" preserveAspectRatio=\"xMidYMid meet\" role=\"graphics-symbol\" aria-hidden=\"true\">\n<path d=\"M0.416 27.84l11.456-11.84-11.456-11.904q-0.832-0.832 0-1.536 0.832-0.832 1.536 0l12.544 12.608q0.768 0.832 0 1.6l-12.544 12.608q-0.704 0.832-1.536 0-0.832-0.704 0-1.536z\"><\/path>\n<\/svg><\/span><\/a><\/div>\n<\/div><span class=\"post-meta-infos\"><time class=\"date-container minor-meta updated\" >20. Aprile 2022<\/time><\/span><footer class=\"entry-footer\"><\/footer><div class='post_delimiter'><\/div><\/div><div class=\"post_author_timeline\"><\/div><\/article><article class=\"post-entry post-entry-type-standard post-entry-28912 post-loop-47 post-parity-odd single-small with-slider post-28912 post type-post status-publish format-standard has-post-thumbnail hentry category-news\" ><div class=\"blog-meta\"><a href='https:\/\/www.144.ch\/it\/nationaler-tag-der-notrufnummer-144\/' class='small-preview'  title=\"news_144_2022_IT\"  ><img decoding=\"async\" loading=\"lazy\" width=\"180\" height=\"180\" src=\"https:\/\/www.144.ch\/wp-content\/uploads\/2022\/04\/news_144_2022_IT-1-180x180.jpg\" class=\"wp-image-28984 avia-img-lazy-loading-28984 attachment-square size-square wp-post-image\" alt=\"\" srcset=\"https:\/\/www.144.ch\/wp-content\/uploads\/2022\/04\/news_144_2022_IT-1-180x180.jpg 180w, https:\/\/www.144.ch\/wp-content\/uploads\/2022\/04\/news_144_2022_IT-1-80x80.jpg 80w, https:\/\/www.144.ch\/wp-content\/uploads\/2022\/04\/news_144_2022_IT-1-36x36.jpg 36w, https:\/\/www.144.ch\/wp-content\/uploads\/2022\/04\/news_144_2022_IT-1-100x100.jpg 100w, https:\/\/www.144.ch\/wp-content\/uploads\/2022\/04\/news_144_2022_IT-1-300x300.jpg 300w\" sizes=\"auto, (max-width: 180px) 100vw, 180px\" \/><span class='iconfont avia-svg-icon avia-font-svg_entypo-fontello' data-av_svg_icon='pencil' data-av_iconset='svg_entypo-fontello' ><svg version=\"1.1\" xmlns=\"http:\/\/www.w3.org\/2000\/svg\" width=\"25\" height=\"32\" viewBox=\"0 0 25 32\" preserveAspectRatio=\"xMidYMid meet\" role=\"graphics-symbol\" aria-hidden=\"true\">\n<path d=\"M22.976 5.44q1.024 1.024 1.504 2.048t0.48 1.536v0.512l-8.064 8.064-9.28 9.216-7.616 1.664 1.6-7.68 9.28-9.216 8.064-8.064q1.728-0.384 4.032 1.92zM7.168 25.92l0.768-0.768q-0.064-1.408-1.664-3.008-0.704-0.704-1.44-1.12t-1.12-0.416l-0.448-0.064-0.704 0.768-0.576 2.56q0.896 0.512 1.472 1.088 0.768 0.768 1.152 1.536z\"><\/path>\n<\/svg><\/span><\/a><\/div><div class='entry-content-wrapper clearfix standard-content'><header class=\"entry-content-header\" aria-label=\"Post: Giornata nazionale del numero di emergenza 144\"><div class=\"av-heading-wrapper\"><h2 class='post-title entry-title ' ><a href=\"https:\/\/www.144.ch\/it\/nationaler-tag-der-notrufnummer-144\/\" rel=\"bookmark\" title=\"Link Permanente: Giornata nazionale del numero di emergenza 144\">Giornata nazionale del numero di emergenza 144<span class=\"post-format-icon minor-meta\"><\/span><\/a><\/h2><span class=\"blog-categories minor-meta\"><a href=\"https:\/\/www.144.ch\/it\/category\/news\/\" rel=\"tag\">News<\/a><\/span><\/div><\/header><span class=\"av-vertical-delimiter\"><\/span><div class=\"entry-content\" ><p>La giornata nazionale del numero di emergenza 144 avr\u00e0 luogo gioved\u00ec 14.04.2022. Le seguenti organizzazioni offrono una visione: Rettung Aargau West &#8211; AKB Bank Platz 74, Aarau SPS Ambulances &#8211; Fontaine de la Justice, Neuch\u00e2tel Rettungsdienst Schaffhausen &#8211; Herblinger Mark, Schaffhausen Hemostaz &#8211; Place de l`europe, Lausanne Commune Val-de-Travers &#8211; Grand-Rue 23, Couvet Rettungsdienst See-Spital [&hellip;]<\/p>\n<div class=\"read-more-link\"><a href=\"https:\/\/www.144.ch\/it\/nationaler-tag-der-notrufnummer-144\/\" class=\"more-link\">Continua a leggere<span class='more-link-arrow avia-svg-icon avia-font-svg_entypo-fontello' data-av_svg_icon='right-open-big' data-av_iconset='svg_entypo-fontello'><svg version=\"1.1\" xmlns=\"http:\/\/www.w3.org\/2000\/svg\" width=\"15\" height=\"32\" viewBox=\"0 0 15 32\" preserveAspectRatio=\"xMidYMid meet\" role=\"graphics-symbol\" aria-hidden=\"true\">\n<path d=\"M0.416 27.84l11.456-11.84-11.456-11.904q-0.832-0.832 0-1.536 0.832-0.832 1.536 0l12.544 12.608q0.768 0.832 0 1.6l-12.544 12.608q-0.704 0.832-1.536 0-0.832-0.704 0-1.536z\"><\/path>\n<\/svg><\/span><\/a><\/div>\n<\/div><span class=\"post-meta-infos\"><time class=\"date-container minor-meta updated\" >12. Aprile 2022<\/time><\/span><footer class=\"entry-footer\"><\/footer><div class='post_delimiter'><\/div><\/div><div class=\"post_author_timeline\"><\/div><\/article><article class=\"post-entry post-entry-type-standard post-entry-28606 post-loop-48 post-parity-even single-small with-slider post-28606 post type-post status-publish format-standard has-post-thumbnail hentry category-news\" ><div class=\"blog-meta\"><a href='https:\/\/www.144.ch\/it\/neue-q-labels-stellenanzeigen\/' class='small-preview'  title=\"news-qlabel\"  ><img decoding=\"async\" loading=\"lazy\" width=\"180\" height=\"180\" src=\"https:\/\/www.144.ch\/wp-content\/uploads\/2022\/03\/news-qlabel-180x180.png\" class=\"wp-image-28598 avia-img-lazy-loading-28598 attachment-square size-square wp-post-image\" alt=\"\" srcset=\"https:\/\/www.144.ch\/wp-content\/uploads\/2022\/03\/news-qlabel-180x180.png 180w, https:\/\/www.144.ch\/wp-content\/uploads\/2022\/03\/news-qlabel-80x80.png 80w, https:\/\/www.144.ch\/wp-content\/uploads\/2022\/03\/news-qlabel-36x36.png 36w, https:\/\/www.144.ch\/wp-content\/uploads\/2022\/03\/news-qlabel-100x100.png 100w, https:\/\/www.144.ch\/wp-content\/uploads\/2022\/03\/news-qlabel-300x300.png 300w\" sizes=\"auto, (max-width: 180px) 100vw, 180px\" \/><span class='iconfont avia-svg-icon avia-font-svg_entypo-fontello' data-av_svg_icon='pencil' data-av_iconset='svg_entypo-fontello' ><svg version=\"1.1\" xmlns=\"http:\/\/www.w3.org\/2000\/svg\" width=\"25\" height=\"32\" viewBox=\"0 0 25 32\" preserveAspectRatio=\"xMidYMid meet\" role=\"graphics-symbol\" aria-hidden=\"true\">\n<path d=\"M22.976 5.44q1.024 1.024 1.504 2.048t0.48 1.536v0.512l-8.064 8.064-9.28 9.216-7.616 1.664 1.6-7.68 9.28-9.216 8.064-8.064q1.728-0.384 4.032 1.92zM7.168 25.92l0.768-0.768q-0.064-1.408-1.664-3.008-0.704-0.704-1.44-1.12t-1.12-0.416l-0.448-0.064-0.704 0.768-0.576 2.56q0.896 0.512 1.472 1.088 0.768 0.768 1.152 1.536z\"><\/path>\n<\/svg><\/span><\/a><\/div><div class='entry-content-wrapper clearfix standard-content'><header class=\"entry-content-header\" aria-label=\"Post: Nuovi label qualit\u00e0 \/ Annunci di lavoro\"><div class=\"av-heading-wrapper\"><h2 class='post-title entry-title ' ><a href=\"https:\/\/www.144.ch\/it\/neue-q-labels-stellenanzeigen\/\" rel=\"bookmark\" title=\"Link Permanente: Nuovi label qualit\u00e0 \/ Annunci di lavoro\">Nuovi label qualit\u00e0 \/ Annunci di lavoro<span class=\"post-format-icon minor-meta\"><\/span><\/a><\/h2><span class=\"blog-categories minor-meta\"><a href=\"https:\/\/www.144.ch\/it\/category\/news\/\" rel=\"tag\">News<\/a><\/span><\/div><\/header><span class=\"av-vertical-delimiter\"><\/span><div class=\"entry-content\" ><p>Labels Q La nuova catena del soccorso, che riassume graficamente il sistema preospedaliero e in particolare il nostro mandato CDS, ha creato un filo conduttore che collega tutte le nostre attivit\u00e0. Sulla base di questo principio, abbiamo intrapreso una riprogettazione dei nostri label\u00a0 qualit\u00e0. I cambiamenti pi\u00f9 importanti includono una scelta pi\u00f9 mirata dei colori [&hellip;]<\/p>\n<div class=\"read-more-link\"><a href=\"https:\/\/www.144.ch\/it\/neue-q-labels-stellenanzeigen\/\" class=\"more-link\">Continua a leggere<span class='more-link-arrow avia-svg-icon avia-font-svg_entypo-fontello' data-av_svg_icon='right-open-big' data-av_iconset='svg_entypo-fontello'><svg version=\"1.1\" xmlns=\"http:\/\/www.w3.org\/2000\/svg\" width=\"15\" height=\"32\" viewBox=\"0 0 15 32\" preserveAspectRatio=\"xMidYMid meet\" role=\"graphics-symbol\" aria-hidden=\"true\">\n<path d=\"M0.416 27.84l11.456-11.84-11.456-11.904q-0.832-0.832 0-1.536 0.832-0.832 1.536 0l12.544 12.608q0.768 0.832 0 1.6l-12.544 12.608q-0.704 0.832-1.536 0-0.832-0.704 0-1.536z\"><\/path>\n<\/svg><\/span><\/a><\/div>\n<\/div><span class=\"post-meta-infos\"><time class=\"date-container minor-meta updated\" >22. Marzo 2022<\/time><\/span><footer class=\"entry-footer\"><\/footer><div class='post_delimiter'><\/div><\/div><div class=\"post_author_timeline\"><\/div><\/article><article class=\"post-entry post-entry-type-standard post-entry-26964 post-loop-49 post-parity-odd single-small with-slider post-26964 post type-post status-publish format-standard has-post-thumbnail hentry category-news\" ><div class=\"blog-meta\"><a href='https:\/\/www.144.ch\/it\/newsletter\/' class='small-preview'  title=\"Newsletter_News\"  ><img decoding=\"async\" loading=\"lazy\" width=\"180\" height=\"180\" src=\"https:\/\/www.144.ch\/wp-content\/uploads\/2021\/12\/Newsletter_News-180x180.jpg\" class=\"wp-image-26960 avia-img-lazy-loading-26960 attachment-square size-square wp-post-image\" alt=\"\" srcset=\"https:\/\/www.144.ch\/wp-content\/uploads\/2021\/12\/Newsletter_News-180x180.jpg 180w, https:\/\/www.144.ch\/wp-content\/uploads\/2021\/12\/Newsletter_News-80x80.jpg 80w, https:\/\/www.144.ch\/wp-content\/uploads\/2021\/12\/Newsletter_News-36x36.jpg 36w, https:\/\/www.144.ch\/wp-content\/uploads\/2021\/12\/Newsletter_News-100x100.jpg 100w, https:\/\/www.144.ch\/wp-content\/uploads\/2021\/12\/Newsletter_News-300x300.jpg 300w\" sizes=\"auto, (max-width: 180px) 100vw, 180px\" \/><span class='iconfont avia-svg-icon avia-font-svg_entypo-fontello' data-av_svg_icon='pencil' data-av_iconset='svg_entypo-fontello' ><svg version=\"1.1\" xmlns=\"http:\/\/www.w3.org\/2000\/svg\" width=\"25\" height=\"32\" viewBox=\"0 0 25 32\" preserveAspectRatio=\"xMidYMid meet\" role=\"graphics-symbol\" aria-hidden=\"true\">\n<path d=\"M22.976 5.44q1.024 1.024 1.504 2.048t0.48 1.536v0.512l-8.064 8.064-9.28 9.216-7.616 1.664 1.6-7.68 9.28-9.216 8.064-8.064q1.728-0.384 4.032 1.92zM7.168 25.92l0.768-0.768q-0.064-1.408-1.664-3.008-0.704-0.704-1.44-1.12t-1.12-0.416l-0.448-0.064-0.704 0.768-0.576 2.56q0.896 0.512 1.472 1.088 0.768 0.768 1.152 1.536z\"><\/path>\n<\/svg><\/span><\/a><\/div><div class='entry-content-wrapper clearfix standard-content'><header class=\"entry-content-header\" aria-label=\"Post: Newsletter\"><div class=\"av-heading-wrapper\"><h2 class='post-title entry-title ' ><a href=\"https:\/\/www.144.ch\/it\/newsletter\/\" rel=\"bookmark\" title=\"Link Permanente: Newsletter\">Newsletter<span class=\"post-format-icon minor-meta\"><\/span><\/a><\/h2><span class=\"blog-categories minor-meta\"><a href=\"https:\/\/www.144.ch\/it\/category\/news\/\" rel=\"tag\">News<\/a><\/span><\/div><\/header><span class=\"av-vertical-delimiter\"><\/span><div class=\"entry-content\" ><p>Intendiamo inviare informazioni a intervalli regolari e lo faremo tramite newsletter. La registrazione \u00e8 possibile per tutti. Puoi iscriverti alla newsletter qui.<\/p>\n<div class=\"read-more-link\"><a href=\"https:\/\/www.144.ch\/it\/newsletter\/\" class=\"more-link\">Continua a leggere<span class='more-link-arrow avia-svg-icon avia-font-svg_entypo-fontello' data-av_svg_icon='right-open-big' data-av_iconset='svg_entypo-fontello'><svg version=\"1.1\" xmlns=\"http:\/\/www.w3.org\/2000\/svg\" width=\"15\" height=\"32\" viewBox=\"0 0 15 32\" preserveAspectRatio=\"xMidYMid meet\" role=\"graphics-symbol\" aria-hidden=\"true\">\n<path d=\"M0.416 27.84l11.456-11.84-11.456-11.904q-0.832-0.832 0-1.536 0.832-0.832 1.536 0l12.544 12.608q0.768 0.832 0 1.6l-12.544 12.608q-0.704 0.832-1.536 0-0.832-0.704 0-1.536z\"><\/path>\n<\/svg><\/span><\/a><\/div>\n<\/div><span class=\"post-meta-infos\"><time class=\"date-container minor-meta updated\" >21. Dicembre 2021<\/time><\/span><footer class=\"entry-footer\"><\/footer><div class='post_delimiter'><\/div><\/div><div class=\"post_author_timeline\"><\/div><\/article><article class=\"post-entry post-entry-type-standard post-entry-26665 post-loop-50 post-parity-even single-small with-slider post-26665 post type-post status-publish format-standard has-post-thumbnail hentry category-news\" ><div class=\"blog-meta\"><a href='https:\/\/www.144.ch\/it\/richtlinien\/' class='small-preview'  title=\"RD_News\"  ><img decoding=\"async\" loading=\"lazy\" width=\"180\" height=\"180\" src=\"https:\/\/www.144.ch\/wp-content\/uploads\/2021\/11\/RD_News-1-180x180.jpg\" class=\"wp-image-26223 avia-img-lazy-loading-26223 attachment-square size-square wp-post-image\" alt=\"\" srcset=\"https:\/\/www.144.ch\/wp-content\/uploads\/2021\/11\/RD_News-1-180x180.jpg 180w, https:\/\/www.144.ch\/wp-content\/uploads\/2021\/11\/RD_News-1-80x80.jpg 80w, https:\/\/www.144.ch\/wp-content\/uploads\/2021\/11\/RD_News-1-36x36.jpg 36w, https:\/\/www.144.ch\/wp-content\/uploads\/2021\/11\/RD_News-1-100x100.jpg 100w, https:\/\/www.144.ch\/wp-content\/uploads\/2021\/11\/RD_News-1-300x300.jpg 300w\" sizes=\"auto, (max-width: 180px) 100vw, 180px\" \/><span class='iconfont avia-svg-icon avia-font-svg_entypo-fontello' data-av_svg_icon='pencil' data-av_iconset='svg_entypo-fontello' ><svg version=\"1.1\" xmlns=\"http:\/\/www.w3.org\/2000\/svg\" width=\"25\" height=\"32\" viewBox=\"0 0 25 32\" preserveAspectRatio=\"xMidYMid meet\" role=\"graphics-symbol\" aria-hidden=\"true\">\n<path d=\"M22.976 5.44q1.024 1.024 1.504 2.048t0.48 1.536v0.512l-8.064 8.064-9.28 9.216-7.616 1.664 1.6-7.68 9.28-9.216 8.064-8.064q1.728-0.384 4.032 1.92zM7.168 25.92l0.768-0.768q-0.064-1.408-1.664-3.008-0.704-0.704-1.44-1.12t-1.12-0.416l-0.448-0.064-0.704 0.768-0.576 2.56q0.896 0.512 1.472 1.088 0.768 0.768 1.152 1.536z\"><\/path>\n<\/svg><\/span><\/a><\/div><div class='entry-content-wrapper clearfix standard-content'><header class=\"entry-content-header\" aria-label=\"Post: Direttive\"><div class=\"av-heading-wrapper\"><h2 class='post-title entry-title ' ><a href=\"https:\/\/www.144.ch\/it\/richtlinien\/\" rel=\"bookmark\" title=\"Link Permanente: Direttive\">Direttive<span class=\"post-format-icon minor-meta\"><\/span><\/a><\/h2><span class=\"blog-categories minor-meta\"><a href=\"https:\/\/www.144.ch\/it\/category\/news\/\" rel=\"tag\">News<\/a><\/span><\/div><\/header><span class=\"av-vertical-delimiter\"><\/span><div class=\"entry-content\" ><p>Le direttive per l&#8217;accreditamento dei servizi di soccorso e le direttive per l&#8217;accreditamento delle aziende che effettuano trasferimenti (S3) e trasporto pazienti (S4), sono state adottate dall&#8217;assemblea plenaria del CDS. L&#8217;accreditamento secondo le nuove direttive sar\u00e0 verosimilmente possibile a partire dal 3\u00b0 trimestre 2022. Dopo il completamento dei manuali (2\u00b0 trimestre 2022), il segretariato generale [&hellip;]<\/p>\n<div class=\"read-more-link\"><a href=\"https:\/\/www.144.ch\/it\/richtlinien\/\" class=\"more-link\">Continua a leggere<span class='more-link-arrow avia-svg-icon avia-font-svg_entypo-fontello' data-av_svg_icon='right-open-big' data-av_iconset='svg_entypo-fontello'><svg version=\"1.1\" xmlns=\"http:\/\/www.w3.org\/2000\/svg\" width=\"15\" height=\"32\" viewBox=\"0 0 15 32\" preserveAspectRatio=\"xMidYMid meet\" role=\"graphics-symbol\" aria-hidden=\"true\">\n<path d=\"M0.416 27.84l11.456-11.84-11.456-11.904q-0.832-0.832 0-1.536 0.832-0.832 1.536 0l12.544 12.608q0.768 0.832 0 1.6l-12.544 12.608q-0.704 0.832-1.536 0-0.832-0.704 0-1.536z\"><\/path>\n<\/svg><\/span><\/a><\/div>\n<\/div><span class=\"post-meta-infos\"><time class=\"date-container minor-meta updated\" >29. Novembre 2021<\/time><\/span><footer class=\"entry-footer\"><\/footer><div class='post_delimiter'><\/div><\/div><div class=\"post_author_timeline\"><\/div><\/article><article class=\"post-entry post-entry-type-standard post-entry-26238 post-loop-51 post-parity-odd single-small with-slider post-26238 post type-post status-publish format-standard has-post-thumbnail hentry category-news\" ><div class=\"blog-meta\"><a href='https:\/\/www.144.ch\/it\/weisungen-betreffend-das-fuehren-von-schweren-motorwagen-der-polizei-eines-rettungsdienstes-oder-des-zivilschutzes-sowie-das-mitfuehren-von-anhaengern\/' class='small-preview'  title=\"RD_News\"  ><img decoding=\"async\" loading=\"lazy\" width=\"180\" height=\"180\" src=\"https:\/\/www.144.ch\/wp-content\/uploads\/2021\/11\/RD_News-1-180x180.jpg\" class=\"wp-image-26223 avia-img-lazy-loading-26223 attachment-square size-square wp-post-image\" alt=\"\" srcset=\"https:\/\/www.144.ch\/wp-content\/uploads\/2021\/11\/RD_News-1-180x180.jpg 180w, https:\/\/www.144.ch\/wp-content\/uploads\/2021\/11\/RD_News-1-80x80.jpg 80w, https:\/\/www.144.ch\/wp-content\/uploads\/2021\/11\/RD_News-1-36x36.jpg 36w, https:\/\/www.144.ch\/wp-content\/uploads\/2021\/11\/RD_News-1-100x100.jpg 100w, https:\/\/www.144.ch\/wp-content\/uploads\/2021\/11\/RD_News-1-300x300.jpg 300w\" sizes=\"auto, (max-width: 180px) 100vw, 180px\" \/><span class='iconfont avia-svg-icon avia-font-svg_entypo-fontello' data-av_svg_icon='pencil' data-av_iconset='svg_entypo-fontello' ><svg version=\"1.1\" xmlns=\"http:\/\/www.w3.org\/2000\/svg\" width=\"25\" height=\"32\" viewBox=\"0 0 25 32\" preserveAspectRatio=\"xMidYMid meet\" role=\"graphics-symbol\" aria-hidden=\"true\">\n<path d=\"M22.976 5.44q1.024 1.024 1.504 2.048t0.48 1.536v0.512l-8.064 8.064-9.28 9.216-7.616 1.664 1.6-7.68 9.28-9.216 8.064-8.064q1.728-0.384 4.032 1.92zM7.168 25.92l0.768-0.768q-0.064-1.408-1.664-3.008-0.704-0.704-1.44-1.12t-1.12-0.416l-0.448-0.064-0.704 0.768-0.576 2.56q0.896 0.512 1.472 1.088 0.768 0.768 1.152 1.536z\"><\/path>\n<\/svg><\/span><\/a><\/div><div class='entry-content-wrapper clearfix standard-content'><header class=\"entry-content-header\" aria-label=\"Post: Nuovo instruzioni USTRA\"><div class=\"av-heading-wrapper\"><h2 class='post-title entry-title ' ><a href=\"https:\/\/www.144.ch\/it\/weisungen-betreffend-das-fuehren-von-schweren-motorwagen-der-polizei-eines-rettungsdienstes-oder-des-zivilschutzes-sowie-das-mitfuehren-von-anhaengern\/\" rel=\"bookmark\" title=\"Link Permanente: Nuovo instruzioni USTRA\">Nuovo instruzioni USTRA<span class=\"post-format-icon minor-meta\"><\/span><\/a><\/h2><span class=\"blog-categories minor-meta\"><a href=\"https:\/\/www.144.ch\/it\/category\/news\/\" rel=\"tag\">News<\/a><\/span><\/div><\/header><span class=\"av-vertical-delimiter\"><\/span><div class=\"entry-content\" ><p>A fine 2018 iI Consiglio federale ha rivisto le prescrizioni sulla patente di guida. La maggioranza dei partecipanti alla relativa consultazione ha approvato le seguenti novit\u00e0: introduzione di una nuova categoria che autorizzi, tra l\u2019altro, a condurre veicoli per iI trasporto di agenti di polizia, a prescindere da peso totale e numero di posti; estensione [&hellip;]<\/p>\n<div class=\"read-more-link\"><a href=\"https:\/\/www.144.ch\/it\/weisungen-betreffend-das-fuehren-von-schweren-motorwagen-der-polizei-eines-rettungsdienstes-oder-des-zivilschutzes-sowie-das-mitfuehren-von-anhaengern\/\" class=\"more-link\">Continua a leggere<span class='more-link-arrow avia-svg-icon avia-font-svg_entypo-fontello' data-av_svg_icon='right-open-big' data-av_iconset='svg_entypo-fontello'><svg version=\"1.1\" xmlns=\"http:\/\/www.w3.org\/2000\/svg\" width=\"15\" height=\"32\" viewBox=\"0 0 15 32\" preserveAspectRatio=\"xMidYMid meet\" role=\"graphics-symbol\" aria-hidden=\"true\">\n<path d=\"M0.416 27.84l11.456-11.84-11.456-11.904q-0.832-0.832 0-1.536 0.832-0.832 1.536 0l12.544 12.608q0.768 0.832 0 1.6l-12.544 12.608q-0.704 0.832-1.536 0-0.832-0.704 0-1.536z\"><\/path>\n<\/svg><\/span><\/a><\/div>\n<\/div><span class=\"post-meta-infos\"><time class=\"date-container minor-meta updated\" >10. Novembre 2021<\/time><\/span><footer class=\"entry-footer\"><\/footer><div class='post_delimiter'><\/div><\/div><div class=\"post_author_timeline\"><\/div><\/article><article class=\"post-entry post-entry-type-standard post-entry-25746 post-loop-52 post-parity-even single-small with-slider post-25746 post type-post status-publish format-standard has-post-thumbnail hentry category-news\" ><div class=\"blog-meta\"><a href='https:\/\/www.144.ch\/it\/covid-19-first-aid\/' class='small-preview'  title=\"News_First_AID\"  ><img decoding=\"async\" loading=\"lazy\" width=\"180\" height=\"180\" src=\"https:\/\/www.144.ch\/wp-content\/uploads\/2021\/09\/News_First_AID-180x180.jpg\" class=\"wp-image-25724 avia-img-lazy-loading-25724 attachment-square size-square wp-post-image\" alt=\"\" srcset=\"https:\/\/www.144.ch\/wp-content\/uploads\/2021\/09\/News_First_AID-180x180.jpg 180w, https:\/\/www.144.ch\/wp-content\/uploads\/2021\/09\/News_First_AID-80x80.jpg 80w, https:\/\/www.144.ch\/wp-content\/uploads\/2021\/09\/News_First_AID-36x36.jpg 36w, https:\/\/www.144.ch\/wp-content\/uploads\/2021\/09\/News_First_AID-100x100.jpg 100w, https:\/\/www.144.ch\/wp-content\/uploads\/2021\/09\/News_First_AID-300x300.jpg 300w\" sizes=\"auto, (max-width: 180px) 100vw, 180px\" \/><span class='iconfont avia-svg-icon avia-font-svg_entypo-fontello' data-av_svg_icon='pencil' data-av_iconset='svg_entypo-fontello' ><svg version=\"1.1\" xmlns=\"http:\/\/www.w3.org\/2000\/svg\" width=\"25\" height=\"32\" viewBox=\"0 0 25 32\" preserveAspectRatio=\"xMidYMid meet\" role=\"graphics-symbol\" aria-hidden=\"true\">\n<path d=\"M22.976 5.44q1.024 1.024 1.504 2.048t0.48 1.536v0.512l-8.064 8.064-9.28 9.216-7.616 1.664 1.6-7.68 9.28-9.216 8.064-8.064q1.728-0.384 4.032 1.92zM7.168 25.92l0.768-0.768q-0.064-1.408-1.664-3.008-0.704-0.704-1.44-1.12t-1.12-0.416l-0.448-0.064-0.704 0.768-0.576 2.56q0.896 0.512 1.472 1.088 0.768 0.768 1.152 1.536z\"><\/path>\n<\/svg><\/span><\/a><\/div><div class='entry-content-wrapper clearfix standard-content'><header class=\"entry-content-header\" aria-label=\"Post: Covid-19 First-Aid\"><div class=\"av-heading-wrapper\"><h2 class='post-title entry-title ' ><a href=\"https:\/\/www.144.ch\/it\/covid-19-first-aid\/\" rel=\"bookmark\" title=\"Link Permanente: Covid-19 First-Aid\">Covid-19 First-Aid<span class=\"post-format-icon minor-meta\"><\/span><\/a><\/h2><span class=\"blog-categories minor-meta\"><a href=\"https:\/\/www.144.ch\/it\/category\/news\/\" rel=\"tag\">News<\/a><\/span><\/div><\/header><span class=\"av-vertical-delimiter\"><\/span><div class=\"entry-content\" ><p>COVID-19; Svolgimento corsi e scadenza certificati<\/p>\n<div class=\"read-more-link\"><a href=\"https:\/\/www.144.ch\/it\/covid-19-first-aid\/\" class=\"more-link\">Continua a leggere<span class='more-link-arrow avia-svg-icon avia-font-svg_entypo-fontello' data-av_svg_icon='right-open-big' data-av_iconset='svg_entypo-fontello'><svg version=\"1.1\" xmlns=\"http:\/\/www.w3.org\/2000\/svg\" width=\"15\" height=\"32\" viewBox=\"0 0 15 32\" preserveAspectRatio=\"xMidYMid meet\" role=\"graphics-symbol\" aria-hidden=\"true\">\n<path d=\"M0.416 27.84l11.456-11.84-11.456-11.904q-0.832-0.832 0-1.536 0.832-0.832 1.536 0l12.544 12.608q0.768 0.832 0 1.6l-12.544 12.608q-0.704 0.832-1.536 0-0.832-0.704 0-1.536z\"><\/path>\n<\/svg><\/span><\/a><\/div>\n<\/div><span class=\"post-meta-infos\"><time class=\"date-container minor-meta updated\" >21. Settembre 2021<\/time><\/span><footer class=\"entry-footer\"><\/footer><div class='post_delimiter'><\/div><\/div><div class=\"post_author_timeline\"><\/div><\/article><article class=\"post-entry post-entry-type-standard post-entry-24964 post-loop-53 post-parity-odd single-small with-slider post-24964 post type-post status-publish format-standard has-post-thumbnail hentry category-news\" ><div class=\"blog-meta\"><a href='https:\/\/www.144.ch\/it\/ekg-mit-stemi-zeichen-nach-rosc\/' class='small-preview'  title=\"News_Klinik&amp;Wissenschaft\"  ><img decoding=\"async\" loading=\"lazy\" width=\"180\" height=\"180\" src=\"https:\/\/www.144.ch\/wp-content\/uploads\/2021\/06\/News_KlinikWissenschaft-180x180.jpg\" class=\"wp-image-24879 avia-img-lazy-loading-24879 attachment-square size-square wp-post-image\" alt=\"\" srcset=\"https:\/\/www.144.ch\/wp-content\/uploads\/2021\/06\/News_KlinikWissenschaft-180x180.jpg 180w, https:\/\/www.144.ch\/wp-content\/uploads\/2021\/06\/News_KlinikWissenschaft-80x80.jpg 80w, https:\/\/www.144.ch\/wp-content\/uploads\/2021\/06\/News_KlinikWissenschaft-36x36.jpg 36w, https:\/\/www.144.ch\/wp-content\/uploads\/2021\/06\/News_KlinikWissenschaft-100x100.jpg 100w, https:\/\/www.144.ch\/wp-content\/uploads\/2021\/06\/News_KlinikWissenschaft-300x300.jpg 300w\" sizes=\"auto, (max-width: 180px) 100vw, 180px\" \/><span class='iconfont avia-svg-icon avia-font-svg_entypo-fontello' data-av_svg_icon='pencil' data-av_iconset='svg_entypo-fontello' ><svg version=\"1.1\" xmlns=\"http:\/\/www.w3.org\/2000\/svg\" width=\"25\" height=\"32\" viewBox=\"0 0 25 32\" preserveAspectRatio=\"xMidYMid meet\" role=\"graphics-symbol\" aria-hidden=\"true\">\n<path d=\"M22.976 5.44q1.024 1.024 1.504 2.048t0.48 1.536v0.512l-8.064 8.064-9.28 9.216-7.616 1.664 1.6-7.68 9.28-9.216 8.064-8.064q1.728-0.384 4.032 1.92zM7.168 25.92l0.768-0.768q-0.064-1.408-1.664-3.008-0.704-0.704-1.44-1.12t-1.12-0.416l-0.448-0.064-0.704 0.768-0.576 2.56q0.896 0.512 1.472 1.088 0.768 0.768 1.152 1.536z\"><\/path>\n<\/svg><\/span><\/a><\/div><div class='entry-content-wrapper clearfix standard-content'><header class=\"entry-content-header\" aria-label=\"Post: ECG con segni di STEMI dopo ROSC\"><div class=\"av-heading-wrapper\"><h2 class='post-title entry-title ' ><a href=\"https:\/\/www.144.ch\/it\/ekg-mit-stemi-zeichen-nach-rosc\/\" rel=\"bookmark\" title=\"Link Permanente: ECG con segni di STEMI dopo ROSC\">ECG con segni di STEMI dopo ROSC<span class=\"post-format-icon minor-meta\"><\/span><\/a><\/h2><span class=\"blog-categories minor-meta\"><a href=\"https:\/\/www.144.ch\/it\/category\/news\/\" rel=\"tag\">News<\/a><\/span><\/div><\/header><span class=\"av-vertical-delimiter\"><\/span><div class=\"entry-content\" ><p>Ad inizio anno \u00e8 stato pubblicato su JAMA lo studio PEACE \u00e8 stato appena pubblicato (accesso aperto) ed \u00e8 disponibile per tutti. Di cosa si tratta? Le linee guida internazionali raccomandano un ECG a 12 derivazioni dopo ROSC (Return of spontaneous circulation), ma l&#8217;intervallo di tempo tra il ripristino della circolazione spontanea e l\u2019esecuzione dell&#8217;ECG [&hellip;]<\/p>\n<div class=\"read-more-link\"><a href=\"https:\/\/www.144.ch\/it\/ekg-mit-stemi-zeichen-nach-rosc\/\" class=\"more-link\">Continua a leggere<span class='more-link-arrow avia-svg-icon avia-font-svg_entypo-fontello' data-av_svg_icon='right-open-big' data-av_iconset='svg_entypo-fontello'><svg version=\"1.1\" xmlns=\"http:\/\/www.w3.org\/2000\/svg\" width=\"15\" height=\"32\" viewBox=\"0 0 15 32\" preserveAspectRatio=\"xMidYMid meet\" role=\"graphics-symbol\" aria-hidden=\"true\">\n<path d=\"M0.416 27.84l11.456-11.84-11.456-11.904q-0.832-0.832 0-1.536 0.832-0.832 1.536 0l12.544 12.608q0.768 0.832 0 1.6l-12.544 12.608q-0.704 0.832-1.536 0-0.832-0.704 0-1.536z\"><\/path>\n<\/svg><\/span><\/a><\/div>\n<\/div><span class=\"post-meta-infos\"><time class=\"date-container minor-meta updated\" >21. Giugno 2021<\/time><\/span><footer class=\"entry-footer\"><\/footer><div class='post_delimiter'><\/div><\/div><div class=\"post_author_timeline\"><\/div><\/article><article class=\"post-entry post-entry-type-standard post-entry-18305 post-loop-54 post-parity-even single-small with-slider post-18305 post type-post status-publish format-standard has-post-thumbnail hentry category-news\" ><div class=\"blog-meta\"><a href='https:\/\/www.144.ch\/it\/stroke\/' class='small-preview'  title=\"News_Klinik&amp;Wissenschaft\"  ><img decoding=\"async\" loading=\"lazy\" width=\"180\" height=\"180\" src=\"https:\/\/www.144.ch\/wp-content\/uploads\/2021\/06\/News_KlinikWissenschaft-180x180.jpg\" class=\"wp-image-24879 avia-img-lazy-loading-24879 attachment-square size-square wp-post-image\" alt=\"\" srcset=\"https:\/\/www.144.ch\/wp-content\/uploads\/2021\/06\/News_KlinikWissenschaft-180x180.jpg 180w, https:\/\/www.144.ch\/wp-content\/uploads\/2021\/06\/News_KlinikWissenschaft-80x80.jpg 80w, https:\/\/www.144.ch\/wp-content\/uploads\/2021\/06\/News_KlinikWissenschaft-36x36.jpg 36w, https:\/\/www.144.ch\/wp-content\/uploads\/2021\/06\/News_KlinikWissenschaft-100x100.jpg 100w, https:\/\/www.144.ch\/wp-content\/uploads\/2021\/06\/News_KlinikWissenschaft-300x300.jpg 300w\" sizes=\"auto, (max-width: 180px) 100vw, 180px\" \/><span class='iconfont avia-svg-icon avia-font-svg_entypo-fontello' data-av_svg_icon='pencil' data-av_iconset='svg_entypo-fontello' ><svg version=\"1.1\" xmlns=\"http:\/\/www.w3.org\/2000\/svg\" width=\"25\" height=\"32\" viewBox=\"0 0 25 32\" preserveAspectRatio=\"xMidYMid meet\" role=\"graphics-symbol\" aria-hidden=\"true\">\n<path d=\"M22.976 5.44q1.024 1.024 1.504 2.048t0.48 1.536v0.512l-8.064 8.064-9.28 9.216-7.616 1.664 1.6-7.68 9.28-9.216 8.064-8.064q1.728-0.384 4.032 1.92zM7.168 25.92l0.768-0.768q-0.064-1.408-1.664-3.008-0.704-0.704-1.44-1.12t-1.12-0.416l-0.448-0.064-0.704 0.768-0.576 2.56q0.896 0.512 1.472 1.088 0.768 0.768 1.152 1.536z\"><\/path>\n<\/svg><\/span><\/a><\/div><div class='entry-content-wrapper clearfix standard-content'><header class=\"entry-content-header\" aria-label=\"Post: Stroke (Update 6\/2021)\"><div class=\"av-heading-wrapper\"><h2 class='post-title entry-title ' ><a href=\"https:\/\/www.144.ch\/it\/stroke\/\" rel=\"bookmark\" title=\"Link Permanente: Stroke (Update 6\/2021)\">Stroke (Update 6\/2021)<span class=\"post-format-icon minor-meta\"><\/span><\/a><\/h2><span class=\"blog-categories minor-meta\"><a href=\"https:\/\/www.144.ch\/it\/category\/news\/\" rel=\"tag\">News<\/a><\/span><\/div><\/header><span class=\"av-vertical-delimiter\"><\/span><div class=\"entry-content\" ><p>L\u2019ictus (stroke) rientra tra le condizioni patologiche il cui decorso \u00e8 strettamente legato al fattore tempo e per le quali la tempestivit\u00e0 della risposta terapeutica svolge un ruolo decisivo sull\u2019esito finale del paziente. Insieme alla Societ\u00e0 Cerebrovascolare Svizzera, alla Societ\u00e0 Svizzera di Medicina d\u2019Urgenza e di Salvataggio, alla Societ\u00e0 Svizzera di Neurologia e all\u2019Associazione Svizzera [&hellip;]<\/p>\n<div class=\"read-more-link\"><a href=\"https:\/\/www.144.ch\/it\/stroke\/\" class=\"more-link\">Continua a leggere<span class='more-link-arrow avia-svg-icon avia-font-svg_entypo-fontello' data-av_svg_icon='right-open-big' data-av_iconset='svg_entypo-fontello'><svg version=\"1.1\" xmlns=\"http:\/\/www.w3.org\/2000\/svg\" width=\"15\" height=\"32\" viewBox=\"0 0 15 32\" preserveAspectRatio=\"xMidYMid meet\" role=\"graphics-symbol\" aria-hidden=\"true\">\n<path d=\"M0.416 27.84l11.456-11.84-11.456-11.904q-0.832-0.832 0-1.536 0.832-0.832 1.536 0l12.544 12.608q0.768 0.832 0 1.6l-12.544 12.608q-0.704 0.832-1.536 0-0.832-0.704 0-1.536z\"><\/path>\n<\/svg><\/span><\/a><\/div>\n<\/div><span class=\"post-meta-infos\"><time class=\"date-container minor-meta updated\" >10. Giugno 2021<\/time><\/span><footer class=\"entry-footer\"><\/footer><div class='post_delimiter'><\/div><\/div><div class=\"post_author_timeline\"><\/div><\/article><article class=\"post-entry post-entry-type-standard post-entry-23965 post-loop-55 post-parity-odd single-small with-slider post-23965 post type-post status-publish format-standard has-post-thumbnail hentry category-news\" ><div class=\"blog-meta\"><a href='https:\/\/www.144.ch\/it\/wissenschaftliche-publikation-swissreca\/' class='small-preview'  title=\"News_Klinik&amp;Wissenschaft\"  ><img decoding=\"async\" loading=\"lazy\" width=\"180\" height=\"180\" src=\"https:\/\/www.144.ch\/wp-content\/uploads\/2021\/06\/News_KlinikWissenschaft-180x180.jpg\" class=\"wp-image-24879 avia-img-lazy-loading-24879 attachment-square size-square wp-post-image\" alt=\"\" srcset=\"https:\/\/www.144.ch\/wp-content\/uploads\/2021\/06\/News_KlinikWissenschaft-180x180.jpg 180w, https:\/\/www.144.ch\/wp-content\/uploads\/2021\/06\/News_KlinikWissenschaft-80x80.jpg 80w, https:\/\/www.144.ch\/wp-content\/uploads\/2021\/06\/News_KlinikWissenschaft-36x36.jpg 36w, https:\/\/www.144.ch\/wp-content\/uploads\/2021\/06\/News_KlinikWissenschaft-100x100.jpg 100w, https:\/\/www.144.ch\/wp-content\/uploads\/2021\/06\/News_KlinikWissenschaft-300x300.jpg 300w\" sizes=\"auto, (max-width: 180px) 100vw, 180px\" \/><span class='iconfont avia-svg-icon avia-font-svg_entypo-fontello' data-av_svg_icon='pencil' data-av_iconset='svg_entypo-fontello' ><svg version=\"1.1\" xmlns=\"http:\/\/www.w3.org\/2000\/svg\" width=\"25\" height=\"32\" viewBox=\"0 0 25 32\" preserveAspectRatio=\"xMidYMid meet\" role=\"graphics-symbol\" aria-hidden=\"true\">\n<path d=\"M22.976 5.44q1.024 1.024 1.504 2.048t0.48 1.536v0.512l-8.064 8.064-9.28 9.216-7.616 1.664 1.6-7.68 9.28-9.216 8.064-8.064q1.728-0.384 4.032 1.92zM7.168 25.92l0.768-0.768q-0.064-1.408-1.664-3.008-0.704-0.704-1.44-1.12t-1.12-0.416l-0.448-0.064-0.704 0.768-0.576 2.56q0.896 0.512 1.472 1.088 0.768 0.768 1.152 1.536z\"><\/path>\n<\/svg><\/span><\/a><\/div><div class='entry-content-wrapper clearfix standard-content'><header class=\"entry-content-header\" aria-label=\"Post: Pubblicazione scientifica SWISSRECA\"><div class=\"av-heading-wrapper\"><h2 class='post-title entry-title ' ><a href=\"https:\/\/www.144.ch\/it\/wissenschaftliche-publikation-swissreca\/\" rel=\"bookmark\" title=\"Link Permanente: Pubblicazione scientifica SWISSRECA\">Pubblicazione scientifica SWISSRECA<span class=\"post-format-icon minor-meta\"><\/span><\/a><\/h2><span class=\"blog-categories minor-meta\"><a href=\"https:\/\/www.144.ch\/it\/category\/news\/\" rel=\"tag\">News<\/a><\/span><\/div><\/header><span class=\"av-vertical-delimiter\"><\/span><div class=\"entry-content\" ><p>Con grande piacere vi inoltro lo studio &#8220;Out-of-hospital cardiac arrests and mortality in Swiss Cantons with high and low COVID-19 incidence: A nationwide analysis&#8221; apparso su Resuscitation Plus e che costituisce la prima pubblicazione di dati SWISSRECA. A nome mio e del Prof. Angelo Auricchio, Direttore scientifico di Fondazione Ticino Cuore, desidero ringraziarvi per la [&hellip;]<\/p>\n<div class=\"read-more-link\"><a href=\"https:\/\/www.144.ch\/it\/wissenschaftliche-publikation-swissreca\/\" class=\"more-link\">Continua a leggere<span class='more-link-arrow avia-svg-icon avia-font-svg_entypo-fontello' data-av_svg_icon='right-open-big' data-av_iconset='svg_entypo-fontello'><svg version=\"1.1\" xmlns=\"http:\/\/www.w3.org\/2000\/svg\" width=\"15\" height=\"32\" viewBox=\"0 0 15 32\" preserveAspectRatio=\"xMidYMid meet\" role=\"graphics-symbol\" aria-hidden=\"true\">\n<path d=\"M0.416 27.84l11.456-11.84-11.456-11.904q-0.832-0.832 0-1.536 0.832-0.832 1.536 0l12.544 12.608q0.768 0.832 0 1.6l-12.544 12.608q-0.704 0.832-1.536 0-0.832-0.704 0-1.536z\"><\/path>\n<\/svg><\/span><\/a><\/div>\n<\/div><span class=\"post-meta-infos\"><time class=\"date-container minor-meta updated\" >12. Marzo 2021<\/time><\/span><footer class=\"entry-footer\"><\/footer><div class='post_delimiter'><\/div><\/div><div class=\"post_author_timeline\"><\/div><\/article><article class=\"post-entry post-entry-type-standard post-entry-21623 post-loop-56 post-parity-even single-small with-slider post-21623 post type-post status-publish format-standard has-post-thumbnail hentry category-news\" ><div class=\"blog-meta\"><a href='https:\/\/www.144.ch\/it\/la-presa-a-carico-preospedaliera-dellarresto-cardiaco-in-europa\/' class='small-preview'  title=\"News_Klinik&amp;Wissenschaft\"  ><img decoding=\"async\" loading=\"lazy\" width=\"180\" height=\"180\" src=\"https:\/\/www.144.ch\/wp-content\/uploads\/2021\/06\/News_KlinikWissenschaft-180x180.jpg\" class=\"wp-image-24879 avia-img-lazy-loading-24879 attachment-square size-square wp-post-image\" alt=\"\" srcset=\"https:\/\/www.144.ch\/wp-content\/uploads\/2021\/06\/News_KlinikWissenschaft-180x180.jpg 180w, https:\/\/www.144.ch\/wp-content\/uploads\/2021\/06\/News_KlinikWissenschaft-80x80.jpg 80w, https:\/\/www.144.ch\/wp-content\/uploads\/2021\/06\/News_KlinikWissenschaft-36x36.jpg 36w, https:\/\/www.144.ch\/wp-content\/uploads\/2021\/06\/News_KlinikWissenschaft-100x100.jpg 100w, https:\/\/www.144.ch\/wp-content\/uploads\/2021\/06\/News_KlinikWissenschaft-300x300.jpg 300w\" sizes=\"auto, (max-width: 180px) 100vw, 180px\" \/><span class='iconfont avia-svg-icon avia-font-svg_entypo-fontello' data-av_svg_icon='pencil' data-av_iconset='svg_entypo-fontello' ><svg version=\"1.1\" xmlns=\"http:\/\/www.w3.org\/2000\/svg\" width=\"25\" height=\"32\" viewBox=\"0 0 25 32\" preserveAspectRatio=\"xMidYMid meet\" role=\"graphics-symbol\" aria-hidden=\"true\">\n<path d=\"M22.976 5.44q1.024 1.024 1.504 2.048t0.48 1.536v0.512l-8.064 8.064-9.28 9.216-7.616 1.664 1.6-7.68 9.28-9.216 8.064-8.064q1.728-0.384 4.032 1.92zM7.168 25.92l0.768-0.768q-0.064-1.408-1.664-3.008-0.704-0.704-1.44-1.12t-1.12-0.416l-0.448-0.064-0.704 0.768-0.576 2.56q0.896 0.512 1.472 1.088 0.768 0.768 1.152 1.536z\"><\/path>\n<\/svg><\/span><\/a><\/div><div class='entry-content-wrapper clearfix standard-content'><header class=\"entry-content-header\" aria-label=\"Post: La presa a carico preospedaliera dell&#8217;arresto cardiaco in Europa\"><div class=\"av-heading-wrapper\"><h2 class='post-title entry-title ' ><a href=\"https:\/\/www.144.ch\/it\/la-presa-a-carico-preospedaliera-dellarresto-cardiaco-in-europa\/\" rel=\"bookmark\" title=\"Link Permanente: La presa a carico preospedaliera dell&#8217;arresto cardiaco in Europa\">La presa a carico preospedaliera dell&#8217;arresto cardiaco in Europa<span class=\"post-format-icon minor-meta\"><\/span><\/a><\/h2><span class=\"blog-categories minor-meta\"><a href=\"https:\/\/www.144.ch\/it\/category\/news\/\" rel=\"tag\">News<\/a><\/span><\/div><\/header><span class=\"av-vertical-delimiter\"><\/span><div class=\"entry-content\" ><p>Qual \u00e8 la figura professionale pi\u00f9 rappresentata nel sistema di soccorso svizzero? I nostri elicotteri di soccorso sono gli unici ad essere disponibili 24\/ 7?\u00a0 Tutte le centrali per l&#8217;allarme sanitario urgente utilizzano algoritmi di interrogazione standardizzati? Scoprite la posizione della Svizzera nella gestione pre-ospedaliera dell&#8217;arresto cardiaco rispetto ai Paesi europei. Nella panoramica pubblicata il [&hellip;]<\/p>\n<div class=\"read-more-link\"><a href=\"https:\/\/www.144.ch\/it\/la-presa-a-carico-preospedaliera-dellarresto-cardiaco-in-europa\/\" class=\"more-link\">Continua a leggere<span class='more-link-arrow avia-svg-icon avia-font-svg_entypo-fontello' data-av_svg_icon='right-open-big' data-av_iconset='svg_entypo-fontello'><svg version=\"1.1\" xmlns=\"http:\/\/www.w3.org\/2000\/svg\" width=\"15\" height=\"32\" viewBox=\"0 0 15 32\" preserveAspectRatio=\"xMidYMid meet\" role=\"graphics-symbol\" aria-hidden=\"true\">\n<path d=\"M0.416 27.84l11.456-11.84-11.456-11.904q-0.832-0.832 0-1.536 0.832-0.832 1.536 0l12.544 12.608q0.768 0.832 0 1.6l-12.544 12.608q-0.704 0.832-1.536 0-0.832-0.704 0-1.536z\"><\/path>\n<\/svg><\/span><\/a><\/div>\n<\/div><span class=\"post-meta-infos\"><time class=\"date-container minor-meta updated\" >27. Ottobre 2020<\/time><\/span><footer class=\"entry-footer\"><\/footer><div class='post_delimiter'><\/div><\/div><div class=\"post_author_timeline\"><\/div><\/article><article class=\"post-entry post-entry-type-standard post-entry-21294 post-loop-57 post-parity-odd single-small with-slider post-21294 post type-post status-publish format-standard has-post-thumbnail hentry category-news\" ><div class=\"blog-meta\"><a href='https:\/\/www.144.ch\/it\/zehn-thesen-zur-verbesserung-der-qualitaet-der-paediatrischen-reanimation-in-dach-laendern\/' class='small-preview'  title=\"News_Klinik&amp;Wissenschaft\"  ><img decoding=\"async\" loading=\"lazy\" width=\"180\" height=\"180\" src=\"https:\/\/www.144.ch\/wp-content\/uploads\/2021\/06\/News_KlinikWissenschaft-180x180.jpg\" class=\"wp-image-24879 avia-img-lazy-loading-24879 attachment-square size-square wp-post-image\" alt=\"\" srcset=\"https:\/\/www.144.ch\/wp-content\/uploads\/2021\/06\/News_KlinikWissenschaft-180x180.jpg 180w, https:\/\/www.144.ch\/wp-content\/uploads\/2021\/06\/News_KlinikWissenschaft-80x80.jpg 80w, https:\/\/www.144.ch\/wp-content\/uploads\/2021\/06\/News_KlinikWissenschaft-36x36.jpg 36w, https:\/\/www.144.ch\/wp-content\/uploads\/2021\/06\/News_KlinikWissenschaft-100x100.jpg 100w, https:\/\/www.144.ch\/wp-content\/uploads\/2021\/06\/News_KlinikWissenschaft-300x300.jpg 300w\" sizes=\"auto, (max-width: 180px) 100vw, 180px\" \/><span class='iconfont avia-svg-icon avia-font-svg_entypo-fontello' data-av_svg_icon='pencil' data-av_iconset='svg_entypo-fontello' ><svg version=\"1.1\" xmlns=\"http:\/\/www.w3.org\/2000\/svg\" width=\"25\" height=\"32\" viewBox=\"0 0 25 32\" preserveAspectRatio=\"xMidYMid meet\" role=\"graphics-symbol\" aria-hidden=\"true\">\n<path d=\"M22.976 5.44q1.024 1.024 1.504 2.048t0.48 1.536v0.512l-8.064 8.064-9.28 9.216-7.616 1.664 1.6-7.68 9.28-9.216 8.064-8.064q1.728-0.384 4.032 1.92zM7.168 25.92l0.768-0.768q-0.064-1.408-1.664-3.008-0.704-0.704-1.44-1.12t-1.12-0.416l-0.448-0.064-0.704 0.768-0.576 2.56q0.896 0.512 1.472 1.088 0.768 0.768 1.152 1.536z\"><\/path>\n<\/svg><\/span><\/a><\/div><div class='entry-content-wrapper clearfix standard-content'><header class=\"entry-content-header\" aria-label=\"Post: Rianimazione pediatrica: 10 tesi\"><div class=\"av-heading-wrapper\"><h2 class='post-title entry-title ' ><a href=\"https:\/\/www.144.ch\/it\/zehn-thesen-zur-verbesserung-der-qualitaet-der-paediatrischen-reanimation-in-dach-laendern\/\" rel=\"bookmark\" title=\"Link Permanente: Rianimazione pediatrica: 10 tesi\">Rianimazione pediatrica: 10 tesi<span class=\"post-format-icon minor-meta\"><\/span><\/a><\/h2><span class=\"blog-categories minor-meta\"><a href=\"https:\/\/www.144.ch\/it\/category\/news\/\" rel=\"tag\">News<\/a><\/span><\/div><\/header><span class=\"av-vertical-delimiter\"><\/span><div class=\"entry-content\" ><p>Le dieci tesi che seguono intendono fornire il quadro d&#8217;azione per un riorientamento globale, fondamentale e interprofessionale delle strutture cliniche e organizzative relative alla rianimazione e alla cura post-rianimazione dei bambini. Le seguenti tesi e i principi di base sono approvati anche dai concili di rianimazione austriaco, svizzero e tedesco (ARC, CRS, GRC). Alla pubblicazione<\/p>\n<div class=\"read-more-link\"><a href=\"https:\/\/www.144.ch\/it\/zehn-thesen-zur-verbesserung-der-qualitaet-der-paediatrischen-reanimation-in-dach-laendern\/\" class=\"more-link\">Continua a leggere<span class='more-link-arrow avia-svg-icon avia-font-svg_entypo-fontello' data-av_svg_icon='right-open-big' data-av_iconset='svg_entypo-fontello'><svg version=\"1.1\" xmlns=\"http:\/\/www.w3.org\/2000\/svg\" width=\"15\" height=\"32\" viewBox=\"0 0 15 32\" preserveAspectRatio=\"xMidYMid meet\" role=\"graphics-symbol\" aria-hidden=\"true\">\n<path d=\"M0.416 27.84l11.456-11.84-11.456-11.904q-0.832-0.832 0-1.536 0.832-0.832 1.536 0l12.544 12.608q0.768 0.832 0 1.6l-12.544 12.608q-0.704 0.832-1.536 0-0.832-0.704 0-1.536z\"><\/path>\n<\/svg><\/span><\/a><\/div>\n<\/div><span class=\"post-meta-infos\"><time class=\"date-container minor-meta updated\" >15. Ottobre 2020<\/time><\/span><footer class=\"entry-footer\"><\/footer><div class='post_delimiter'><\/div><\/div><div class=\"post_author_timeline\"><\/div><\/article><article class=\"post-entry post-entry-type-standard post-entry-18293 post-loop-58 post-parity-even single-small with-slider post-18293 post type-post status-publish format-standard has-post-thumbnail hentry category-news\" ><div class=\"blog-meta\"><a href='https:\/\/www.144.ch\/it\/swissreca\/' class='small-preview'  title=\"News_Klinik&amp;Wissenschaft\"  ><img decoding=\"async\" loading=\"lazy\" width=\"180\" height=\"180\" src=\"https:\/\/www.144.ch\/wp-content\/uploads\/2021\/06\/News_KlinikWissenschaft-180x180.jpg\" class=\"wp-image-24879 avia-img-lazy-loading-24879 attachment-square size-square wp-post-image\" alt=\"\" srcset=\"https:\/\/www.144.ch\/wp-content\/uploads\/2021\/06\/News_KlinikWissenschaft-180x180.jpg 180w, https:\/\/www.144.ch\/wp-content\/uploads\/2021\/06\/News_KlinikWissenschaft-80x80.jpg 80w, https:\/\/www.144.ch\/wp-content\/uploads\/2021\/06\/News_KlinikWissenschaft-36x36.jpg 36w, https:\/\/www.144.ch\/wp-content\/uploads\/2021\/06\/News_KlinikWissenschaft-100x100.jpg 100w, https:\/\/www.144.ch\/wp-content\/uploads\/2021\/06\/News_KlinikWissenschaft-300x300.jpg 300w\" sizes=\"auto, (max-width: 180px) 100vw, 180px\" \/><span class='iconfont avia-svg-icon avia-font-svg_entypo-fontello' data-av_svg_icon='pencil' data-av_iconset='svg_entypo-fontello' ><svg version=\"1.1\" xmlns=\"http:\/\/www.w3.org\/2000\/svg\" width=\"25\" height=\"32\" viewBox=\"0 0 25 32\" preserveAspectRatio=\"xMidYMid meet\" role=\"graphics-symbol\" aria-hidden=\"true\">\n<path d=\"M22.976 5.44q1.024 1.024 1.504 2.048t0.48 1.536v0.512l-8.064 8.064-9.28 9.216-7.616 1.664 1.6-7.68 9.28-9.216 8.064-8.064q1.728-0.384 4.032 1.92zM7.168 25.92l0.768-0.768q-0.064-1.408-1.664-3.008-0.704-0.704-1.44-1.12t-1.12-0.416l-0.448-0.064-0.704 0.768-0.576 2.56q0.896 0.512 1.472 1.088 0.768 0.768 1.152 1.536z\"><\/path>\n<\/svg><\/span><\/a><\/div><div class='entry-content-wrapper clearfix standard-content'><header class=\"entry-content-header\" aria-label=\"Post: SWISSRECA\"><div class=\"av-heading-wrapper\"><h2 class='post-title entry-title ' ><a href=\"https:\/\/www.144.ch\/it\/swissreca\/\" rel=\"bookmark\" title=\"Link Permanente: SWISSRECA\">SWISSRECA<span class=\"post-format-icon minor-meta\"><\/span><\/a><\/h2><span class=\"blog-categories minor-meta\"><a href=\"https:\/\/www.144.ch\/it\/category\/news\/\" rel=\"tag\">News<\/a><\/span><\/div><\/header><span class=\"av-vertical-delimiter\"><\/span><div class=\"entry-content\" ><p>Da maggio 2020 SWISSRECA misura per ciascun caso la probabilit\u00e0 di ritorno della circolazione spontanea (Return of spontaneous circulation- ROSC) in base al punteggio UB-ROSC. Il valore calcolato \u00e8 ora visibile anche nella pagina iniziale di SWISSRECA, questo permette di identificare rapidamente quali registrazioni richiedono un&#8217;analisi approfondita<\/p>\n<div class=\"read-more-link\"><a href=\"https:\/\/www.144.ch\/it\/swissreca\/\" class=\"more-link\">Continua a leggere<span class='more-link-arrow avia-svg-icon avia-font-svg_entypo-fontello' data-av_svg_icon='right-open-big' data-av_iconset='svg_entypo-fontello'><svg version=\"1.1\" xmlns=\"http:\/\/www.w3.org\/2000\/svg\" width=\"15\" height=\"32\" viewBox=\"0 0 15 32\" preserveAspectRatio=\"xMidYMid meet\" role=\"graphics-symbol\" aria-hidden=\"true\">\n<path d=\"M0.416 27.84l11.456-11.84-11.456-11.904q-0.832-0.832 0-1.536 0.832-0.832 1.536 0l12.544 12.608q0.768 0.832 0 1.6l-12.544 12.608q-0.704 0.832-1.536 0-0.832-0.704 0-1.536z\"><\/path>\n<\/svg><\/span><\/a><\/div>\n<\/div><span class=\"post-meta-infos\"><time class=\"date-container minor-meta updated\" >26. Agosto 2020<\/time><\/span><footer class=\"entry-footer\"><\/footer><div class='post_delimiter'><\/div><\/div><div class=\"post_author_timeline\"><\/div><\/article><article class=\"post-entry post-entry-type-standard post-entry-21333 post-loop-59 post-parity-odd post-entry-last single-small with-slider post-21333 post type-post status-publish format-standard has-post-thumbnail hentry category-news\" ><div class=\"blog-meta\"><a href='https:\/\/www.144.ch\/it\/nationale-ueberlebensstrategie-src\/' class='small-preview'  title=\"News_Klinik&amp;Wissenschaft\"  ><img decoding=\"async\" loading=\"lazy\" width=\"180\" height=\"180\" src=\"https:\/\/www.144.ch\/wp-content\/uploads\/2021\/06\/News_KlinikWissenschaft-180x180.jpg\" class=\"wp-image-24879 avia-img-lazy-loading-24879 attachment-square size-square wp-post-image\" alt=\"\" srcset=\"https:\/\/www.144.ch\/wp-content\/uploads\/2021\/06\/News_KlinikWissenschaft-180x180.jpg 180w, https:\/\/www.144.ch\/wp-content\/uploads\/2021\/06\/News_KlinikWissenschaft-80x80.jpg 80w, https:\/\/www.144.ch\/wp-content\/uploads\/2021\/06\/News_KlinikWissenschaft-36x36.jpg 36w, https:\/\/www.144.ch\/wp-content\/uploads\/2021\/06\/News_KlinikWissenschaft-100x100.jpg 100w, https:\/\/www.144.ch\/wp-content\/uploads\/2021\/06\/News_KlinikWissenschaft-300x300.jpg 300w\" sizes=\"auto, (max-width: 180px) 100vw, 180px\" \/><span class='iconfont avia-svg-icon avia-font-svg_entypo-fontello' data-av_svg_icon='pencil' data-av_iconset='svg_entypo-fontello' ><svg version=\"1.1\" xmlns=\"http:\/\/www.w3.org\/2000\/svg\" width=\"25\" height=\"32\" viewBox=\"0 0 25 32\" preserveAspectRatio=\"xMidYMid meet\" role=\"graphics-symbol\" aria-hidden=\"true\">\n<path d=\"M22.976 5.44q1.024 1.024 1.504 2.048t0.48 1.536v0.512l-8.064 8.064-9.28 9.216-7.616 1.664 1.6-7.68 9.28-9.216 8.064-8.064q1.728-0.384 4.032 1.92zM7.168 25.92l0.768-0.768q-0.064-1.408-1.664-3.008-0.704-0.704-1.44-1.12t-1.12-0.416l-0.448-0.064-0.704 0.768-0.576 2.56q0.896 0.512 1.472 1.088 0.768 0.768 1.152 1.536z\"><\/path>\n<\/svg><\/span><\/a><\/div><div class='entry-content-wrapper clearfix standard-content'><header class=\"entry-content-header\" aria-label=\"Post: Strategia nazionale SRC\"><div class=\"av-heading-wrapper\"><h2 class='post-title entry-title ' ><a href=\"https:\/\/www.144.ch\/it\/nationale-ueberlebensstrategie-src\/\" rel=\"bookmark\" title=\"Link Permanente: Strategia nazionale SRC\">Strategia nazionale SRC<span class=\"post-format-icon minor-meta\"><\/span><\/a><\/h2><span class=\"blog-categories minor-meta\"><a href=\"https:\/\/www.144.ch\/it\/category\/news\/\" rel=\"tag\">News<\/a><\/span><\/div><\/header><span class=\"av-vertical-delimiter\"><\/span><div class=\"entry-content\" ><p>La &#8220;Strategia nazionale di sopravvivenza in caso di arresto cardiaco&#8221; \u00e8 uno strumento con orientamento scientifico e allo stesso tempo pratico, che mira a guidare in modo adeguato le attivit\u00e0 dei vari attori coinvolti e a condurli al miglior risultato possibile. L&#8217;obiettivo \u00e8 quello di aumentare le possibilit\u00e0 di sopravvivenza con un buon esito neurologico [&hellip;]<\/p>\n<div class=\"read-more-link\"><a href=\"https:\/\/www.144.ch\/it\/nationale-ueberlebensstrategie-src\/\" class=\"more-link\">Continua a leggere<span class='more-link-arrow avia-svg-icon avia-font-svg_entypo-fontello' data-av_svg_icon='right-open-big' data-av_iconset='svg_entypo-fontello'><svg version=\"1.1\" xmlns=\"http:\/\/www.w3.org\/2000\/svg\" width=\"15\" height=\"32\" viewBox=\"0 0 15 32\" preserveAspectRatio=\"xMidYMid meet\" role=\"graphics-symbol\" aria-hidden=\"true\">\n<path d=\"M0.416 27.84l11.456-11.84-11.456-11.904q-0.832-0.832 0-1.536 0.832-0.832 1.536 0l12.544 12.608q0.768 0.832 0 1.6l-12.544 12.608q-0.704 0.832-1.536 0-0.832-0.704 0-1.536z\"><\/path>\n<\/svg><\/span><\/a><\/div>\n<\/div><span class=\"post-meta-infos\"><time class=\"date-container minor-meta updated\" >16. Ottobre 2019<\/time><\/span><footer class=\"entry-footer\"><\/footer><div class='post_delimiter'><\/div><\/div><div class=\"post_author_timeline\"><\/div><\/article><\/div><\/div>\n","protected":false},"excerpt":{"rendered":"","protected":false},"author":1,"featured_media":0,"parent":18017,"menu_order":6,"comment_status":"closed","ping_status":"closed","template":"","meta":{"_acf_changed":false,"_seopress_robots_primary_cat":"","_seopress_titles_title":"News e attualit\u00e0 dell\u2019Interassociazione di salvataggio IAS","_seopress_titles_desc":"Novit\u00e0 dell\u2019Interassociazione di salvataggio IAS. Per essere sempre aggiornati. Copriamo l\u2019intera catena di salvataggio.","_seopress_robots_index":"","footnotes":""},"folder":[],"class_list":["post-18173","page","type-page","status-publish","hentry"],"acf":[],"_links":{"self":[{"href":"https:\/\/www.144.ch\/it\/wp-json\/wp\/v2\/pages\/18173","targetHints":{"allow":["GET"]}}],"collection":[{"href":"https:\/\/www.144.ch\/it\/wp-json\/wp\/v2\/pages"}],"about":[{"href":"https:\/\/www.144.ch\/it\/wp-json\/wp\/v2\/types\/page"}],"author":[{"embeddable":true,"href":"https:\/\/www.144.ch\/it\/wp-json\/wp\/v2\/users\/1"}],"replies":[{"embeddable":true,"href":"https:\/\/www.144.ch\/it\/wp-json\/wp\/v2\/comments?post=18173"}],"version-history":[{"count":1,"href":"https:\/\/www.144.ch\/it\/wp-json\/wp\/v2\/pages\/18173\/revisions"}],"predecessor-version":[{"id":41738,"href":"https:\/\/www.144.ch\/it\/wp-json\/wp\/v2\/pages\/18173\/revisions\/41738"}],"up":[{"embeddable":true,"href":"https:\/\/www.144.ch\/it\/wp-json\/wp\/v2\/pages\/18017"}],"wp:attachment":[{"href":"https:\/\/www.144.ch\/it\/wp-json\/wp\/v2\/media?parent=18173"}],"wp:term":[{"taxonomy":"folder","embeddable":true,"href":"https:\/\/www.144.ch\/it\/wp-json\/wp\/v2\/folder?post=18173"}],"curies":[{"name":"wp","href":"https:\/\/api.w.org\/{rel}","templated":true}]}}